{"id":1003,"date":"2019-02-13T13:09:35","date_gmt":"2019-02-13T12:09:35","guid":{"rendered":"https:\/\/samhallsentreprenor.glokala.net\/2018-2019\/?page_id=1003"},"modified":"2019-02-13T13:09:35","modified_gmt":"2019-02-13T12:09:35","slug":"v-7-soka-pengar-projektbudget-och-sociala-bokslut","status":"publish","type":"page","link":"https:\/\/samhallsentreprenor.glokala.net\/2018-2019\/modul-3\/v-7-soka-pengar-projektbudget-och-sociala-bokslut\/","title":{"rendered":"v 7: S\u00f6ka pengar, projektbudget och sociala bokslut"},"content":{"rendered":"<p><strong>P\u00e5minnelse om <a href=\"https:\/\/samhallsentreprenor.glokala.net\/2018-2019\/modul-3\/v-5-fanga-intresset\/\">uppgift 6 \u201cPitch!\u201d<\/a><\/strong><br \/>Tid f\u00f6r inl\u00e4mning 13 februari i <a href=\"https:\/\/samhallsentreprenor.glokala.net\/2018-2019\/grupper\/upg-6-pitch\/\" target=\"_blank\" rel=\"noopener\">forumet f\u00f6r uppgiften \u2192<\/a><\/p>\n<p>:::::::::::::::::::::::::::::::::::<\/p>\n\n\n<h2 class=\"wp-block-heading\">Tema: S\u00f6ka pengar, projektbudget och sociala bokslut<\/h2>\n\n\n\n<p>Vi tittar n\u00e4rmare p\u00e5 finansiering f\u00f6r projekt, hur en projektbudget kan se ut och vad som kan vara bra att t\u00e4nka p\u00e5 kring en projektans\u00f6kan.<\/p>\n\n\n\n<div class=\"wp-block-file\"><a href=\"https:\/\/samhallsentreprenor.glokala.net\/2018-2019\/wp-content\/uploads\/2019\/02\/Soka_pengar_och_projektbudget.pdf\" target=\"_blank\" rel=\"noreferrer noopener\"><strong>Presentation: <\/strong>Att s\u00f6ka pengar och att skapa en projektbudget (pdf) <\/a><a href=\"https:\/\/samhallsentreprenor.glokala.net\/2018-2019\/wp-content\/uploads\/2019\/02\/Soka_pengar_och_projektbudget.pdf\" class=\"wp-block-file__button\" download>Ladda ner<\/a><\/div>\n\n\n\n<p><strong><a href=\"https:\/\/vimeo.com\/316996686\/34885b34e7\" target=\"_blank\" rel=\"noreferrer noopener\" aria-label=\"Video: (opens in a new tab)\">Video:<\/a><\/strong><\/p>\n\n\n\n<figure class=\"wp-block-embed-vimeo wp-block-embed is-type-video is-provider-vimeo wp-embed-aspect-16-9 wp-has-aspect-ratio\"><div class=\"wp-block-embed__wrapper\">\n<iframe loading=\"lazy\" title=\"Projekt: Att s\u00f6ka pengar och att skapa budget\" src=\"https:\/\/player.vimeo.com\/video\/316996686?h=34885b34e7&amp;dnt=1&amp;app_id=122963\" width=\"500\" height=\"281\" frameborder=\"0\" allow=\"autoplay; fullscreen; picture-in-picture; clipboard-write\"><\/iframe>\n<\/div><\/figure>\n\n\n\n<h4 class=\"wp-block-heading\"><strong>L\u00e4nkar och tips (bland annat fr\u00e5n presentationen sida 3-4):<\/strong><\/h4>\n\n\n\n<ul class=\"wp-block-list\"><li><strong>\u00d6versikt hos f\u00f6rening.se<\/strong> \u2013 st\u00f6d\/bidrag<br> <strong><a rel=\"noreferrer noopener\" href=\"http:\/\/forening.se\/pengar\/fonder\/\" target=\"_blank\">Finansiering \u2013 l\u00e4nkar till olika st\u00f6d genom fonder\/stiftelser<\/a><\/strong><br> Relevanta tips \u00e4ven f\u00f6r initiativ som inte drivs av just ideella f\u00f6reningar!<\/li><li><a rel=\"noreferrer noopener\" href=\"http:\/\/malmo.se\/Kultur--fritid\/Kultur--noje\/Kulturstod--stipendier\/Stipendier--priser\/Kulturkraft---stipendiet-for-unga.html\" target=\"_blank\"><strong>Malm\u00f6: Kulturkraft<\/strong><\/a><\/li><li><strong><a rel=\"noreferrer noopener\" href=\"https:\/\/www.businessregiongoteborg.se\/sv\/starta-foretag\/mojligheter-till-finansiering-och-stod-foretag\" target=\"_blank\">G\u00f6teborg: St\u00f6d och finansiering<\/a><\/strong><\/li><li><a rel=\"noreferrer noopener\" href=\"http:\/\/www.jordbruksverket.se\/amnesomraden\/landsbygdsutveckling\/lokaltleddutvecklingleaderochfiskeomraden\/lokaltleddutveckling20142020.4.23f3563314184096e0d4ec2.html\" target=\"_blank\"><strong>Lokalt ledd utveckling<\/strong><\/a>, st\u00f6d till landsbygdsutveckling<\/li><li><a rel=\"noreferrer noopener\" href=\"http:\/\/www.arvsfonden.se\/\" target=\"_blank\"><strong>Arvsfonden<\/strong><\/a><\/li><li><a rel=\"noreferrer noopener\" href=\"http:\/\/www.kulturbryggan.se\/\" target=\"_blank\"><strong>Kulturbryggan<\/strong><\/a><\/li><li><a rel=\"noreferrer noopener\" aria-label=\"Vinnova: Utveckla och testa en social innovation (opens in a new tab)\" href=\"https:\/\/www.vinnova.se\/e\/social-innovation-utveckla-och-testa\/steg-1-2019\/\" target=\"_blank\"><strong>Vinnova<\/strong>: Utveckla och testa en social innovation<\/a><\/li><li>Id\u00e9- \/ aff\u00e4rsid\u00e9t\u00e4vlingar. T.ex aktuella: <strong><a rel=\"noreferrer noopener\" aria-label=\"European Social Innovation Competition (opens in a new tab)\" href=\"https:\/\/www.eusic.org\/\" target=\"_blank\">European Social Innovation Competition<\/a><\/strong> (\u00e5rets omg\u00e5ng lanseras i slutet p\u00e5 februari)<\/li><li><strong><a rel=\"noreferrer noopener\" href=\"http:\/\/sweden.reachforchange.org\/sv\/\" target=\"_blank\">Reach for Change<\/a><a rel=\"noreferrer noopener\" href=\"https:\/\/www.ideerforlivet.se\/\" target=\"_blank\">Id\u00e9er f\u00f6r livet<\/a><\/strong><\/li><\/ul>\n\n\n\n<p><strong>Vi har lyft fram en del olika finansieringsm\u00f6jligheter, finns det fler som du t\u00e4nker p\u00e5, som kan vara bra tips?<\/strong><\/p>\n\n\n\n<p>::::::::::::::::::::::::::::::::::::::<\/p>\n\n\n\n<h4 class=\"wp-block-heading\">Lyssna: Budgettips och gemensamt \u00e4gande i R\u00f6st\u00e5nga!<\/h4>\n\n\n\n<p>Lyssna till en intervju med Nils Phillips \u2013 verksamhetsledare p\u00e5 Centrum f\u00f6r Publikt Entrepren\u00f6rskap (CPE) som st\u00f6ttar samh\u00e4llsentrepren\u00f6rskap i Sk\u00e5ne. I b\u00f6rjan delar Nils med\u00a0sig  av n\u00e5gra tips n\u00e4r det g\u00e4ller projektans\u00f6kningar och budgetering:<\/p>\n\n\n\n<figure class=\"wp-block-audio\"><audio controls src=\"https:\/\/samhallsentreprenor.glokala.net\/2018-2019\/wp-content\/uploads\/2019\/02\/Intervju_Nils_Phillips_Budget_Lokal_utveckling.mp3\"><\/audio><figcaption> <a rel=\"noreferrer noopener\" href=\"http:\/\/samhallsentreprenor.glokala.se\/arkiv\/Intervju_Nils_Phillips_Budget_Lokal_utveckling.mp3\" target=\"_blank\">Direktl\u00e4nk till mp3 (31:55 minuter, 58,4 mb) \u2192<\/a> <\/figcaption><\/figure>\n\n\n\n<div class=\"wp-block-image\"><figure class=\"alignright is-resized\"><img loading=\"lazy\" decoding=\"async\" src=\"https:\/\/samhallsentreprenor.glokala.net\/2018-2019\/wp-content\/uploads\/2019\/02\/IMG_5330-199x300.jpg\" alt=\"\" class=\"wp-image-1005\" width=\"119\" height=\"179\"\/><\/figure><\/div>\n\n\n\n<p>F\u00f6rutom att Nils jobbar p\u00e5 CPE \u00e4r\u00a0han \u00e4ven en av de drivande i det  lokala utvecklingsarbetet i R\u00f6st\u00e5nga. Han ber\u00e4ttar om den viktigaste  h\u00e5rdvalutan i det arbetet \u2013 tilliten m\u00e4nniskor emellan. De senaste \u00e5ren  har de startat <a rel=\"noreferrer noopener\" href=\"http:\/\/ruab.org\/\" target=\"_blank\">ett lokalt utvecklings-aktiebolag<\/a>  \u2013 och bland annat bl\u00e5st nytt liv i ett tidigare stationshus. Genom att  samla in kapital fr\u00e5n 400 personer som blev del\u00e4gare m\u00f6jliggjordes k\u00f6pet  av stationshuset, som hyrs ut och drivs som krog. <\/p>\n\n\n\n<figure class=\"wp-block-image\"><img decoding=\"async\" src=\"https:\/\/samhallsentreprenor.glokala.net\/2015-2016\/wp-content\/uploads\/2016\/02\/tillsammans.bmp\" alt=\"\"\/><\/figure>\n\n\n\n<h4 class=\"wp-block-heading\">::::::::::::::::::::::::::::::::::::::<\/h4>\n\n\n\n<h2 class=\"wp-block-heading\">F\u00f6rdjupande material kring finansiering:<\/h2>\n\n\n\n<p><strong>Ordlista med ekonomiska begrepp \u2013 <a rel=\"noreferrer noopener\" href=\"https:\/\/www.verksamt.se\/om-verksamt\/ordlista\" target=\"_blank\">l\u00e4nk till verksamt.se<\/a><\/strong><\/p>\n\n\n\n<p><a rel=\"noreferrer noopener\" href=\"http:\/\/samhallsentreprenor.glokala.net\/2016-2017\/wp-content\/uploads\/2017\/02\/Handbok-Att-lyckas-med-finansieringen.pdf\" target=\"_blank\"><strong>Handbok \u2013 Att lyckas med finansieringen \u2013 pdf<\/strong><\/a><br>Praktisk guide f\u00f6r sociala entrepren\u00f6rer (<a rel=\"noreferrer noopener\" href=\"https:\/\/www.facebook.com\/CSESverige\/\" target=\"_blank\">CSES<\/a>)<\/p>\n\n\n\n<p><strong>\u201dNya handboken i lokal finansiering\u201d (2015)<\/strong><br> Fr\u00e5n Hela Sverige ska leva:\u00a0<a rel=\"noreferrer noopener\" href=\"http:\/\/www.helasverige.se\/fileadmin\/user_upload\/HSSL_Kansli\/PDF\/Projekten\/lokal_finansiering\/handbok_2015.laett.pdf\" target=\"_blank\">L\u00e4nk till pdf<\/a><\/p>\n\n\n\n<p><strong>\u201dFundraising for activists\u201d<\/strong><br>\nFr\u00e5n Seeds for Change:&nbsp;<a href=\"http:\/\/www.seedsforchange.org.uk\/funding.pdf\" target=\"_blank\" rel=\"noreferrer noopener\">L\u00e4nk till pdf<\/a><\/p>\n\n\n\n<p>:::::::::::::::::::::::::::::::::::<\/p>\n\n\n\n<h2 class=\"wp-block-heading\">F\u00f6rdjupning: Fredrik f\u00f6rel\u00e4ser om sociala bokslut och redovisningar<\/h2>\n\n\n\n<p><strong>Presentation: <\/strong><a href=\"http:\/\/www.samhallsentreprenor.glokala.se\/wp-content\/uploads\/sociala_bokslut.pdf\" target=\"_blank\" rel=\"noreferrer noopener\">Sociala bokslut och redovisningar \u2013 l\u00e4nk till pdf<br>\n<\/a><strong>Video:<\/strong> <a href=\"http:\/\/vimeo.com\/9463456\" target=\"_blank\" rel=\"noreferrer noopener\">http:\/\/vimeo.com\/9463456<\/a><strong><br>\nExempel: <\/strong><a href=\"http:\/\/www.samhallsentreprenor.glokala.se\/wp-content\/uploads\/socialtbokslut2.pdf\" target=\"_blank\" rel=\"noreferrer noopener\">\u201dSocialt bokslut \u2013 ett v\u00e4gledningsmaterial f\u00f6r att synligg\u00f6ra f\u00f6reningars sociala v\u00e4rden\u201d \u2013 l\u00e4nk till pdf<\/a><\/p>\n","protected":false},"excerpt":{"rendered":"<p>P\u00e5minnelse om uppgift 6 \u201cPitch!\u201dTid f\u00f6r inl\u00e4mning 13 februari i forumet f\u00f6r uppgiften \u2192 ::::::::::::::::::::::::::::::::::: Tema: S\u00f6ka pengar, projektbudget och sociala bokslut Vi tittar n\u00e4rmare p\u00e5 finansiering f\u00f6r projekt, hur en projektbudget kan se ut och vad som kan vara bra att t\u00e4nka p\u00e5 kring en projektans\u00f6kan. Video: L\u00e4nkar och tips (bland annat fr\u00e5n presentationen [&hellip;]<\/p>\n","protected":false},"author":1,"featured_media":0,"parent":850,"menu_order":0,"comment_status":"open","ping_status":"closed","template":"","meta":{"_bbp_topic_count":0,"_bbp_reply_count":0,"_bbp_total_topic_count":0,"_bbp_total_reply_count":0,"_bbp_voice_count":0,"_bbp_anonymous_reply_count":0,"_bbp_topic_count_hidden":0,"_bbp_reply_count_hidden":0,"_bbp_forum_subforum_count":0,"footnotes":""},"class_list":["post-1003","page","type-page","status-publish","hentry"],"_links":{"self":[{"href":"https:\/\/samhallsentreprenor.glokala.net\/2018-2019\/wp-json\/wp\/v2\/pages\/1003","targetHints":{"allow":["GET"]}}],"collection":[{"href":"https:\/\/samhallsentreprenor.glokala.net\/2018-2019\/wp-json\/wp\/v2\/pages"}],"about":[{"href":"https:\/\/samhallsentreprenor.glokala.net\/2018-2019\/wp-json\/wp\/v2\/types\/page"}],"author":[{"embeddable":true,"href":"https:\/\/samhallsentreprenor.glokala.net\/2018-2019\/wp-json\/wp\/v2\/users\/1"}],"replies":[{"embeddable":true,"href":"https:\/\/samhallsentreprenor.glokala.net\/2018-2019\/wp-json\/wp\/v2\/comments?post=1003"}],"version-history":[{"count":3,"href":"https:\/\/samhallsentreprenor.glokala.net\/2018-2019\/wp-json\/wp\/v2\/pages\/1003\/revisions"}],"predecessor-version":[{"id":1009,"href":"https:\/\/samhallsentreprenor.glokala.net\/2018-2019\/wp-json\/wp\/v2\/pages\/1003\/revisions\/1009"}],"up":[{"embeddable":true,"href":"https:\/\/samhallsentreprenor.glokala.net\/2018-2019\/wp-json\/wp\/v2\/pages\/850"}],"wp:attachment":[{"href":"https:\/\/samhallsentreprenor.glokala.net\/2018-2019\/wp-json\/wp\/v2\/media?parent=1003"}],"curies":[{"name":"wp","href":"https:\/\/api.w.org\/{rel}","templated":true}]}}