{"id":1368,"date":"2019-04-15T09:50:24","date_gmt":"2019-04-15T07:50:24","guid":{"rendered":"https:\/\/samhallsentreprenor.glokala.net\/2018-2019\/?page_id=1368"},"modified":"2019-04-15T10:07:57","modified_gmt":"2019-04-15T08:07:57","slug":"v-16-digitala-verktyg-for-samarbete","status":"publish","type":"page","link":"https:\/\/samhallsentreprenor.glokala.net\/2018-2019\/modul-4\/v-16-digitala-verktyg-for-samarbete\/","title":{"rendered":"v 16 Digitala verktyg f\u00f6r samarbete"},"content":{"rendered":"\n<p><strong>M\u00f6jlighet: <\/strong><a rel=\"noreferrer noopener\" href=\"https:\/\/samhallsentreprenor.glokala.net\/2018-2019\/grupper\/cafeet-kursforum\/forum\/topic\/tider-for-samtal-projektutveckling\/\" target=\"_blank\"><strong>Nya tider f\u00f6r samtal \u2013 projektutveckling<\/strong><\/a><br>Funderar du p\u00e5 n\u00e4sta steg i din id\u00e9utveckling eller hur ditt initiativ kan organiseras? August finns tillg\u00e4nglig f\u00f6r samtal om projekt och id\u00e9er, per telefon\/digitalt eller p\u00e5 plats i Malm\u00f6 f\u00f6r er som bor i n\u00e4rheten. <a rel=\"noreferrer noopener\" href=\"https:\/\/samhallsentreprenor.glokala.net\/2018-2019\/grupper\/cafeet-kursforum\/forum\/topic\/tider-for-samtal-projektutveckling\/\" target=\"_blank\">L\u00e4s mer och se nya tider h\u00e4r \u2192<\/a> <br>Samtalet kan vara en m\u00f6jlighet f\u00f6r dig att reflektera kring var du befinner dig just nu och vilka n\u00e4sta steg du planerar i de projekt\/initiativ som du utvecklar.<\/p>\n\n\n\n<p><strong><a href=\"https:\/\/samhallsentreprenor.glokala.net\/2018-2019\/modul-4\/kurstraff-3-4-maj\/\">Program f\u00f6r kurstr\u00e4ff 3-4 maj<\/a><\/strong> i Malm\u00f6 finns nu presenterat!<br>Meddela oss din medverkan senast fredag 29 april, via formul\u00e4ret: <a rel=\"noreferrer noopener\" href=\"https:\/\/forms.gle\/4piwERQ5zTdGS7929\" target=\"_blank\">https:\/\/forms.gle\/4piwERQ5zTdGS7929<\/a> <\/p>\n\n\n\n<p><strong>Studieresa till Berlin 16-18 maj<\/strong> \u2013 l\u00e4s mer om m\u00f6jligheten att f\u00f6lja med till Berlin i facebook-event h\u00e4r: <a href=\"https:\/\/www.facebook.com\/events\/266308920944748\/\">https:\/\/www.facebook.com\/events\/266308920944748\/<\/a><br>Under\n tv\u00e5 dagar planerar vi att bes\u00f6ka platser och akt\u00f6rer som arbetar med \ndeltagande stadsutveckling, gr\u00e4srotsaktivism och social f\u00f6r\u00e4ndring.<\/p>\n\n\n\n<hr class=\"wp-block-separator is-style-default\"\/>\n\n\n\n<h4 class=\"wp-block-heading\">Digitala verktyg f\u00f6r samarbete<\/h4>\n\n\n\n<p><strong>Lyssna direkt i spelaren (10 min):<\/strong><\/p>\n\n\n\n<figure class=\"wp-block-audio\"><audio controls src=\"https:\/\/samhallsentreprenor.glokala.net\/2018-2019\/wp-content\/uploads\/2019\/04\/Intro_digitala_verktyg_april2019.mp3\"><\/audio><figcaption><a href=\"https:\/\/samhallsentreprenor.glokala.net\/2018-2019\/wp-content\/uploads\/2019\/04\/Intro_digitala_verktyg_april2019.mp3\" target=\"_blank\" rel=\"noreferrer noopener\" aria-label=\"L\u00e4nk till mp3 \u2192 (opens in a new tab)\">L\u00e4nk till mp3 \u2192<\/a><\/figcaption><\/figure>\n\n\n<p><iframe loading=\"lazy\" style=\"border: 1px solid #CCC; border-width: 1px; margin-bottom: 5px; max-width: 100%;\" src=\"\/\/www.slideshare.net\/slideshow\/embed_code\/key\/sBLriRiAcrAYAb\" marginwidth=\"0\" marginheight=\"0\" scrolling=\"no\" allowfullscreen=\"allowfullscreen\" width=\"595\" height=\"485\" frameborder=\"0\"> <\/iframe><\/p>\n\n\n<div class=\"wp-block-file\"><a href=\"https:\/\/samhallsentreprenor.glokala.net\/2018-2019\/wp-content\/uploads\/2019\/04\/Digitala_verktyg_samarbete.pdf\" target=\"_blank\" rel=\"noreferrer noopener\">Digitala verktyg f\u00f6r samarbete (pdf)<\/a><a href=\"https:\/\/samhallsentreprenor.glokala.net\/2018-2019\/wp-content\/uploads\/2019\/04\/Digitala_verktyg_samarbete.pdf\" class=\"wp-block-file__button\" download>Ladda ner<\/a><\/div>\n\n\n\n<h3 class=\"wp-block-heading\"><a href=\"https:\/\/samhallsentreprenor.glokala.net\/2018-2019\/grupper\/cafeet-kursforum\/forum\/\">Forumet \u2013 dina tips och erfarenheter?<\/a><\/h3>\n\n\n\n<h3 class=\"wp-block-heading\"><strong>Tips: Democat<\/strong> \u2013 <a href=\"http:\/\/democat.me\/\" target=\"_blank\" rel=\"noreferrer noopener\">tips p\u00e5 verktyg f\u00f6r att involvera och ta beslut tillsammans \u2192<\/a><\/h3>\n\n\n\n<figure class=\"wp-block-image\"><a href=\"http:\/\/democat.me\/\" target=\"_blank\" rel=\"noreferrer noopener\"><img decoding=\"async\" src=\"https:\/\/samhallsentreprenor.glokala.net\/2017-2018\/wp-content\/uploads\/2018\/04\/democat.png\" alt=\"\"\/><\/a><\/figure>\n\n\n\n<hr class=\"wp-block-separator\"\/>\n\n\n\n<h3 class=\"wp-block-heading\">Mer inspiration \u2013 deltagande processer<\/h3>\n\n\n\n<p><strong><em>Do The Right Thing<\/em> \u2013 Handbok<\/strong><\/p>\n\n\n\n<p><a rel=\"noreferrer noopener\" href=\"http:\/\/www.mfkuniversitet.blogspot.se\/\" target=\"_blank\">Malm\u00f6 Fria Kvinnouniversitet<\/a>  har tidigare gett ut en handbok med perspektiv p\u00e5 bland annat organisering,  finansiering, pedagogik. En hel del tankar om att jobba med att s\u00f6ka  kunskap och driva processer gemensamt!<br><a rel=\"noreferrer noopener\" href=\"http:\/\/www.lisanyberg.net\/wp-content\/uploads\/2017\/02\/LNyberg_DotheRightThing_Sv.pdf\" target=\"_blank\">Svensk version \u2013 l\u00e4nk till pdf<\/a><br><a rel=\"noreferrer noopener\" href=\"http:\/\/www.lisanyberg.net\/wp-content\/uploads\/2017\/02\/LisaNyberg_DotheRightThing_Eng.pdf\" target=\"_blank\">English version \u2013 link to pdf<\/a><\/p>\n","protected":false},"excerpt":{"rendered":"<p>M\u00f6jlighet: Nya tider f\u00f6r samtal \u2013 projektutvecklingFunderar du p\u00e5 n\u00e4sta steg i din id\u00e9utveckling eller hur ditt initiativ kan organiseras? August finns tillg\u00e4nglig f\u00f6r samtal om projekt och id\u00e9er, per telefon\/digitalt eller p\u00e5 plats i Malm\u00f6 f\u00f6r er som bor i n\u00e4rheten. L\u00e4s mer och se nya tider h\u00e4r \u2192 Samtalet kan vara en m\u00f6jlighet [&hellip;]<\/p>\n","protected":false},"author":1,"featured_media":0,"parent":1251,"menu_order":0,"comment_status":"open","ping_status":"closed","template":"","meta":{"_bbp_topic_count":0,"_bbp_reply_count":0,"_bbp_total_topic_count":0,"_bbp_total_reply_count":0,"_bbp_voice_count":0,"_bbp_anonymous_reply_count":0,"_bbp_topic_count_hidden":0,"_bbp_reply_count_hidden":0,"_bbp_forum_subforum_count":0,"footnotes":""},"class_list":["post-1368","page","type-page","status-publish","hentry"],"_links":{"self":[{"href":"https:\/\/samhallsentreprenor.glokala.net\/2018-2019\/wp-json\/wp\/v2\/pages\/1368","targetHints":{"allow":["GET"]}}],"collection":[{"href":"https:\/\/samhallsentreprenor.glokala.net\/2018-2019\/wp-json\/wp\/v2\/pages"}],"about":[{"href":"https:\/\/samhallsentreprenor.glokala.net\/2018-2019\/wp-json\/wp\/v2\/types\/page"}],"author":[{"embeddable":true,"href":"https:\/\/samhallsentreprenor.glokala.net\/2018-2019\/wp-json\/wp\/v2\/users\/1"}],"replies":[{"embeddable":true,"href":"https:\/\/samhallsentreprenor.glokala.net\/2018-2019\/wp-json\/wp\/v2\/comments?post=1368"}],"version-history":[{"count":3,"href":"https:\/\/samhallsentreprenor.glokala.net\/2018-2019\/wp-json\/wp\/v2\/pages\/1368\/revisions"}],"predecessor-version":[{"id":1375,"href":"https:\/\/samhallsentreprenor.glokala.net\/2018-2019\/wp-json\/wp\/v2\/pages\/1368\/revisions\/1375"}],"up":[{"embeddable":true,"href":"https:\/\/samhallsentreprenor.glokala.net\/2018-2019\/wp-json\/wp\/v2\/pages\/1251"}],"wp:attachment":[{"href":"https:\/\/samhallsentreprenor.glokala.net\/2018-2019\/wp-json\/wp\/v2\/media?parent=1368"}],"curies":[{"name":"wp","href":"https:\/\/api.w.org\/{rel}","templated":true}]}}