{"id":142,"date":"2019-08-21T12:56:15","date_gmt":"2019-08-21T10:56:15","guid":{"rendered":"https:\/\/samhallsentreprenor.glokala.net\/2019-2020\/?page_id=142"},"modified":"2020-03-04T12:48:51","modified_gmt":"2020-03-04T11:48:51","slug":"kursbeskrivning-2019-2020","status":"publish","type":"page","link":"https:\/\/samhallsentreprenor.glokala.net\/2019-2020\/kursbeskrivning-2019-2020\/","title":{"rendered":"Kursbeskrivning 2019-2020"},"content":{"rendered":"\n<h2 class=\"wp-block-heading\">Kursbeskrivning: Samh\u00e4llsentrepren\u00f6r<br>Distans\/internet, halvtid ht 2019 &#8211; vt 2020<\/h2>\n\n\n\n<div class=\"wp-block-image\"><figure class=\"alignright is-resized\"><img loading=\"lazy\" decoding=\"async\" data-attachment-id=\"161\" data-permalink=\"https:\/\/samhallsentreprenor.glokala.net\/2019-2020\/kursbeskrivning-2019-2020\/attachment\/img_4436_red_cut\/\" data-orig-file=\"https:\/\/samhallsentreprenor.glokala.net\/2019-2020\/wp-content\/uploads\/2019\/08\/IMG_4436_red_cut.jpg\" data-orig-size=\"976,900\" data-comments-opened=\"1\" data-image-meta=\"{&quot;aperture&quot;:&quot;0&quot;,&quot;credit&quot;:&quot;&quot;,&quot;camera&quot;:&quot;&quot;,&quot;caption&quot;:&quot;&quot;,&quot;created_timestamp&quot;:&quot;0&quot;,&quot;copyright&quot;:&quot;&quot;,&quot;focal_length&quot;:&quot;0&quot;,&quot;iso&quot;:&quot;0&quot;,&quot;shutter_speed&quot;:&quot;0&quot;,&quot;title&quot;:&quot;&quot;,&quot;orientation&quot;:&quot;0&quot;}\" data-image-title=\"IMG_4436_red_cut\" data-image-description=\"\" data-image-caption=\"\" data-large-file=\"https:\/\/samhallsentreprenor.glokala.net\/2019-2020\/wp-content\/uploads\/2019\/08\/IMG_4436_red_cut.jpg\" src=\"https:\/\/samhallsentreprenor.glokala.net\/2019-2020\/wp-content\/uploads\/2019\/08\/IMG_4436_red_cut-500x461.jpg\" alt=\"\" class=\"wp-image-161\" width=\"250\" height=\"231\" srcset=\"https:\/\/samhallsentreprenor.glokala.net\/2019-2020\/wp-content\/uploads\/2019\/08\/IMG_4436_red_cut-500x461.jpg 500w, https:\/\/samhallsentreprenor.glokala.net\/2019-2020\/wp-content\/uploads\/2019\/08\/IMG_4436_red_cut-768x708.jpg 768w, https:\/\/samhallsentreprenor.glokala.net\/2019-2020\/wp-content\/uploads\/2019\/08\/IMG_4436_red_cut-624x575.jpg 624w, https:\/\/samhallsentreprenor.glokala.net\/2019-2020\/wp-content\/uploads\/2019\/08\/IMG_4436_red_cut.jpg 976w\" sizes=\"auto, (max-width: 250px) 100vw, 250px\" \/><\/figure><\/div>\n\n\n\n<p><strong>Kursstart<\/strong>: 2 september 2019<\/p>\n\n\n\n<p><strong>H\u00f6sttermin<\/strong>: 2 september \u2013 3 januari 2020<\/p>\n\n\n\n<p><strong>V\u00e5rtermin<\/strong>: 7 januari 2020 \u2013 5 juni<\/p>\n\n\n\n<p><strong>Tr\u00e4ffar i Malm\u00f6<\/strong>:<br>\u2022 11-12 oktober<br>\u2022 10-11 februari<br>\u2022 6-7 maj<\/p>\n\n\n\n<figure class=\"wp-block-embed-youtube wp-block-embed is-type-video is-provider-youtube wp-embed-aspect-16-9 wp-has-aspect-ratio\"><div class=\"wp-block-embed__wrapper\">\n<iframe loading=\"lazy\" title=\"Samh\u00e4llsentrepren\u00f6r p\u00e5 Glokala Folkh\u00f6gskolan\" width=\"500\" height=\"281\" src=\"https:\/\/www.youtube.com\/embed\/_caxMP2K51g?feature=oembed\" frameborder=\"0\" allow=\"accelerometer; autoplay; clipboard-write; encrypted-media; gyroscope; picture-in-picture; web-share\" referrerpolicy=\"strict-origin-when-cross-origin\" allowfullscreen><\/iframe>\n<\/div><\/figure>\n\n\n\n<h2 class=\"wp-block-heading\">Vad inneb\u00e4r det att vara \u201dsamh\u00e4llsentrepren\u00f6r\u201d?<\/h2>\n\n\n\n<p>Entrepren\u00f6rskap \u00e4r ett begrepp som man ofta m\u00f6ter i vardagen. Att vara entrepren\u00f6r handlar om att se m\u00f6jligheter och ta initiativ, om att skapa n\u00e5gonting av v\u00e4rde. Ofta f\u00f6rknippas entrepren\u00f6rsbegreppet med privat n\u00e4ringsverksamhet, men det finns ocks\u00e5 rikliga exempel p\u00e5 entrepren\u00f6rskap d\u00e4r det egna vinstintresset inte st\u00e5r i centrum, utan d\u00e4r syftet \u00e4r att skapa gemensamma v\u00e4rden och st\u00e4rka delaktighet och gemenskap \u2013 ett b\u00e4ttre samh\u00e4lle f\u00f6r oss alla. Den typen av entrepren\u00f6rskap har b\u00f6rjat uppm\u00e4rksammas allt mer och man talar ibland om det som \u201dpublikt entrepren\u00f6rskap\u201d och ibland som \u201dsamh\u00e4llsentrepren\u00f6rskap\u201d.<\/p>\n\n\n\n<p>Samh\u00e4llsentrepren\u00f6rskap f\u00f6rknippas ofta med f\u00f6reningar och folkr\u00f6relser, men detta \u00e4r n\u00e5got man kan finna \u00f6verallt i samh\u00e4llet. Inte minst finns det m\u00e5nga exempel p\u00e5 projekt d\u00e4r akt\u00f6rer fr\u00e5n olika samh\u00e4llssektorer samverkar. Som samh\u00e4llsentrepren\u00f6r arrangerar man aktiviteter, driver projekt och verksamheter eller kopplar samman olika m\u00e4nniskor i of\u00f6ruts\u00e4gbara n\u00e4tverk. Det finns inga begr\u00e4nsningar vad g\u00e4ller \u00e5lder eller ursprung \u2013 det viktiga \u00e4r engagemang och f\u00f6rm\u00e5ga till handling. Samtidigt m\u00e5ste man alltid vara beredd p\u00e5 att m\u00f6ta motst\u00e5nd, varf\u00f6r det \u00e4r viktigt att vara b\u00e5de ih\u00e4rdig och uth\u00e5llig. Man skall aldrig vara r\u00e4dd att visionerna \u00e4r alltf\u00f6r stora \u2013 det viktiga \u00e4r att kunna v\u00e4cka intresse och engagemang f\u00f6r att kunna lyckas.<\/p>\n\n\n\n<h2 class=\"wp-block-heading\">Utg\u00e5ngspunkter och undervisningsformer<\/h2>\n\n\n\n<div class=\"wp-block-image\"><figure class=\"alignright is-resized\"><img loading=\"lazy\" decoding=\"async\" data-attachment-id=\"162\" data-permalink=\"https:\/\/samhallsentreprenor.glokala.net\/2019-2020\/kursbeskrivning-2019-2020\/attachment\/shot_1368113458517\/\" data-orig-file=\"https:\/\/samhallsentreprenor.glokala.net\/2019-2020\/wp-content\/uploads\/2019\/08\/shot_1368113458517.jpg\" data-orig-size=\"1947,1944\" data-comments-opened=\"1\" data-image-meta=\"{&quot;aperture&quot;:&quot;0&quot;,&quot;credit&quot;:&quot;&quot;,&quot;camera&quot;:&quot;The Little Orange Box&quot;,&quot;caption&quot;:&quot;&quot;,&quot;created_timestamp&quot;:&quot;0&quot;,&quot;copyright&quot;:&quot;&quot;,&quot;focal_length&quot;:&quot;0&quot;,&quot;iso&quot;:&quot;0&quot;,&quot;shutter_speed&quot;:&quot;0&quot;,&quot;title&quot;:&quot;&quot;,&quot;orientation&quot;:&quot;1&quot;}\" data-image-title=\"shot_1368113458517\" data-image-description=\"\" data-image-caption=\"\" data-large-file=\"https:\/\/samhallsentreprenor.glokala.net\/2019-2020\/wp-content\/uploads\/2019\/08\/shot_1368113458517-1024x1022.jpg\" src=\"https:\/\/samhallsentreprenor.glokala.net\/2019-2020\/wp-content\/uploads\/2019\/08\/shot_1368113458517-500x500.jpg\" alt=\"\" class=\"wp-image-162\" width=\"250\" height=\"250\" srcset=\"https:\/\/samhallsentreprenor.glokala.net\/2019-2020\/wp-content\/uploads\/2019\/08\/shot_1368113458517-500x500.jpg 500w, https:\/\/samhallsentreprenor.glokala.net\/2019-2020\/wp-content\/uploads\/2019\/08\/shot_1368113458517-150x150.jpg 150w, https:\/\/samhallsentreprenor.glokala.net\/2019-2020\/wp-content\/uploads\/2019\/08\/shot_1368113458517-768x767.jpg 768w, https:\/\/samhallsentreprenor.glokala.net\/2019-2020\/wp-content\/uploads\/2019\/08\/shot_1368113458517-1024x1022.jpg 1024w, https:\/\/samhallsentreprenor.glokala.net\/2019-2020\/wp-content\/uploads\/2019\/08\/shot_1368113458517-624x623.jpg 624w, https:\/\/samhallsentreprenor.glokala.net\/2019-2020\/wp-content\/uploads\/2019\/08\/shot_1368113458517.jpg 1947w\" sizes=\"auto, (max-width: 250px) 100vw, 250px\" \/><\/figure><\/div>\n\n\n\n<p>Kursen ges av Glokala folkh\u00f6gskolan p\u00e5 distans\/internet och med en omfattning som motsvarar 40 veckors studier p\u00e5 halvtid, indelat i fyra moduler. Som en integrerad del av kursen ing\u00e5r en kurs i projektledning som ges av Malm\u00f6 universitet (OL108A) och som utg\u00f6r 7,5 h\u00f6gskolepo\u00e4ng. Efter att ha genomg\u00e5tt kursen med godk\u00e4nt betyg, kan man ocks\u00e5 tillgodor\u00e4kna sig dessa h\u00f6gskolepo\u00e4ng.<\/p>\n\n\n\n<p>Det finns inga krav p\u00e5 f\u00f6rkunskaper eller erfarenheter f\u00f6r att g\u00e5 utbildningen, men en viktig utg\u00e5ngspunkt f\u00f6r oss \u00e4r att ta vara p\u00e5 alla de tankar och kunskaper som deltagarna b\u00e4r med sig. Vi tror mycket p\u00e5 m\u00f6ten och utbyten. Om det \u00e4r n\u00e5got vi kr\u00e4ver, s\u00e5 \u00e4r det att man skall g\u00e5 in i detta med en vilja att dela sina tankar och erfarenheter med andra.<\/p>\n\n\n\n<p>En anledning till att kursen ges p\u00e5 halvtid, \u00e4r att skapa m\u00f6jligheter att parallellt med kursen arbeta med olika typer av verksamheter eller projekt. M\u00e5nga av kursmomenten bygger p\u00e5 att man skall arbeta praktiskt med att till\u00e4mpa exempelvis tankar om l\u00e4rande eller projektledning, varf\u00f6r det kan vara en f\u00f6rdel att vara delaktig i n\u00e5gon form av projekt eller verksamhet \u2013 dock inget krav. Eftersom kursen ges p\u00e5 distans \u00e4r tillg\u00e5ng till dator och internet ett krav f\u00f6r att man skall kunna delta i kursen. Inga djupg\u00e5ende datakunskaper kr\u00e4vs dock.<\/p>\n\n\n\n<div class=\"wp-block-image\"><figure class=\"alignright is-resized\"><img loading=\"lazy\" decoding=\"async\" data-attachment-id=\"163\" data-permalink=\"https:\/\/samhallsentreprenor.glokala.net\/2019-2020\/kursbeskrivning-2019-2020\/attachment\/p1010525_500px\/\" data-orig-file=\"https:\/\/samhallsentreprenor.glokala.net\/2019-2020\/wp-content\/uploads\/2019\/08\/P1010525_500px.jpg\" data-orig-size=\"500,375\" data-comments-opened=\"1\" data-image-meta=\"{&quot;aperture&quot;:&quot;0&quot;,&quot;credit&quot;:&quot;&quot;,&quot;camera&quot;:&quot;&quot;,&quot;caption&quot;:&quot;&quot;,&quot;created_timestamp&quot;:&quot;0&quot;,&quot;copyright&quot;:&quot;&quot;,&quot;focal_length&quot;:&quot;0&quot;,&quot;iso&quot;:&quot;0&quot;,&quot;shutter_speed&quot;:&quot;0&quot;,&quot;title&quot;:&quot;&quot;,&quot;orientation&quot;:&quot;0&quot;}\" data-image-title=\"P1010525_500px\" data-image-description=\"\" data-image-caption=\"\" data-large-file=\"https:\/\/samhallsentreprenor.glokala.net\/2019-2020\/wp-content\/uploads\/2019\/08\/P1010525_500px.jpg\" src=\"https:\/\/samhallsentreprenor.glokala.net\/2019-2020\/wp-content\/uploads\/2019\/08\/P1010525_500px.jpg\" alt=\"\" class=\"wp-image-163\" width=\"375\" height=\"281\"\/><\/figure><\/div>\n\n\n\n<p>N\u00e4r man deltar i en distanskurs kommer undervisningsformerna att skilja sig \u00e5t fr\u00e5n vad man \u00e4r van vid. Det kommer att f\u00f6rekomma f\u00f6rel\u00e4sningar \u2013 men dessa kommer kanske att ges via video eller ljudinspelningar. Man kan inte st\u00e4lla fr\u00e5gorna direkt till f\u00f6rel\u00e4saren \u2013 utan ist\u00e4llet g\u00f6r man det via ett diskussionsforum. N\u00e4rkontakten blir kanske inte lika p\u00e5taglig, men ist\u00e4llet f\u00e5r man m\u00f6jlighet till eftertanke. Man kan stanna och ta om saker som man upplevt som otydliga. Samtidigt inneh\u00e5ller kursen \u00e4ven n\u00e5gra kurstr\u00e4ffar d\u00e4r vi f\u00e5r chansen att m\u00f6ta varandra ansikte mot ansikte.<\/p>\n\n\n\n<p>Kursen inneh\u00e5ller ett blandat kursmaterial; n\u00e5got \u00e4r i bokform, annat kan vara artiklar fr\u00e5n internet. Vi kommer ocks\u00e5 att ha ett flertal inbjudna g\u00e4ster fr\u00e5n v\u00e5rt stora n\u00e4tverk, med erfarenheter fr\u00e5n m\u00e5nga olika omr\u00e5den.<br>P\u00e5 en distanskurs blir det ofta en del att skriva, s\u00e5 ocks\u00e5 p\u00e5 denna kurs. Det \u00e4r inte heller n\u00e5got som vi vill flytta till bakgrunden, utan snarare lyfta fram. Som samh\u00e4llsentrepren\u00f6r i dagens allt mer digitala samh\u00e4lle \u00e4r det viktigt att kunna uttrycka sig skriftligt \u2013 men vi kommer ocks\u00e5 att arbeta med muntlig presentation. M\u00e5nga g\u00e5nger kan just detta vara k\u00e4rnan i att vara samh\u00e4llsentrepren\u00f6r: att kommunicera, n\u00e5 fram, \u00f6vertyga andra; att leda diskussioner men ocks\u00e5 att kunna ifr\u00e5gas\u00e4tta och se f\u00f6rbi intets\u00e4gande klich\u00e9er.<\/p>\n\n\n\n<p>Kursmaterial och mer detaljerat program kommer att presenteras i anslutning till inledningen av varje del i kursen.<\/p>\n\n\n\n<h2 class=\"wp-block-heading\">Kurstr\u00e4ffar i Malm\u00f6<\/h2>\n\n\n\n<p>Under kursen genomf\u00f6rs tre tr\u00e4ffar i Malm\u00f6. Tr\u00e4ffarna syftar till att skapa m\u00f6jligheter till personliga m\u00f6ten p\u00e5 ett s\u00e4tt som inte riktigt \u00e4r m\u00f6jligt via internet. Under dessa dagar kommer vi att ha olika typer av aktiviteter under \u2013 det kan handla om allt fr\u00e5n f\u00f6rel\u00e4sningar till studiebes\u00f6k och \u00e4ven olika sociala aktiviteter. Fullst\u00e4ndigt program f\u00f6r tr\u00e4ffarna kommer att meddelas senast ett par veckor innan genomf\u00f6randet. \u00c4ven om Glokala folkh\u00f6gskolan utg\u00f6r v\u00e5r bas, kommer vi ocks\u00e5 att vara p\u00e5 annat h\u00e5ll under tr\u00e4ffarna. Eventuell \u00f6vernattning ordnas p\u00e5 egen hand, men vi hj\u00e4lper till med tips om m\u00f6jligheter i n\u00e4rheten.<\/p>\n\n\n\n<h2 class=\"wp-block-heading\">Kursens \u00f6vergripande m\u00e5l<\/h2>\n\n\n\n<p>Kursens \u00f6vergripande m\u00e5l \u00e4r att deltagarna efter kursen skall ha en handlingskompetens inom samh\u00e4llsentrepren\u00f6rskap, som inneb\u00e4r att man kan ta initiativ till och skapa projekt och verksamheter som skapar merv\u00e4rde f\u00f6r m\u00e5nga m\u00e4nniskor, skriva projektplaner och -ans\u00f6kningar men ocks\u00e5 driva processer av olika slag. Ett viktigt fokus ligger p\u00e5 att utveckla f\u00f6rm\u00e5gan att kommunicera i olika sammanhang.<\/p>\n\n\n\n<h2 class=\"wp-block-heading\">Modulernas inneh\u00e5ll och m\u00e5l<\/h2>\n\n\n\n<h3 class=\"wp-block-heading\"><strong>Modul 1<\/strong><\/h3>\n\n\n\n<div class=\"wp-block-image\"><figure class=\"alignright is-resized\"><img loading=\"lazy\" decoding=\"async\" data-attachment-id=\"165\" data-permalink=\"https:\/\/samhallsentreprenor.glokala.net\/2019-2020\/kursbeskrivning-2019-2020\/attachment\/img_2745_1020px\/\" data-orig-file=\"https:\/\/samhallsentreprenor.glokala.net\/2019-2020\/wp-content\/uploads\/2019\/08\/IMG_2745_1020px.jpg\" data-orig-size=\"1020,765\" data-comments-opened=\"1\" data-image-meta=\"{&quot;aperture&quot;:&quot;4.5&quot;,&quot;credit&quot;:&quot;&quot;,&quot;camera&quot;:&quot;Canon PowerShot G10&quot;,&quot;caption&quot;:&quot;&quot;,&quot;created_timestamp&quot;:&quot;1390311027&quot;,&quot;copyright&quot;:&quot;&quot;,&quot;focal_length&quot;:&quot;24.978&quot;,&quot;iso&quot;:&quot;400&quot;,&quot;shutter_speed&quot;:&quot;0.016666666666667&quot;,&quot;title&quot;:&quot;&quot;,&quot;orientation&quot;:&quot;1&quot;}\" data-image-title=\"IMG_2745_1020px\" data-image-description=\"\" data-image-caption=\"\" data-large-file=\"https:\/\/samhallsentreprenor.glokala.net\/2019-2020\/wp-content\/uploads\/2019\/08\/IMG_2745_1020px.jpg\" src=\"https:\/\/samhallsentreprenor.glokala.net\/2019-2020\/wp-content\/uploads\/2019\/08\/IMG_2745_1020px-500x375.jpg\" alt=\"\" class=\"wp-image-165\" width=\"250\" height=\"188\" srcset=\"https:\/\/samhallsentreprenor.glokala.net\/2019-2020\/wp-content\/uploads\/2019\/08\/IMG_2745_1020px-500x375.jpg 500w, https:\/\/samhallsentreprenor.glokala.net\/2019-2020\/wp-content\/uploads\/2019\/08\/IMG_2745_1020px-768x576.jpg 768w, https:\/\/samhallsentreprenor.glokala.net\/2019-2020\/wp-content\/uploads\/2019\/08\/IMG_2745_1020px-624x468.jpg 624w, https:\/\/samhallsentreprenor.glokala.net\/2019-2020\/wp-content\/uploads\/2019\/08\/IMG_2745_1020px.jpg 1020w\" sizes=\"auto, (max-width: 250px) 100vw, 250px\" \/><\/figure><\/div>\n\n\n\n<p><span style=\"text-decoration: underline;\">Samh\u00e4llsentrepren\u00f6rskap och social innovation:<\/span><br>En v\u00e4rdegrund: H\u00e4r diskuterar vi och unders\u00f6ker vad begreppen betyder, vilka v\u00e4rden som ligger i begreppen och studerar exempel fr\u00e5n olika projekt. Vi f\u00f6rs\u00f6ker ocks\u00e5 koppla detta till den stora diskussionen kring h\u00e5llbar utveckling som finns idag \u2013 vad \u00e4r egentligen h\u00e5llbar utveckling och hur h\u00e4nger det ihop med samh\u00e4llsentrepren\u00f6rskap? Diskussionerna stimuleras av engagerade g\u00e4stf\u00f6rel\u00e4sare.<\/p>\n\n\n\n<p><span style=\"text-decoration: underline;\">Projekt: Utveckling fr\u00e5n tanke till projektplan<\/span><br>Inom detta tema studerar vi hur vi skapar ett projektkoncept med utg\u00e5ngspunkt fr\u00e5n en id\u00e9 eller vision. Vi tar utg\u00e5ngspunkt i erfarenheter fr\u00e5n genomf\u00f6rda projekt, och s\u00e4tter detta i f\u00f6rh\u00e5llande till aktuell forskning. Vi arbetar ocks\u00e5 en del med planeringsmetodik, och diskuterar kring vad planering egentligen \u00e4r och vilka sv\u00e5righeter som kan finnas.<\/p>\n\n\n\n<h3 class=\"wp-block-heading\"><strong>Modul 2<\/strong><\/h3>\n\n\n\n<p><span style=\"text-decoration: underline;\">L\u00e4rande, ledarskap och gruppdynamik<\/span><br>Bra ledarskap och ett bra gruppklimat vill alla ha \u2013 men vad betyder det egentligen? H\u00e4r diskuterar vi m\u00f6jligheter och sv\u00e5righeter, och tittar speciellt p\u00e5 s\u00e5dana saker som hur man kan arbeta med konflikthantering och skapa f\u00f6ruts\u00e4ttningar f\u00f6r l\u00e4rande n\u00e4r man driver ett projekt eller en verksamhet. En del aspekter \u00e4r generella och g\u00e4ller i alla grupper, men finns det ocks\u00e5 n\u00e5got som \u00e4r speciellt med detta n\u00e4r man arbetar med samh\u00e4llsentrepren\u00f6riella projekt och verksamheter?<\/p>\n\n\n\n<p><span style=\"text-decoration: underline;\">Organisation och organisering<\/span><br>Vad \u00e4r egentligen en organisation och hur organiserar man en verksamhet p\u00e5 b\u00e4sta s\u00e4tt? H\u00e4r lyfter vi fram b\u00e5de teorier och intressanta erfarenheter som vi diskuterar.<\/p>\n\n\n\n<h3 class=\"wp-block-heading\"><strong>Modul 3<\/strong><\/h3>\n\n\n\n<div class=\"wp-block-image\"><figure class=\"alignright is-resized\"><img loading=\"lazy\" decoding=\"async\" data-attachment-id=\"167\" data-permalink=\"https:\/\/samhallsentreprenor.glokala.net\/2019-2020\/kursbeskrivning-2019-2020\/attachment\/photo-1024x768\/\" data-orig-file=\"https:\/\/samhallsentreprenor.glokala.net\/2019-2020\/wp-content\/uploads\/2019\/08\/photo-1024x768.jpg\" data-orig-size=\"1024,768\" data-comments-opened=\"1\" data-image-meta=\"{&quot;aperture&quot;:&quot;0&quot;,&quot;credit&quot;:&quot;&quot;,&quot;camera&quot;:&quot;&quot;,&quot;caption&quot;:&quot;&quot;,&quot;created_timestamp&quot;:&quot;0&quot;,&quot;copyright&quot;:&quot;&quot;,&quot;focal_length&quot;:&quot;0&quot;,&quot;iso&quot;:&quot;0&quot;,&quot;shutter_speed&quot;:&quot;0&quot;,&quot;title&quot;:&quot;&quot;,&quot;orientation&quot;:&quot;0&quot;}\" data-image-title=\"photo-1024&amp;#215;768\" data-image-description=\"\" data-image-caption=\"\" data-large-file=\"https:\/\/samhallsentreprenor.glokala.net\/2019-2020\/wp-content\/uploads\/2019\/08\/photo-1024x768-1024x768.jpg\" src=\"https:\/\/samhallsentreprenor.glokala.net\/2019-2020\/wp-content\/uploads\/2019\/08\/photo-1024x768-500x375.jpg\" alt=\"\" class=\"wp-image-167\" width=\"375\" height=\"281\" srcset=\"https:\/\/samhallsentreprenor.glokala.net\/2019-2020\/wp-content\/uploads\/2019\/08\/photo-1024x768-500x375.jpg 500w, https:\/\/samhallsentreprenor.glokala.net\/2019-2020\/wp-content\/uploads\/2019\/08\/photo-1024x768-768x576.jpg 768w, https:\/\/samhallsentreprenor.glokala.net\/2019-2020\/wp-content\/uploads\/2019\/08\/photo-1024x768.jpg 1024w, https:\/\/samhallsentreprenor.glokala.net\/2019-2020\/wp-content\/uploads\/2019\/08\/photo-1024x768-624x468.jpg 624w\" sizes=\"auto, (max-width: 375px) 100vw, 375px\" \/><\/figure><\/div>\n\n\n\n<p><span style=\"text-decoration: underline;\">Ekonomi och finansiering<\/span><br>Det kan tyckas paradoxalt, men trots att det handlar om verksamhet som saknar personligt vinstintresse m\u00e5ste man \u00e4gna stort intresse \u00e5t ekonomiska fr\u00e5gor. Skillnaden \u00e4r naturligtvis att man har annat fokus \u00e4n i en vinstdrivande verksamhet, och \u00e4ven andra m\u00f6jligheter. Men utan en ordentlig budget l\u00e4r man inte f\u00e5 igenom en projektans\u00f6kan och om man inte tagit med alla kostnader i sin offert, kanske man inte kan genomf\u00f6ra det hela som man t\u00e4nkt. I det h\u00e4r momentet tittar vi \u00e4ven p\u00e5 nya innovativa initiativ f\u00f6r en mer h\u00e5llbar ekonomi.<\/p>\n\n\n\n<p><span style=\"text-decoration: underline;\">F\u00e5nga intresset<\/span><br>Vi tittar p\u00e5 hur man kan kommunicera f\u00f6r att p\u00e5 b\u00e4sta s\u00e4tt f\u00f6rmedla sin vision, och f\u00f6rdjupar oss \u00e4ven i strategiskt arbete med sociala medier.<\/p>\n\n\n\n<h3 class=\"wp-block-heading\"><strong>Modul 4<\/strong><\/h3>\n\n\n\n<p><span style=\"text-decoration: underline;\">Metoder f\u00f6r m\u00f6ten och processer<\/span><br>En viktig del i samh\u00e4llsentrepren\u00f6rskap handlar om olika typer av m\u00f6ten och processer. Beroende p\u00e5 vad det \u00e4r som ska ske, vilka som \u00e4r involverade och andra f\u00f6ruts\u00e4ttningar kan det finnas olika s\u00e4tt att arbeta. Vilka nya m\u00f6jligheter skapas genom anv\u00e4ndande av ny teknik? Vilka fallgropar finns det? Inom detta tema presenterar vi tips och exempel.<\/p>\n\n\n\n<p><span style=\"text-decoration: underline;\">Verksamhetsplaner, aff\u00e4rsplaner och utv\u00e4rdering<\/span><br>Vi tittar p\u00e5 vad olika typer av planer kan inneh\u00e5lla, och hur man kan skriva dem f\u00f6r att p\u00e5 b\u00e4sta s\u00e4tt f\u00f6rmedla sin vision. Du arbetar sj\u00e4lv med att ta fram en projekt-, verksamhets- eller aff\u00e4rsplan.<br>Att utv\u00e4rdera \u00e4r inte bara viktigt f\u00f6r att kunna dra erfarenheter av en verksamhet, det \u00e4r ocks\u00e5 m\u00e5nga g\u00e5nger ett krav idag fr\u00e5n olika anslagsgivare. Vi ser p\u00e5 olika metoder, m\u00f6jligheter och utmaningar f\u00f6r att g\u00f6ra s\u00e5dana utv\u00e4rderingar s\u00e5 anv\u00e4ndbara som m\u00f6jligt.<\/p>\n\n\n\n<h2 class=\"wp-block-heading\">Intyg<\/h2>\n\n\n\n<p>Den som deltar aktivt i majoriteten av kursens moment samt genomf\u00f6r kursens uppgifter har fullgjort kursen, och f\u00e5r vid kursens slut ett studieintyg.<br>Den som deltar aktivt i kursen, men ej genomf\u00f6r alla moment, f\u00e5r ett kursintyg.<br>H\u00f6gskolemomenten kring projektledning (7,5 hp) ing\u00e5r som en del av folkh\u00f6gskolekursen, de uppgifter som examinerar h\u00f6gskoledelen kommer att presenteras under kurs\u00e5ret. Efter att ha genomg\u00e5tt kursen med godk\u00e4nt betyg, kan man ocks\u00e5 tillgodor\u00e4kna sig dessa h\u00f6gskolepo\u00e4ng.<\/p>\n\n\n\n<figure class=\"wp-block-image\"><img loading=\"lazy\" decoding=\"async\" width=\"1024\" height=\"770\" data-attachment-id=\"160\" data-permalink=\"https:\/\/samhallsentreprenor.glokala.net\/2019-2020\/kursbeskrivning-2019-2020\/attachment\/infoblad_samhallsentreprenor_12-13_high_cutimages\/\" data-orig-file=\"https:\/\/samhallsentreprenor.glokala.net\/2019-2020\/wp-content\/uploads\/2019\/08\/Infoblad_Samhallsentreprenor_12-13_high_cutimages.jpg\" data-orig-size=\"1200,902\" data-comments-opened=\"1\" data-image-meta=\"{&quot;aperture&quot;:&quot;0&quot;,&quot;credit&quot;:&quot;&quot;,&quot;camera&quot;:&quot;&quot;,&quot;caption&quot;:&quot;&quot;,&quot;created_timestamp&quot;:&quot;0&quot;,&quot;copyright&quot;:&quot;&quot;,&quot;focal_length&quot;:&quot;0&quot;,&quot;iso&quot;:&quot;0&quot;,&quot;shutter_speed&quot;:&quot;0&quot;,&quot;title&quot;:&quot;&quot;,&quot;orientation&quot;:&quot;0&quot;}\" data-image-title=\"Infoblad_Samhallsentreprenor_12-13_high_cutimages\" data-image-description=\"\" data-image-caption=\"\" data-large-file=\"https:\/\/samhallsentreprenor.glokala.net\/2019-2020\/wp-content\/uploads\/2019\/08\/Infoblad_Samhallsentreprenor_12-13_high_cutimages-1024x770.jpg\" src=\"https:\/\/samhallsentreprenor.glokala.net\/2019-2020\/wp-content\/uploads\/2019\/08\/Infoblad_Samhallsentreprenor_12-13_high_cutimages-1024x770.jpg\" alt=\"\" class=\"wp-image-160\" srcset=\"https:\/\/samhallsentreprenor.glokala.net\/2019-2020\/wp-content\/uploads\/2019\/08\/Infoblad_Samhallsentreprenor_12-13_high_cutimages-1024x770.jpg 1024w, https:\/\/samhallsentreprenor.glokala.net\/2019-2020\/wp-content\/uploads\/2019\/08\/Infoblad_Samhallsentreprenor_12-13_high_cutimages-500x376.jpg 500w, https:\/\/samhallsentreprenor.glokala.net\/2019-2020\/wp-content\/uploads\/2019\/08\/Infoblad_Samhallsentreprenor_12-13_high_cutimages-768x577.jpg 768w, https:\/\/samhallsentreprenor.glokala.net\/2019-2020\/wp-content\/uploads\/2019\/08\/Infoblad_Samhallsentreprenor_12-13_high_cutimages-624x469.jpg 624w, https:\/\/samhallsentreprenor.glokala.net\/2019-2020\/wp-content\/uploads\/2019\/08\/Infoblad_Samhallsentreprenor_12-13_high_cutimages.jpg 1200w\" sizes=\"auto, (max-width: 1024px) 100vw, 1024px\" \/><\/figure>\n","protected":false},"excerpt":{"rendered":"<p>Kursbeskrivning: Samh\u00e4llsentrepren\u00f6rDistans\/internet, halvtid ht 2019 &#8211; vt 2020 Kursstart: 2 september 2019 H\u00f6sttermin: 2 september \u2013 3 januari 2020 V\u00e5rtermin: 7 januari 2020 \u2013 5 juni Tr\u00e4ffar i Malm\u00f6:\u2022 11-12 oktober\u2022 10-11 februari\u2022 6-7 maj Vad inneb\u00e4r det att vara \u201dsamh\u00e4llsentrepren\u00f6r\u201d? Entrepren\u00f6rskap \u00e4r ett begrepp som man ofta m\u00f6ter i vardagen. Att vara entrepren\u00f6r handlar [&hellip;]<\/p>\n","protected":false},"author":1,"featured_media":0,"parent":0,"menu_order":0,"comment_status":"open","ping_status":"closed","template":"","meta":{"_bbp_topic_count":0,"_bbp_reply_count":0,"_bbp_total_topic_count":0,"_bbp_total_reply_count":0,"_bbp_voice_count":0,"_bbp_anonymous_reply_count":0,"_bbp_topic_count_hidden":0,"_bbp_reply_count_hidden":0,"_bbp_forum_subforum_count":0,"jetpack_post_was_ever_published":false,"footnotes":""},"class_list":["post-142","page","type-page","status-publish","hentry"],"jetpack_sharing_enabled":true,"_links":{"self":[{"href":"https:\/\/samhallsentreprenor.glokala.net\/2019-2020\/wp-json\/wp\/v2\/pages\/142","targetHints":{"allow":["GET"]}}],"collection":[{"href":"https:\/\/samhallsentreprenor.glokala.net\/2019-2020\/wp-json\/wp\/v2\/pages"}],"about":[{"href":"https:\/\/samhallsentreprenor.glokala.net\/2019-2020\/wp-json\/wp\/v2\/types\/page"}],"author":[{"embeddable":true,"href":"https:\/\/samhallsentreprenor.glokala.net\/2019-2020\/wp-json\/wp\/v2\/users\/1"}],"replies":[{"embeddable":true,"href":"https:\/\/samhallsentreprenor.glokala.net\/2019-2020\/wp-json\/wp\/v2\/comments?post=142"}],"version-history":[{"count":0,"href":"https:\/\/samhallsentreprenor.glokala.net\/2019-2020\/wp-json\/wp\/v2\/pages\/142\/revisions"}],"wp:attachment":[{"href":"https:\/\/samhallsentreprenor.glokala.net\/2019-2020\/wp-json\/wp\/v2\/media?parent=142"}],"curies":[{"name":"wp","href":"https:\/\/api.w.org\/{rel}","templated":true}]}}