{"id":1006,"date":"2012-11-12T20:16:30","date_gmt":"2012-11-12T19:16:30","guid":{"rendered":"http:\/\/she2.glokala.se\/?page_id=1006"},"modified":"2012-11-28T14:38:53","modified_gmt":"2012-11-28T13:38:53","slug":"12-november-inre-liv","status":"publish","type":"page","link":"https:\/\/samhallsentreprenor.glokala.net\/she2\/12-november-inre-liv\/","title":{"rendered":"12 november: Inre liv"},"content":{"rendered":"<p>Hej!<\/p>\n<p>Nu \u00e4r det en ny m\u00e5ndag och vi ska starta med en ny modul!<\/p>\n<p>P\u00e5 v\u00e5r tidsplanering heter den <strong>&#8221;Inre liv&#8221;<\/strong> och vi t\u00e4nker att den ska rymma alla de aspekter som togs upp p\u00e5 internatet som ber\u00f6r det egna s\u00e4ttet att organisera sig i och kring sitt personliga samh\u00e4llsentrepren\u00f6rskap.<br \/>\nDet \u00e4r inga fr\u00e5gor som \u00e4r unika f\u00f6r just samh\u00e4llsentrepren\u00f6ren, men kanske \u00e4r tankarna kring dem lite annorlunda. M\u00e5nga metoder m\u00e5ste fungera f\u00f6r var och en personligen, det kr\u00e4vs sj\u00e4lvk\u00e4nnedom och kraft till reflektion vid motg\u00e5ng. Att lite d\u00e5 och d\u00e5 sl\u00e4nga sig hals \u00f6ver huvud in i nya projekt fungerar alldeles utm\u00e4rkt v\u00e4ldigt ofta. Men f\u00f6r att g\u00f6ra det h\u00e5llbart, m\u00f6jligt, och trevligt &#8211; vad kan vi kanske l\u00e4ra oss av varandras s\u00e4tt att ta sig an arbete och arbetsrelaterade situationer. Ofta \u00e4r arbetet n\u00e4ra ens vardag, men klarar vi oss utan gr\u00e4nsdragningen?\u00a0<em><br \/>\nHur g\u00f6r ni? Hur g\u00f6r andra?\u00a0<\/em><em>Hur vill jag jobba egentligen? Hur fokuserar jag b\u00e4st? P\u00e5 vilket s\u00e4tt m\u00f6ter jag min arbetsgrupp? Vad \u00e4r inre ledarskap, h\u00e5llbart ledarskap och m\u00f6jligg\u00f6rande ledarskap? Hur kan jag bruka min energi utan att den f\u00f6rbrukas?\u00a0<\/em><\/p>\n<p>Modulen str\u00e4cker sig \u00e4nda fram till jul och kommer att avslutas med en <a title=\"Reflektionsuppgift Inre liv\" href=\"http:\/\/samhallsentreprenor.glokala.net\/she2\/reflektionsuppgift-inre-liv\/\"><strong>personlig reflektionsuppgift<\/strong><\/a> till den 17 december. D\u00e4remellan startar vi en <strong>bokcirkel<\/strong> med anknytning till temat, som vi f\u00f6ljer upp med ett gemensamt boksamtal p\u00e5 skype den 9 december, kl.19-21.<br \/>\n<span style=\"text-decoration: underline;\">V\u00e4lj en bok att l\u00e4sa<\/span> som knyter an till de teman vi tittar p\u00e5 i den h\u00e4r delen av kursen. Mer om detta i ett <a href=\"http:\/\/samhallsentreprenor.glokala.net\/she2\/groups\/kursforum\/forum\/topic\/bokcirkel-inre-liv\/\" target=\"_blank\">inl\u00e4gg i kursforumet &#8211; l\u00e4nk<\/a> (du beh\u00f6ver vara inloggad).<\/p>\n<p>Under veckorna ger vi l\u00f6pande input, men kommer \u00e4ven ta emot input fr\u00e5n er.\u00a0I stort hade vi t\u00e4nkt g\u00f6ra tre specifika nerdyk kring omr\u00e5dena;\u00a0<em>den egna arbetssituationen<\/em>,\u00a0<em>ledarskap<\/em>, och\u00a0<em>gruppdynamik<\/em>.\u00a0Men f\u00f6r att i st\u00f6rre omfattning \u00e4ven kunna f\u00e5nga upp era erfarenheter och associationer i modulen, f\u00e5r ni vars en vecka att sj\u00e4lva publicera material p\u00e5 hemsidan som input till hela gruppen.\u00a0Det kan t.ex. vara ett boktips, filmklipp, radioprogram&#8230;n\u00e5got som du tycker h\u00f6r till \u00e4mnet och berikar din uppfattning av det. L\u00e4gg in din input som ett inl\u00e4gg p\u00e5 plattformen, <a href=\"http:\/\/www.samhallsentreprenor.glokala.se\/2012-2013\/guide-till-plattformen\/\" target=\"_blank\">en guide till att skapa inl\u00e4gg finns h\u00e4r<\/a>. Vi f\u00f6resl\u00e5r f\u00f6ljande veckoindelning, h\u00f6r av er om det inte passar:<\/p>\n<p>19 nov, v47 &#8211;\u00a0<span style=\"color: #222222;\">Towe \u00a0&amp;\u00a0<\/span>Sofia<br \/>\n26 nov, v 48 &#8211;\u00a0<span style=\"color: #222222;\">Ulrika<br \/>\n<\/span>3 dec, v 49 &#8211;\u00a0<span style=\"color: #222222;\">Bahtir &amp;\u00a0<\/span>Frida<br \/>\n10 dec, v 50 &#8211;\u00a0<span style=\"color: #222222;\">Emma &amp;\u00a0Laila<\/span><\/p>\n<p>Har du fler f\u00f6rslag till den kommande modulen s\u00e5 h\u00f6r g\u00e4rna av dig.<br \/>\nFram till dess \u00e4r det tid f\u00f6r att hinna se p\u00e5 varandras intervjuuppgifter och ge\u00a0<a href=\"http:\/\/samhallsentreprenor.glokala.net\/she2\/groups\/intervjuuppgift\/forum\/\" target=\"_blank\">feedback (du beh\u00f6ver vara inloggad)<\/a>!<\/p>\n<p><strong>Vi presenterar \u00e4ven del 2 om crowdfunding<\/strong> som en input den h\u00e4r veckan. Hannah tr\u00e4ffade och intervjuade Olof Werngren som \u00e4r en av initiativtagarna till Manymade:<\/p>\n<h1><a title=\"12 nov: Crowdfunding del 2\" href=\"http:\/\/samhallsentreprenor.glokala.net\/she2\/2012\/11\/12-nov-crowdfunding-del-2\/\" rel=\"bookmark\">12 nov: Crowdfunding del 2<\/a><\/h1>\n","protected":false},"excerpt":{"rendered":"<p>Hej! Nu \u00e4r det en ny m\u00e5ndag och vi ska starta med en ny modul! P\u00e5 v\u00e5r tidsplanering heter den &#8221;Inre liv&#8221; och vi t\u00e4nker att den ska rymma alla de aspekter som togs upp p\u00e5 internatet som ber\u00f6r det egna s\u00e4ttet att organisera sig i och kring sitt personliga samh\u00e4llsentrepren\u00f6rskap. Det \u00e4r inga fr\u00e5gor [&hellip;]<\/p>\n","protected":false},"author":2,"featured_media":0,"parent":0,"menu_order":0,"comment_status":"open","ping_status":"open","template":"","meta":{"_bbp_topic_count":0,"_bbp_reply_count":0,"_bbp_total_topic_count":0,"_bbp_total_reply_count":0,"_bbp_voice_count":0,"_bbp_anonymous_reply_count":0,"_bbp_topic_count_hidden":0,"_bbp_reply_count_hidden":0,"_bbp_forum_subforum_count":0,"footnotes":""},"class_list":["post-1006","page","type-page","status-publish","hentry"],"jetpack_sharing_enabled":true,"_links":{"self":[{"href":"https:\/\/samhallsentreprenor.glokala.net\/she2\/wp-json\/wp\/v2\/pages\/1006","targetHints":{"allow":["GET"]}}],"collection":[{"href":"https:\/\/samhallsentreprenor.glokala.net\/she2\/wp-json\/wp\/v2\/pages"}],"about":[{"href":"https:\/\/samhallsentreprenor.glokala.net\/she2\/wp-json\/wp\/v2\/types\/page"}],"author":[{"embeddable":true,"href":"https:\/\/samhallsentreprenor.glokala.net\/she2\/wp-json\/wp\/v2\/users\/2"}],"replies":[{"embeddable":true,"href":"https:\/\/samhallsentreprenor.glokala.net\/she2\/wp-json\/wp\/v2\/comments?post=1006"}],"version-history":[{"count":14,"href":"https:\/\/samhallsentreprenor.glokala.net\/she2\/wp-json\/wp\/v2\/pages\/1006\/revisions"}],"predecessor-version":[{"id":1014,"href":"https:\/\/samhallsentreprenor.glokala.net\/she2\/wp-json\/wp\/v2\/pages\/1006\/revisions\/1014"}],"wp:attachment":[{"href":"https:\/\/samhallsentreprenor.glokala.net\/she2\/wp-json\/wp\/v2\/media?parent=1006"}],"curies":[{"name":"wp","href":"https:\/\/api.w.org\/{rel}","templated":true}]}}