{"id":1326,"date":"2013-01-27T10:43:21","date_gmt":"2013-01-27T09:43:21","guid":{"rendered":"http:\/\/she2.glokala.se\/?page_id=1326"},"modified":"2013-02-17T17:07:02","modified_gmt":"2013-02-17T16:07:02","slug":"uppgift-omvarldsanalys","status":"publish","type":"page","link":"https:\/\/samhallsentreprenor.glokala.net\/she2\/uppgift-omvarldsanalys\/","title":{"rendered":"Uppgift: Omv\u00e4rldsanalys"},"content":{"rendered":"<h3><img data-recalc-dims=\"1\" loading=\"lazy\" decoding=\"async\" class=\"wp-image-1327 aligncenter\" style=\"font-size: 13px; font-weight: normal;\" alt=\"1209-trying-to-change-the-world\" src=\"https:\/\/i0.wp.com\/samhallsentreprenor.glokala.net\/she2\/wp-content\/uploads\/2013\/01\/1209-trying-to-change-the-world.jpeg?resize=183%2C183\" width=\"183\" height=\"183\" srcset=\"https:\/\/i0.wp.com\/samhallsentreprenor.glokala.net\/she2\/wp-content\/uploads\/2013\/01\/1209-trying-to-change-the-world.jpeg?w=229&amp;ssl=1 229w, https:\/\/i0.wp.com\/samhallsentreprenor.glokala.net\/she2\/wp-content\/uploads\/2013\/01\/1209-trying-to-change-the-world.jpeg?resize=150%2C150&amp;ssl=1 150w, https:\/\/i0.wp.com\/samhallsentreprenor.glokala.net\/she2\/wp-content\/uploads\/2013\/01\/1209-trying-to-change-the-world.jpeg?resize=96%2C96&amp;ssl=1 96w, https:\/\/i0.wp.com\/samhallsentreprenor.glokala.net\/she2\/wp-content\/uploads\/2013\/01\/1209-trying-to-change-the-world.jpeg?resize=24%2C24&amp;ssl=1 24w, https:\/\/i0.wp.com\/samhallsentreprenor.glokala.net\/she2\/wp-content\/uploads\/2013\/01\/1209-trying-to-change-the-world.jpeg?resize=36%2C36&amp;ssl=1 36w, https:\/\/i0.wp.com\/samhallsentreprenor.glokala.net\/she2\/wp-content\/uploads\/2013\/01\/1209-trying-to-change-the-world.jpeg?resize=48%2C48&amp;ssl=1 48w, https:\/\/i0.wp.com\/samhallsentreprenor.glokala.net\/she2\/wp-content\/uploads\/2013\/01\/1209-trying-to-change-the-world.jpeg?resize=64%2C64&amp;ssl=1 64w\" sizes=\"auto, (max-width: 183px) 100vw, 183px\" \/><\/h3>\n<p style=\"text-align: center;\">\u00a0<i>Var befinner sig de initiativ och id\u00e9er vi driver i relation till vad som h\u00e4nder runt omkring oss i S<\/i><i>verige och i v\u00e4rld<\/i><i>en?<br \/>\nVilka grundomr\u00e5den eller fr\u00e5gor angrips av samh\u00e4llsentrepren\u00f6rer i olika l\u00e4nder<br \/>\n<\/i><i>och vilka m<\/i><i>etoder har SHE i olika l\u00e4nder?<br \/>\n<\/i><i>Hur utvecklas f\u00e4ltet som s\u00e5dant internationellt?<br \/>\n<\/i><i>Vilka samarbeten skapas organisatoriskt mellan akt\u00f6rer som driver p\u00e5 utvecklingen?<\/i><\/p>\n<p>Med den h\u00e4r uppgiften knyter vi ihop modulen och de fr\u00e5gest\u00e4llningar som presenterades\u00a0i\u00a0samband med den.<\/p>\n<p><b>V\u00e4lj ett land\/omr\u00e5de, ett projekt eller ett tema som du beskriver i en kort omv\u00e4rldsanalys<\/b>, vill du s\u00e5 ta hj\u00e4lp av fr\u00e5gorna ovan, eller utveckla d\u00e4rifr\u00e5n efter intresse.<\/p>\n<p>Beroende p\u00e5 din ing\u00e5ng till \u00e4mnet kan du l\u00e4gga upp researchen helt fritt; alltifr\u00e5n att du utg\u00e5r fr\u00e5n n\u00e5gon personlig kontakt till att du g\u00f6r en internetresearch om \u00e4mnet. Till exempel kan du intervjua en SHE-&#8221;kollega&#8221; som du k\u00e4nner utomlands om f\u00f6ruts\u00e4ttningarna f\u00f6r projekten d\u00e4r just nu etc. Du kan ocks\u00e5 v\u00e4lja att beskriva en stad eller ett projekt med fokus p\u00e5 den samh\u00e4llsentrepren\u00f6riella utvecklingen. Eller ta kontakt med en representant p\u00e5 annat h\u00e5ll f\u00f6r ett \u00e4mne som intresserar dig. V\u00e4lj fritt efter lust och m\u00f6jlighet!<\/p>\n<p><b>Skriv en sida, h\u00f6gst tv\u00e5, och l\u00e4gg den i <a href=\"http:\/\/samhallsentreprenor.glokala.net\/she2\/groups\/omvarldsanalys\/\">forumet<\/a> senast den 11 februari.<\/b> Men kom ih\u00e5g att inl\u00e4mningsformen som vanligt \u00e4r helt fri; kanske passar det b\u00e4ttre med en intervjuinspelning, film eller kollage&#8230;?<\/p>\n<p>&#8212;&#8212;&#8212;&#8212;&#8212;&#8212;&#8212;<\/p>\n<p><b>Tips p\u00e5 sidor om Samh\u00e4llsentrepren\u00f6rskap internationellt:<\/b><\/p>\n<p><a href=\"http:\/\/www.mindmeister.com\/190131707\/living-bridges-planet\">http:\/\/www.mindmeister.com\/190131707\/living-bridges-planet<br \/>\n<\/a><i>(En sida som bl.a.<\/i><i> Bert-Ola Bergstrand har varit engagerad i. Tanken \u00e4r att skapa ett internationellt n\u00e4tverk av samh\u00e4llsentrepren\u00f6rer och fullt med information om relevanta \u00e4mnen. Kan vara sv\u00e5r att navigera, men l\u00e4nklistan och youtube-kanalen \u00e4r kanske en bra b\u00f6rjan f\u00f6r v\u00e5r uppgift?)<\/i><\/p>\n<p><a href=\"http:\/\/www.socialinnovationeurope.eu\/\" target=\"_blank\">http:\/\/www.socialinnovationeurope.eu\/<br \/>\n<\/a><a href=\"http:\/\/www.socialinnovationexchange.org\/\" target=\"_blank\">http:\/\/www.socialinnovationexchange.org\/<br \/>\n<\/a><a href=\"http:\/\/socialenterprise.guardian.co.uk\/\" target=\"_blank\">http:\/\/socialenterprise.guardian.co.uk\/<br \/>\n<\/a><a href=\"http:\/\/www.ssireview.org\/\" target=\"_blank\">http:\/\/www.ssireview.org\/<\/a><\/p>\n<p>&#8212;&#8212;&#8212;&#8212;&#8212;&#8212;&#8212;<\/p>\n<h2>Respons &#8211; kommentarer<\/h2>\n<p>Vi har gjort en indelning f\u00f6r inb\u00f6rdes kommentarer till omv\u00e4rldsanalysen.<\/p>\n<p>Skriv en kommentar med dina reflektioner. Vilka tankar v\u00e4cker analysen? Vilka fr\u00e5gor v\u00e4cks och vad skulle kunna utvecklas?<\/p>\n<p>Tid: Till 22 februari.<br \/>\nL\u00e4gg in dina kommentarer i inl\u00e4mningsforumet (inloggad): <a href=\"http:\/\/samhallsentreprenor.glokala.net\/she2\/groups\/omvarldsanalys\/forum\/\" target=\"_blank\">http:\/\/samhallsentreprenor.glokala.net\/she2\/groups\/<wbr \/>omvarldsanalys\/forum\/<\/a><\/p>\n<p>Ulrika: Ger kommentarer till Bahtir och Frida<\/p>\n<p>Bahtir: Ger kommentarer till Frida och Towe<\/p>\n<p>Frida: Ger kommentarer till Towe och Emma<\/p>\n<p>Towe: Ger kommentarer till Emma och Ulrika<\/p>\n<p>Emma: Ger kommentarer till Ulrika och Bahtir<\/p>\n<p>Givetvis fritt fram att l\u00e4sa alla analyserna och ge kommentarer!<\/p>\n","protected":false},"excerpt":{"rendered":"<p>\u00a0Var befinner sig de initiativ och id\u00e9er vi driver i relation till vad som h\u00e4nder runt omkring oss i Sverige och i v\u00e4rlden? Vilka grundomr\u00e5den eller fr\u00e5gor angrips av samh\u00e4llsentrepren\u00f6rer i olika l\u00e4nder och vilka metoder har SHE i olika l\u00e4nder? Hur utvecklas f\u00e4ltet som s\u00e5dant internationellt? Vilka samarbeten skapas organisatoriskt mellan akt\u00f6rer som driver [&hellip;]<\/p>\n","protected":false},"author":2,"featured_media":0,"parent":0,"menu_order":0,"comment_status":"open","ping_status":"open","template":"","meta":{"_bbp_topic_count":0,"_bbp_reply_count":0,"_bbp_total_topic_count":0,"_bbp_total_reply_count":0,"_bbp_voice_count":0,"_bbp_anonymous_reply_count":0,"_bbp_topic_count_hidden":0,"_bbp_reply_count_hidden":0,"_bbp_forum_subforum_count":0,"footnotes":""},"class_list":["post-1326","page","type-page","status-publish","hentry"],"jetpack_sharing_enabled":true,"_links":{"self":[{"href":"https:\/\/samhallsentreprenor.glokala.net\/she2\/wp-json\/wp\/v2\/pages\/1326","targetHints":{"allow":["GET"]}}],"collection":[{"href":"https:\/\/samhallsentreprenor.glokala.net\/she2\/wp-json\/wp\/v2\/pages"}],"about":[{"href":"https:\/\/samhallsentreprenor.glokala.net\/she2\/wp-json\/wp\/v2\/types\/page"}],"author":[{"embeddable":true,"href":"https:\/\/samhallsentreprenor.glokala.net\/she2\/wp-json\/wp\/v2\/users\/2"}],"replies":[{"embeddable":true,"href":"https:\/\/samhallsentreprenor.glokala.net\/she2\/wp-json\/wp\/v2\/comments?post=1326"}],"version-history":[{"count":8,"href":"https:\/\/samhallsentreprenor.glokala.net\/she2\/wp-json\/wp\/v2\/pages\/1326\/revisions"}],"predecessor-version":[{"id":1428,"href":"https:\/\/samhallsentreprenor.glokala.net\/she2\/wp-json\/wp\/v2\/pages\/1326\/revisions\/1428"}],"wp:attachment":[{"href":"https:\/\/samhallsentreprenor.glokala.net\/she2\/wp-json\/wp\/v2\/media?parent=1326"}],"curies":[{"name":"wp","href":"https:\/\/api.w.org\/{rel}","templated":true}]}}