{"id":1395,"date":"2013-02-08T12:21:29","date_gmt":"2013-02-08T11:21:29","guid":{"rendered":"http:\/\/she2.glokala.se\/?page_id=1395"},"modified":"2013-03-15T14:23:52","modified_gmt":"2013-03-15T13:23:52","slug":"internat-23-24-februari","status":"publish","type":"page","link":"https:\/\/samhallsentreprenor.glokala.net\/she2\/internat-23-24-februari\/","title":{"rendered":"Internat 23-24 februari"},"content":{"rendered":"<p><em>Tack f\u00f6r ett riktigt fint och fullsp\u00e4ckat internat i G\u00f6teborg, helgen 23-24 februari 2013.<\/em><br \/>\n<em> H\u00e4r en liten recap p\u00e5 vad vi gjorde!<\/em><\/p>\n<h3>L\u00f6rdag 23 februari<\/h3>\n<p><strong>12:00 &#8211; 13:45 Lunch med buff\u00e9 p\u00e5 <a href=\"http:\/\/www.sfinx.coop\/author\/cafetellus\/\" target=\"_blank\">Caf\u00e9 Tellus<\/a><\/strong> (vi bjuder p\u00e5 lunchen!)<br \/>\nI Folkuniversitetets lokaler p\u00e5 Norra All\u00e9gatan 6.<br \/>\n&#8221;Caf\u00e9 Tellus best\u00e5r idag av \u00e5tta kvinnor ifr\u00e5n fyra olika l\u00e4nder med ett brinnande intresse f\u00f6r matlagning och med goda kunskaper om caf\u00e9arbete. F\u00f6rarbetet best\u00e5r av att utforma caf\u00e9-meny, provlaga maten, j\u00e4mf\u00f6r leverant\u00f6rer, l\u00e4gga schema utrusta k\u00f6ket, paketera och marknadsf\u00f6ra sig samt mycket mera. Parallellt f\u00e5r gruppen utbildning i hur ekonomin ska sk\u00f6tas och vad det inneb\u00e4r att bli f\u00f6retagare i ett socialt f\u00f6retag.&#8221;<\/p>\n<p><a href=\"http:\/\/samhallsentreprenor.glokala.net\/she2\/internat-23-24-februari\/cafe-tellus\/\" rel=\"attachment wp-att-1453\"><img data-recalc-dims=\"1\" loading=\"lazy\" decoding=\"async\" class=\"alignright size-full wp-image-1453\" alt=\"caf\u00e9 tellus\" src=\"https:\/\/i0.wp.com\/samhallsentreprenor.glokala.net\/she2\/wp-content\/uploads\/2013\/02\/caf%C3%A9-tellus.jpg?resize=1024%2C768\" width=\"1024\" height=\"768\" srcset=\"https:\/\/i0.wp.com\/samhallsentreprenor.glokala.net\/she2\/wp-content\/uploads\/2013\/02\/caf%C3%A9-tellus.jpg?w=1024&amp;ssl=1 1024w, https:\/\/i0.wp.com\/samhallsentreprenor.glokala.net\/she2\/wp-content\/uploads\/2013\/02\/caf%C3%A9-tellus.jpg?resize=400%2C300&amp;ssl=1 400w\" sizes=\"auto, (max-width: 1000px) 100vw, 1000px\" \/><\/a><\/p>\n<p><em>Medan vi \u00e5t riktigt gott fr\u00e5n en internationell buff\u00e9 som damerna i Caf\u00e9 Tellus hade lagat till oss, fick vi \u00e4ven bes\u00f6k fr\u00e5n <a href=\"https:\/\/www.facebook.com\/KulturhusKviberg\" target=\"_blank\">Kulturhuset Kviberg<\/a>, som en f\u00f6rsmak p\u00e5 s\u00f6ndagens tur till Kvibergs marknad.\u00a0Lisa Rosenberg (t.h. i gruppbilden) \u00e4r samordnare f\u00f6r projektet att starta upp ett sj\u00e4lvorganiserat och alternativt kulturhus i anslutning till marknaden. Hon \u00e5t lunch med oss och ber\u00e4ttade om arbetsprocessen.<\/em><\/p>\n<p><strong>14:00 &#8211; 15:00 Studiebes\u00f6k hos\u00a0<a href=\"http:\/\/forumskill.com\/mamas-retro\/\" target=\"_blank\">Mama&#8217;s Retro<\/a><\/strong><\/p>\n<p>Tredje L\u00e5nggatan 36.<br \/>\n&#8221;Mamas Retro \u00e4r en secondhandbutik med barnkl\u00e4der, mammakl\u00e4der och leksaker. Butiken drivs som ett socialt f\u00f6retag med syfte att erbjuda v\u00e4gar till empowerment, utbildning och meningsfullt arbete f\u00f6r kvinnor med olika bakgrunder. Med projektet vill vi skapa en plattform som binder samman utbildning, inom vuxenutbildning och folkbildningen, med m\u00e5lgruppens och samh\u00e4llets behov av arbete och tj\u00e4nster.&#8221;<\/p>\n<p><a href=\"http:\/\/samhallsentreprenor.glokala.net\/she2\/internat-23-24-februari\/mamas-retro\/\" rel=\"attachment wp-att-1454\"><img data-recalc-dims=\"1\" loading=\"lazy\" decoding=\"async\" class=\"alignright size-full wp-image-1454\" alt=\"mamas retro\" src=\"https:\/\/i0.wp.com\/samhallsentreprenor.glokala.net\/she2\/wp-content\/uploads\/2013\/02\/mamas-retro.jpg?resize=1024%2C768\" width=\"1024\" height=\"768\" srcset=\"https:\/\/i0.wp.com\/samhallsentreprenor.glokala.net\/she2\/wp-content\/uploads\/2013\/02\/mamas-retro.jpg?w=1024&amp;ssl=1 1024w, https:\/\/i0.wp.com\/samhallsentreprenor.glokala.net\/she2\/wp-content\/uploads\/2013\/02\/mamas-retro.jpg?resize=400%2C300&amp;ssl=1 400w\" sizes=\"auto, (max-width: 1000px) 100vw, 1000px\" \/><\/a><\/p>\n<p><em>Vi blev varmt emottagna hos Mamas Retro och fick en direkt inblick i utvecklingsarbetet de finns i. Flera nya sp\u00e4nnande projekt verkar vara i utveckling! Bland annat <a href=\"http:\/\/forumskill.com\/norma\/\" target=\"_blank\">Norma<\/a>.<\/em><\/p>\n<p><strong>15:15 &#8211; 17:00 Studiebes\u00f6k p\u00e5 <a href=\"http:\/\/www.pavementgbg.se\/\" target=\"_blank\">Pavement &#8211; Coworking<\/a> och m\u00f6te med <a href=\"http:\/\/stadsjord.se\/\" target=\"_blank\">Stadsjord<\/a><a href=\"http:\/\/win-win.se\/\" target=\"_blank\"><br \/>\n<\/a><\/strong>Andra L\u00e5nggatan 27<br \/>\n&#8221;Stadsjord handlar om odling, lokal mat och samverkan i kvarteret. Vi vill skapa en nygammal h\u00e5llbarhetskultur och bygger\u00a0m\u00f6tesplatser f\u00f6r m\u00e4nniskor av alla sorter som vill vara med och g\u00f6ra kvarteret litet blommigare, roligare, varmare och mer h\u00e5llbart.&#8221;<\/p>\n<p><a href=\"http:\/\/samhallsentreprenor.glokala.net\/she2\/internat-23-24-februari\/stadsjord\/\" rel=\"attachment wp-att-1455\"><img data-recalc-dims=\"1\" loading=\"lazy\" decoding=\"async\" class=\"alignright size-full wp-image-1455\" alt=\"stadsjord\" src=\"https:\/\/i0.wp.com\/samhallsentreprenor.glokala.net\/she2\/wp-content\/uploads\/2013\/02\/stadsjord.jpg?resize=1024%2C768\" width=\"1024\" height=\"768\" srcset=\"https:\/\/i0.wp.com\/samhallsentreprenor.glokala.net\/she2\/wp-content\/uploads\/2013\/02\/stadsjord.jpg?w=1024&amp;ssl=1 1024w, https:\/\/i0.wp.com\/samhallsentreprenor.glokala.net\/she2\/wp-content\/uploads\/2013\/02\/stadsjord.jpg?resize=400%2C300&amp;ssl=1 400w\" sizes=\"auto, (max-width: 1000px) 100vw, 1000px\" \/><\/a><\/p>\n<p><em>Niklas Wennberg h\u00f6ll en rafflande f\u00f6rel\u00e4sning om v\u00e5r gemensamma urbana framtid och om v\u00e5rt odlingsansvar h\u00e4r i norr. F\u00f6r att m\u00f6ta v\u00e5r l\u00e4ngtan efter &#8221;begripliga landskap&#8221; och samtidigt handgripligen ta tag i milj\u00f6fr\u00e5gan genom strategisk markanv\u00e4ndning har Stadsjord\u00a0verkat bli en slagkraftig organisation i G\u00f6teborg. Vi satt som fastspikade under hela f\u00f6rel\u00e4sningen, d\u00e4rav enbart n\u00e5gra f\u00e5 bilder innan Niklas sprang iv\u00e4g till kv\u00e4llsmatningen av grisarna och vi gick vidare till Hagabions Caf\u00e9 f\u00f6r att\u00a0diskutera de <a title=\"Bokf\u00f6rslag\" href=\"http:\/\/samhallsentreprenor.glokala.net\/she2\/2013\/01\/bokforslag\/\" target=\"_blank\">b\u00f6cker vi har l\u00e4st<\/a>.<\/em><\/p>\n<h3>S\u00f6ndag 24 februari<\/h3>\n<p><strong>09:00 &#8211; 11:30 Planering f\u00f6r v\u00e5ren i kursen &#8211; hos <a href=\"http:\/\/www.fia-angered.se\/\" target=\"_blank\">Folkh\u00f6gskolan i Angered<\/a><\/strong><br \/>\nHammarkulletorget 62 b, Angered <a href=\"http:\/\/goo.gl\/maps\/MYWua\" target=\"_blank\">http:\/\/goo.gl\/maps\/MYWua<\/a><br \/>\nVi planerar gemensamt kursens uppl\u00e4gg f\u00f6r v\u00e5ren och \u00e5terkopplade \u00e4ven till v\u00e5rt p\u00e5g\u00e5ende, individuella arbete genom en visuell projektprocess.<\/p>\n<p><a href=\"http:\/\/samhallsentreprenor.glokala.net\/she2\/internat-23-24-februari\/varplanering\/\" rel=\"attachment wp-att-1456\"><img data-recalc-dims=\"1\" loading=\"lazy\" decoding=\"async\" class=\"alignright size-full wp-image-1456\" alt=\"v\u00e5rplanering\" src=\"https:\/\/i0.wp.com\/samhallsentreprenor.glokala.net\/she2\/wp-content\/uploads\/2013\/02\/v%C3%A5rplanering.jpg?resize=1024%2C768\" width=\"1024\" height=\"768\" srcset=\"https:\/\/i0.wp.com\/samhallsentreprenor.glokala.net\/she2\/wp-content\/uploads\/2013\/02\/v%C3%A5rplanering.jpg?w=1024&amp;ssl=1 1024w, https:\/\/i0.wp.com\/samhallsentreprenor.glokala.net\/she2\/wp-content\/uploads\/2013\/02\/v%C3%A5rplanering.jpg?resize=400%2C300&amp;ssl=1 400w\" sizes=\"auto, (max-width: 1000px) 100vw, 1000px\" \/><\/a><\/p>\n<p>&nbsp;<\/p>\n<p><strong>12:00 &#8211; 13:30 Lunch p\u00e5 <a href=\"http:\/\/blog.vagenut.coop\/\" target=\"_blank\">L\u00e4rje\u00e5ns Kaf\u00e9 och Tr\u00e4dg\u00e5rdar<\/a><\/strong> <strong>och m\u00f6te med <a href=\"http:\/\/tikitut.se\/\" target=\"_blank\">Tikitut<\/a><\/strong><br \/>\nEkevadsv\u00e4gen 5, Angered.<br \/>\nLunch med introduktion till verksamheten p\u00e5 L\u00e4rje\u00e5ns tr\u00e4dg\u00e5rdar. <em>Dessutom kom Ulla Gawlik och hennes kollega Mehmet Yamanlar och \u00e5t lunch med oss och ber\u00e4ttade om utvecklingen i Tikitut &#8211; &#8221;Community-based tourism n\u00e4r den \u00e4r som b\u00e4st&#8221;. Efter maten fick vi en resum\u00e9 av V\u00e4gen ut-kooperativet och dess verksamhet just p\u00e5 L\u00e4rge\u00e5ns Kaf\u00e9 och Tr\u00e4dg\u00e5rdar.<\/em><\/p>\n<p><a href=\"http:\/\/samhallsentreprenor.glokala.net\/she2\/internat-23-24-februari\/tikitut-larjean\/\" rel=\"attachment wp-att-1457\"><img data-recalc-dims=\"1\" loading=\"lazy\" decoding=\"async\" class=\"alignright size-full wp-image-1457\" alt=\"tikitut, l\u00e4rje\u00e5n\" src=\"https:\/\/i0.wp.com\/samhallsentreprenor.glokala.net\/she2\/wp-content\/uploads\/2013\/02\/tikitut-l%C3%A4rje%C3%A5n.jpg?resize=1024%2C768\" width=\"1024\" height=\"768\" srcset=\"https:\/\/i0.wp.com\/samhallsentreprenor.glokala.net\/she2\/wp-content\/uploads\/2013\/02\/tikitut-l%C3%A4rje%C3%A5n.jpg?w=1024&amp;ssl=1 1024w, https:\/\/i0.wp.com\/samhallsentreprenor.glokala.net\/she2\/wp-content\/uploads\/2013\/02\/tikitut-l%C3%A4rje%C3%A5n.jpg?resize=400%2C300&amp;ssl=1 400w\" sizes=\"auto, (max-width: 1000px) 100vw, 1000px\" \/><\/a><\/p>\n<p>&nbsp;<\/p>\n<p><strong>13:30 &#8211; 15:00 Bes\u00f6k p\u00e5 Kvibergs Marknad och m\u00f6te med <a href=\"https:\/\/www.facebook.com\/KulturhusKviberg\" target=\"_blank\">Kulturhus Kviberg<\/a><a href=\"http:\/\/tikitut.se\/\" target=\"_blank\"><br \/>\n<\/a><\/strong>&#8221;Kvibergs Marknad lockar varje helg \u00f6ver 10 000 bes\u00f6kare i alla \u00e5ldrar. Det \u00e4r en av G\u00f6teborgs st\u00f6rsta sociala m\u00f6tesplatser med ett sp\u00e4nnande utbud av begagnade saker, mat och spr\u00e5k i en h\u00e4rlig basark\u00e4nsla. Kvibergs Marknad \u00e4r ett bra exempel p\u00e5 hur sociala band, kultur och entrepren\u00f6rskap f\u00e5r lov att blomstra p\u00e5 en och samma plats. Detta \u00e4r n\u00e5got som \u00e4r viktigt att bygga vidare p\u00e5.<br \/>\nD\u00e4rf\u00f6r vill vi skapa ett alternativt kulturhus som \u00e4r sj\u00e4lvorganiserat. Det betyder att inneh\u00e5llet ska best\u00e4mmas av dem som anv\u00e4nder det. Detta menar vi skapar social h\u00e5llbar utveckling f\u00f6r stadsdelen och G\u00f6teborg.&#8221;<br \/>\n<a href=\"http:\/\/samhallsentreprenor.glokala.net\/she2\/wp-content\/uploads\/2013\/02\/Infoblad-kort-version-utkast-4.pdf\" target=\"_blank\">Pdf-infoblad om Kulturhus Kviberg<\/a><\/p>\n<p><strong>15:30 &#8211; 16:00 \u00a0Bes\u00f6k hos kooperativet<\/strong> <a href=\"www.beateberg.se\" target=\"_blank\">Beatebergs Hunddagis<\/a> (d\u00e4r Frida jobbar)<br \/>\n<em>Ett socialt f\u00f6retag med m\u00e5nga \u00e5r p\u00e5 nacken! Vi hade sp\u00e4nnande samtal om utmaningarna i en verksamhet som har funnits l\u00e4nge, om strategier f\u00f6r utveckling i verksamheten.<\/em><\/p>\n<p>&#8211; &#8211;<\/p>\n<p><em>Praktiskt<\/em><\/p>\n<p><em>Glokala ger ers\u00e4ttning f\u00f6r resor, lokala resor i G\u00f6teborg och boende upp till 750 kr, mot kvitton\/biljetter.<\/em><br \/>\n<em> Information om biljetter i lokaltrafiken finns h\u00e4r: <a href=\"http:\/\/www.vasttrafik.se\/#!\/biljetter-priser\/\" target=\"_blank\">http:\/\/www.vasttrafik.se\/#!\/biljetter-priser\/<\/a><\/em><\/p>\n<p><em>Mat under dagarna: Glokala st\u00e5r f\u00f6r lunch l\u00f6rdag och s\u00f6ndag d\u00e5 det integreras med studiebes\u00f6k. Fika under l\u00f6rdag\/s\u00f6ndag st\u00e5r var och en sj\u00e4lv f\u00f6r.<\/em><\/p>\n","protected":false},"excerpt":{"rendered":"<p>Tack f\u00f6r ett riktigt fint och fullsp\u00e4ckat internat i G\u00f6teborg, helgen 23-24 februari 2013. H\u00e4r en liten recap p\u00e5 vad vi gjorde! L\u00f6rdag 23 februari 12:00 &#8211; 13:45 Lunch med buff\u00e9 p\u00e5 Caf\u00e9 Tellus (vi bjuder p\u00e5 lunchen!) I Folkuniversitetets lokaler p\u00e5 Norra All\u00e9gatan 6. &#8221;Caf\u00e9 Tellus best\u00e5r idag av \u00e5tta kvinnor ifr\u00e5n fyra olika [&hellip;]<\/p>\n","protected":false},"author":1001021,"featured_media":0,"parent":0,"menu_order":0,"comment_status":"open","ping_status":"open","template":"","meta":{"_bbp_topic_count":0,"_bbp_reply_count":0,"_bbp_total_topic_count":0,"_bbp_total_reply_count":0,"_bbp_voice_count":0,"_bbp_anonymous_reply_count":0,"_bbp_topic_count_hidden":0,"_bbp_reply_count_hidden":0,"_bbp_forum_subforum_count":0,"footnotes":""},"class_list":["post-1395","page","type-page","status-publish","hentry"],"jetpack_sharing_enabled":true,"_links":{"self":[{"href":"https:\/\/samhallsentreprenor.glokala.net\/she2\/wp-json\/wp\/v2\/pages\/1395","targetHints":{"allow":["GET"]}}],"collection":[{"href":"https:\/\/samhallsentreprenor.glokala.net\/she2\/wp-json\/wp\/v2\/pages"}],"about":[{"href":"https:\/\/samhallsentreprenor.glokala.net\/she2\/wp-json\/wp\/v2\/types\/page"}],"author":[{"embeddable":true,"href":"https:\/\/samhallsentreprenor.glokala.net\/she2\/wp-json\/wp\/v2\/users\/1001021"}],"replies":[{"embeddable":true,"href":"https:\/\/samhallsentreprenor.glokala.net\/she2\/wp-json\/wp\/v2\/comments?post=1395"}],"version-history":[{"count":11,"href":"https:\/\/samhallsentreprenor.glokala.net\/she2\/wp-json\/wp\/v2\/pages\/1395\/revisions"}],"predecessor-version":[{"id":1398,"href":"https:\/\/samhallsentreprenor.glokala.net\/she2\/wp-json\/wp\/v2\/pages\/1395\/revisions\/1398"}],"wp:attachment":[{"href":"https:\/\/samhallsentreprenor.glokala.net\/she2\/wp-json\/wp\/v2\/media?parent=1395"}],"curies":[{"name":"wp","href":"https:\/\/api.w.org\/{rel}","templated":true}]}}