{"id":2017,"date":"2013-09-13T10:16:34","date_gmt":"2013-09-13T08:16:34","guid":{"rendered":"http:\/\/she2.glokala.se\/?page_id=2017"},"modified":"2014-05-28T11:19:17","modified_gmt":"2014-05-28T09:19:17","slug":"kursoversikt-2013-2014","status":"publish","type":"page","link":"https:\/\/samhallsentreprenor.glokala.net\/she2\/kursoversikt-2013-2014\/","title":{"rendered":"Kurs\u00f6versikt 2013-2014"},"content":{"rendered":"<p><strong>Tids\u00f6versikt f\u00f6r \u00e5ret 2013-2014.<\/strong> Uppdateras l\u00f6pande med teman och uppgifter.<\/p>\n<p>Uppstart och planering: 12 augusti &#8211; 15 september<br \/>\nF\u00f6rsta tr\u00e4ff i Malm\u00f6: <a title=\"7-8 september \u2013 Post-its och en dagbok \u00f6ver dr\u00f6mmar\" href=\"http:\/\/samhallsentreprenor.glokala.net\/she2\/2013\/09\/7-8-september-post-its-och-en-dagbok-over-drommar\/\" target=\"_blank\">7-8 september<\/a><\/p>\n<table width=\"696\" border=\"0\" frame=\"VOID\" rules=\"NONE\" cellspacing=\"0\">\n<colgroup>\n<col width=\"120\" \/>\n<col width=\"240\" \/>\n<col width=\"36\" \/>\n<col width=\"110\" \/>\n<col width=\"25\" \/>\n<col width=\"135\" \/><\/colgroup>\n<tbody>\n<tr>\n<td align=\"LEFT\" valign=\"MIDDLE\" width=\"120\" height=\"34\"><span style=\"text-decoration: underline;\">Vecka \/ datum<\/span><\/td>\n<td style=\"text-align: center;\" align=\"LEFT\" valign=\"MIDDLE\" width=\"240\"><span style=\"text-decoration: underline;\">Tema \/ uppgifter<\/span><\/td>\n<td align=\"LEFT\" valign=\"MIDDLE\" width=\"36\"><\/td>\n<td style=\"border-left: 3px solid #ff6633;\" align=\"LEFT\" valign=\"MIDDLE\" width=\"110\"><span style=\"text-decoration: underline;\">Litteraturl\u00e4sning<\/span><\/td>\n<td align=\"LEFT\" valign=\"MIDDLE\" width=\"25\"><\/td>\n<td style=\"border-left: 3px solid #33a3a3;\" align=\"LEFT\" valign=\"MIDDLE\" width=\"135\"><span style=\"text-decoration: underline;\">Coachning &#8211; m\u00f6jlighet<br \/>\n<\/span><\/td>\n<\/tr>\n<tr>\n<td align=\"LEFT\" height=\"17\"><\/td>\n<td align=\"LEFT\"><\/td>\n<td align=\"LEFT\"><\/td>\n<td align=\"LEFT\"><\/td>\n<td align=\"LEFT\"><\/td>\n<td align=\"LEFT\"><\/td>\n<\/tr>\n<tr>\n<td align=\"LEFT\" height=\"17\"><\/td>\n<td align=\"LEFT\"><strong>UPPSTART &amp; PLANERING<br \/>\n<\/strong><\/td>\n<td align=\"LEFT\"><\/td>\n<td align=\"LEFT\"><\/td>\n<td align=\"LEFT\"><\/td>\n<td align=\"LEFT\"><\/td>\n<\/tr>\n<tr>\n<td align=\"LEFT\" height=\"17\">12 aug &#8211; 15 sept<\/td>\n<td align=\"LEFT\">Uppstart med intro\/inspiration<\/td>\n<td align=\"LEFT\"><\/td>\n<td align=\"LEFT\"><\/td>\n<td align=\"LEFT\"><\/td>\n<td align=\"LEFT\"><\/td>\n<\/tr>\n<tr>\n<td align=\"LEFT\" height=\"17\">7-8 sept<\/td>\n<td align=\"LEFT\"><a title=\"7-8 september \u2013 Post-its och en dagbok \u00f6ver dr\u00f6mmar\" href=\"http:\/\/samhallsentreprenor.glokala.net\/she2\/2013\/09\/7-8-september-post-its-och-en-dagbok-over-drommar\/\">Internattr\u00e4ff i Malm\u00f6 &#8211; kursplanering<\/a><\/td>\n<td align=\"LEFT\"><\/td>\n<td align=\"LEFT\"><\/td>\n<td align=\"LEFT\"><\/td>\n<td align=\"LEFT\"><\/td>\n<\/tr>\n<tr>\n<td align=\"LEFT\"><\/td>\n<td align=\"LEFT\"><\/td>\n<td align=\"LEFT\"><\/td>\n<td align=\"LEFT\"><\/td>\n<td align=\"LEFT\"><\/td>\n<td align=\"LEFT\"><\/td>\n<\/tr>\n<tr>\n<td align=\"LEFT\" height=\"17\">16 sept<\/td>\n<td align=\"LEFT\"><strong><strong><strong>INRE LIV<br \/>\n<\/strong><\/strong><\/strong><a href=\"http:\/\/samhallsentreprenor.glokala.net\/she2\/groups\/skiss-ideprojekt\/forum\/\" target=\"_blank\"><strong>Uppgift: Skiss id\u00e9\/projekt<\/strong> (inloggad)<\/a><br \/>\nInl\u00e4mning: 22 sept.<\/td>\n<td align=\"LEFT\"><\/td>\n<td align=\"LEFT\"><\/td>\n<td align=\"LEFT\"><\/td>\n<td style=\"border-left: 3px solid #33a3a3;\" align=\"LEFT\"><\/td>\n<\/tr>\n<tr>\n<td align=\"LEFT\" height=\"17\">23 sept<\/td>\n<td align=\"LEFT\">\n<p dir=\"ltr\"><strong><a title=\"23 september \u2013 Intervjuuppgift\" href=\"http:\/\/samhallsentreprenor.glokala.net\/she2\/2013\/09\/23-september-intervjuuppgift\/\" target=\"_blank\">Uppgift: Intervju &#8211; Hur g\u00f6r andra?<\/a><\/strong><br \/>\ninl\u00e4mning: 6 oktober.<\/p>\n<p dir=\"ltr\"><em>Temat \u201cInre liv\u201d rymmer m\u00e5nga av de aspekter som ber\u00f6r det egna s\u00e4ttet att organisera sig i och kring sitt personliga samh\u00e4llsentrepren\u00f6rskap. Vi inleder med att presentera oss och projektet vi jobbar med, dels f\u00f6r att vi ska k\u00e4nna varandra, dels f\u00f6r att du sj\u00e4lv ska kunna g\u00f6ra en strukturerad skiss av hur ditt kommande \u00e5r kan se ut. D\u00e4refter dyker vi \u00a0lite djupare och tittar p\u00e5 vilka behov vi st\u00e5r inf\u00f6r i v\u00e5rt arbete. Vad \u00e4r sv\u00e5rast just nu och p\u00e5 vilket s\u00e4tt tar sig andra an denna utmaning?<\/em><\/p>\n<p>Modulen str\u00e4cker sig fram till b\u00f6rjan av oktober och dyker sedan upp efter jul igen. Vid sidan av uppgifterna kommer \u00e4ven coachningen att g\u00e5 in p\u00e5 detta \u00e4mne.<\/td>\n<td align=\"LEFT\"><\/td>\n<td align=\"LEFT\"><\/td>\n<td align=\"LEFT\"><\/td>\n<td style=\"border-left: 3px solid #33a3a3;\" align=\"LEFT\"><\/td>\n<\/tr>\n<tr>\n<td align=\"LEFT\" height=\"17\">30 sept<\/td>\n<td align=\"LEFT\"><a title=\"Think Space i Malm\u00f6: Skapande i stadsrummet\" href=\"http:\/\/samhallsentreprenor.glokala.net\/she2\/2013\/10\/think-space-i-malmo-skapande-i-stadsrummet\/\">Input: Think Space i Malm\u00f6<\/a><\/td>\n<td align=\"LEFT\"><\/td>\n<td align=\"LEFT\"><\/td>\n<td align=\"LEFT\"><\/td>\n<td style=\"border-left: 3px solid #33a3a3;\" align=\"LEFT\"><\/td>\n<\/tr>\n<tr>\n<td align=\"LEFT\" height=\"17\">7 okt<\/td>\n<td align=\"LEFT\"><a title=\"7 okt: Theory U\" href=\"http:\/\/samhallsentreprenor.glokala.net\/she2\/2013\/10\/7-okt-theory-u\/\">Input: Theory U, verktyg f\u00f6r inre ledarskap<\/a><\/td>\n<td align=\"LEFT\"><\/td>\n<td align=\"LEFT\"><\/td>\n<td align=\"LEFT\"><\/td>\n<td style=\"border-left: 3px solid #33a3a3;\" align=\"LEFT\"><\/td>\n<\/tr>\n<tr>\n<td align=\"LEFT\"><\/td>\n<td align=\"LEFT\"><\/td>\n<td align=\"LEFT\"><\/td>\n<td align=\"LEFT\"><\/td>\n<td align=\"LEFT\"><\/td>\n<td style=\"border-left: 3px solid #33a3a3;\" align=\"LEFT\"><\/td>\n<\/tr>\n<tr>\n<td align=\"LEFT\" height=\"17\">14 okt<\/td>\n<td align=\"LEFT\"><a title=\"Mitt Sammanhang och n\u00e4tverksuppgift\" href=\"http:\/\/samhallsentreprenor.glokala.net\/she2\/2013\/10\/mitt-sammanhang-och-natverksuppgift\/\"><strong>MITT<\/strong> <strong><strong><strong>SAMMANHANG<\/strong><\/strong><\/strong><\/a><strong>Uppgift: N\u00e4tverkskarta<\/strong>.<br \/>\nInl\u00e4mning 21 oktober. <a href=\"http:\/\/samhallsentreprenor.glokala.net\/she2\/groups\/natverksuppgift\/\">Direktl\u00e4nk till forumet f\u00f6r uppgiften<\/a>.<\/p>\n<p dir=\"ltr\"><em>Denna modul ger m\u00f6jlighet att reflektera och studera det sammanhang som du befinner dig i. Vi kommer lyfta blicken och titta p\u00e5 v\u00e5r omv\u00e4rld. Vilket n\u00e4tverk har jag tillg\u00e5ng till och kan jag ut\u00f6ka det? \u00a0Vilka arrangemang riktat till samh\u00e4llsentrepren\u00f6rer p\u00e5g\u00e5r just nu? Finns det s\u00e4rskilda teman som f\u00e5ngas upp av dem? Vi kommer ocks\u00e5 att sk\u00e5da i naveln och ge tid f\u00f6r att f\u00f6rdjupa sig i den tematik som r\u00f6r just ditt projekt! Var befinner sig de initiativ och id\u00e9er vi driver i relation till vad som h\u00e4nder runt omkring oss i Sverige och i v\u00e4rlden? <\/em><\/p>\n<div><em>Temat \u00e5terupptas i mars.\u00a0<\/em><\/div>\n<\/td>\n<td align=\"LEFT\"><\/td>\n<td align=\"LEFT\"><\/td>\n<td align=\"LEFT\"><\/td>\n<td style=\"border-left: 3px solid #33a3a3;\" align=\"LEFT\"><\/td>\n<\/tr>\n<tr>\n<td align=\"LEFT\" height=\"17\">21 okt<\/td>\n<td align=\"LEFT\"><em>Tid f\u00f6r feedback till n\u00e4tverkskartan.<\/em><\/td>\n<td align=\"LEFT\"><\/td>\n<td align=\"LEFT\"><\/td>\n<td align=\"LEFT\"><\/td>\n<td style=\"border-left: 3px solid #33a3a3;\" align=\"LEFT\"><\/td>\n<\/tr>\n<tr>\n<td align=\"LEFT\" height=\"17\">28 okt<\/td>\n<td align=\"LEFT\"><strong><a title=\"28 oktober: F\u00f6rdjupning\" href=\"http:\/\/samhallsentreprenor.glokala.net\/she2\/2013\/10\/28-oktober-fordjupning\/\">Uppgift: F\u00f6rdjupning &#8211; mitt sammanhang<\/a><\/strong>.Inl\u00e4mning 11 november. <a href=\"http:\/\/samhallsentreprenor.glokala.net\/she2\/groups\/fordjupning-486997965\/\">Direktl\u00e4nk till forumet<\/a>.<a title=\"Entrepren\u00f6rslunch \u2013 stadsrummet som plats f\u00f6r konst och p\u00e5verkan\" href=\"http:\/\/samhallsentreprenor.glokala.net\/she2\/2013\/10\/entreprenorslunch-stadsrummet-som-plats-for-konst-och-paverkan\/\">30 okt i Malm\u00f6: Entrepren\u00f6rslunch &#8211; Stadsrummet som plats f\u00f6r konst &amp; p\u00e5verkan.<\/a><\/td>\n<td align=\"LEFT\"><\/td>\n<td align=\"LEFT\"><\/td>\n<td align=\"LEFT\"><\/td>\n<td style=\"border-left: 3px solid #33a3a3;\" align=\"LEFT\"><\/td>\n<\/tr>\n<tr>\n<td align=\"LEFT\" height=\"17\">4 nov<\/td>\n<td align=\"LEFT\"><em>Tid f\u00f6r arbete med f\u00f6rdjupningsuppgiften.<\/em><em><\/em><a title=\"Inspiration till Mitt Sammanhang \u2013 Where good ideas come from\" href=\"http:\/\/samhallsentreprenor.glokala.net\/she2\/2013\/11\/inspiration-till-mitt-sammanhang-where-good-ideas-come-from\/\">Input: Where good ideas come from.<\/a><\/td>\n<td align=\"LEFT\"><\/td>\n<td align=\"LEFT\"><\/td>\n<td align=\"LEFT\"><\/td>\n<td style=\"border-left: 3px solid #33a3a3;\" align=\"LEFT\"><\/td>\n<\/tr>\n<tr>\n<td align=\"LEFT\"><\/td>\n<td align=\"LEFT\"><\/td>\n<td align=\"LEFT\"><\/td>\n<td align=\"LEFT\"><\/td>\n<td align=\"LEFT\"><\/td>\n<td style=\"border-left: 3px solid #33a3a3;\" align=\"LEFT\"><\/td>\n<\/tr>\n<tr>\n<td align=\"LEFT\" height=\"17\">11 nov<\/td>\n<td align=\"LEFT\">\n<p style=\"text-align: center;\"><strong><strong>EKONOMI<\/strong><\/strong><\/p>\n<p style=\"text-align: center;\"><em>Ekonomin \u00e4r f\u00f6r m\u00e5nga av oss den ofr\u00e5nkomliga st\u00f6testenen. I denna modul ska vi ta upp de delar som \u00e4r relevanta f\u00f6r oss och s\u00e4tta dem i ett samh\u00e4llsentrepren\u00f6riellt perspektiv. Vi kommer att unders\u00f6ka vilka olika finansieringsm\u00f6jligheter det finns och \u00e4ven arbeta en del med den egna budgeten eller verksamhetsplanen.<\/em><strong><\/strong><\/p>\n<p><a title=\"12 nov i Malm\u00f6: Livet bortom arbetslinjen\" href=\"http:\/\/samhallsentreprenor.glokala.net\/she2\/2013\/11\/12-nov-i-malmo-livet-bortom-arbetslinjen\/\">18 nov i Malm\u00f6: Livet bortom arbetslinjen &#8211; Seminarium med Marita Pettersson<\/a><\/td>\n<td align=\"LEFT\"><\/td>\n<td align=\"LEFT\"><\/td>\n<td align=\"LEFT\"><\/td>\n<td style=\"border-left: 3px solid #33a3a3;\" align=\"LEFT\"><\/td>\n<\/tr>\n<tr>\n<td align=\"LEFT\" height=\"17\">18 nov<\/td>\n<td align=\"LEFT\"><a title=\"Crowd Funding!\" href=\"http:\/\/samhallsentreprenor.glokala.net\/she2\/2013\/11\/crowd-funding\/\">Input: Crowd funding!<\/a><\/td>\n<td align=\"LEFT\"><\/td>\n<td align=\"LEFT\"><\/td>\n<td align=\"LEFT\"><\/td>\n<td style=\"border-left: 3px solid #33a3a3;\" align=\"LEFT\"><\/td>\n<\/tr>\n<tr>\n<td align=\"LEFT\" height=\"50\">25 nov<\/td>\n<td align=\"LEFT\"><a title=\"25 november: Ekonomiuppgift\" href=\"http:\/\/samhallsentreprenor.glokala.net\/she2\/25-november-ekonomiuppgift\/\">Uppgift: Ekonomi<\/a>. Inl\u00e4mning 16 december <a href=\"http:\/\/samhallsentreprenor.glokala.net\/she2\/groups\/ekonomiuppgift\/forum\/\">i forumet<\/a>.<\/td>\n<td align=\"LEFT\"><\/td>\n<td align=\"LEFT\"><\/td>\n<td align=\"LEFT\"><\/td>\n<td style=\"border-left: 3px solid #33a3a3;\" align=\"LEFT\"><\/td>\n<\/tr>\n<tr>\n<td align=\"LEFT\" height=\"17\">2 dec<\/td>\n<td align=\"LEFT\"><a title=\"Crowdfunding: recycled\" href=\"http:\/\/samhallsentreprenor.glokala.net\/she2\/2013\/12\/crowdfunding-recycled\/\">Crowdfunding &#8211; recycled <\/a><\/td>\n<td align=\"LEFT\"><\/td>\n<td align=\"LEFT\"><\/td>\n<td align=\"LEFT\"><\/td>\n<td style=\"border-left: 3px solid #33a3a3;\" align=\"LEFT\"><\/td>\n<\/tr>\n<tr>\n<td align=\"LEFT\" height=\"17\">9 dec<\/td>\n<td align=\"LEFT\"><a title=\"Inspiration: S\u00e4ndning fr\u00e5n lansering \u2013 Att m\u00e4ta sociala effekter\" href=\"http:\/\/samhallsentreprenor.glokala.net\/she2\/2013\/12\/inspiration-sandning-fran-lansering-att-mata-sociala-effekter\/\">Inspiration: Att m\u00e4ta sociala effekter<\/a><\/td>\n<td align=\"LEFT\"><\/td>\n<td align=\"LEFT\"><\/td>\n<td align=\"LEFT\"><\/td>\n<td style=\"border-left: 3px solid #33a3a3;\" align=\"LEFT\"><\/td>\n<\/tr>\n<tr>\n<td align=\"LEFT\" height=\"17\">16 dec<\/td>\n<td align=\"LEFT\"><a href=\"http:\/\/samhallsentreprenor.glokala.net\/she2\/2013\/12\/16-dec-offentlig-upphandling\/\">Offentlig upphandling<\/a><\/td>\n<td align=\"LEFT\"><\/td>\n<td align=\"LEFT\"><\/td>\n<td align=\"LEFT\"><\/td>\n<td style=\"border-left: 3px solid #33a3a3;\" align=\"LEFT\"><\/td>\n<\/tr>\n<tr>\n<td align=\"LEFT\" height=\"17\"><\/td>\n<td align=\"LEFT\"><\/td>\n<td align=\"LEFT\"><\/td>\n<td align=\"LEFT\"><\/td>\n<td align=\"LEFT\"><\/td>\n<td style=\"border-left: 3px solid #33a3a3;\" align=\"LEFT\"><\/td>\n<\/tr>\n<tr>\n<td align=\"LEFT\" height=\"17\"><\/td>\n<td align=\"LEFT\"><em>[\u00a0Uppeh\u00e5ll \u00f6ver jul \/ ny\u00e5r ]<\/em><\/td>\n<td align=\"LEFT\"><\/td>\n<td align=\"LEFT\"><\/td>\n<td align=\"LEFT\"><\/td>\n<td align=\"LEFT\"><\/td>\n<\/tr>\n<tr>\n<td align=\"LEFT\" height=\"17\"><\/td>\n<td align=\"LEFT\"><\/td>\n<td align=\"LEFT\"><\/td>\n<td align=\"LEFT\"><\/td>\n<td align=\"LEFT\"><\/td>\n<td align=\"LEFT\"><\/td>\n<\/tr>\n<tr>\n<td align=\"LEFT\" height=\"17\">13 jan<\/td>\n<td align=\"LEFT\"><a href=\"http:\/\/samhallsentreprenor.glokala.net\/she2\/2014\/01\/inre-liv-del-2\/\">\u00a0<b>INRE LIV &amp; BOKCIRKEL<\/b><\/a><\/td>\n<td align=\"LEFT\"><\/td>\n<td style=\"border-left: 3px solid #ff6633;\" align=\"LEFT\"><\/td>\n<td align=\"LEFT\"><\/td>\n<td style=\"border-left: 3px solid #33a3a3;\" align=\"LEFT\"><\/td>\n<\/tr>\n<tr>\n<td align=\"LEFT\" height=\"17\">20 jan<\/td>\n<td align=\"LEFT\">Uppsamlings-deadline f\u00f6r tidigare uppgifter under kursen.20 jan: <a title=\"Entrepren\u00f6rslunch: Scenkonstguiden\" href=\"http:\/\/samhallsentreprenor.glokala.net\/she2\/2013\/12\/entreprenorslunch-scenkonstguiden\/\">Entrepren\u00f6rslunch i Malm\u00f6: Scenkonstguiden<\/a><\/td>\n<td align=\"LEFT\"><\/td>\n<td style=\"border-left: 3px solid #ff6633;\" align=\"LEFT\"><\/td>\n<td align=\"LEFT\"><\/td>\n<td style=\"border-left: 3px solid #33a3a3;\" align=\"LEFT\"><\/td>\n<\/tr>\n<tr>\n<td align=\"LEFT\" height=\"17\">27 jan<\/td>\n<td align=\"LEFT\"><a title=\"Videos\u00e4ndning fr\u00e5n seminariet om MinFarm.se\" href=\"http:\/\/samhallsentreprenor.glokala.net\/she2\/2014\/02\/videosandning-fran-seminariet-om-minfarm-se\/\">Inspiration: Videos\u00e4ndning fr\u00e5n entrepren\u00f6rslunch MinFarm.se<\/a><\/td>\n<td align=\"LEFT\"><\/td>\n<td style=\"border-left: 3px solid #ff6633;\" align=\"LEFT\"><\/td>\n<td align=\"LEFT\"><\/td>\n<td style=\"border-left: 3px solid #33a3a3;\" align=\"LEFT\"><\/td>\n<\/tr>\n<tr>\n<td align=\"LEFT\" height=\"17\">3 feb<\/td>\n<td align=\"LEFT\"><\/td>\n<td align=\"LEFT\"><\/td>\n<td style=\"border-left: 3px solid #ff6633;\" align=\"LEFT\"><\/td>\n<td align=\"LEFT\"><\/td>\n<td style=\"border-left: 3px solid #33a3a3;\" align=\"LEFT\"><\/td>\n<\/tr>\n<tr>\n<td align=\"LEFT\" height=\"17\">10 feb<\/td>\n<td align=\"LEFT\"><\/td>\n<td align=\"LEFT\"><\/td>\n<td style=\"border-left: 3px solid #ff6633;\" align=\"LEFT\"><\/td>\n<td align=\"LEFT\"><\/td>\n<td style=\"border-left: 3px solid #33a3a3;\" align=\"LEFT\"><\/td>\n<\/tr>\n<tr>\n<td align=\"LEFT\" height=\"34\">17 feb<\/td>\n<td align=\"LEFT\"><a title=\"Input: Sociokrati \u2013 metoder f\u00f6r demokratisk organisering\" href=\"http:\/\/samhallsentreprenor.glokala.net\/she2\/2014\/02\/input-sociokrati-metoder-for-demokratisk-organisering\/\">Input: Sociokrati<\/a><a title=\"Input: Non-violent Communication\" href=\"http:\/\/samhallsentreprenor.glokala.net\/she2\/2014\/02\/non-violent-communication\/\">Input: Non-Violent Communication<\/a><\/td>\n<td align=\"LEFT\"><\/td>\n<td style=\"border-left: 3px solid #ff6633;\" align=\"LEFT\"><\/td>\n<td align=\"LEFT\"><\/td>\n<td style=\"border-left: 3px solid #33a3a3;\" align=\"LEFT\"><\/td>\n<\/tr>\n<tr>\n<td align=\"LEFT\" height=\"34\">24 feb<\/td>\n<td align=\"LEFT\"><a title=\"Input: Crowdfunding High Heaven\" href=\"http:\/\/samhallsentreprenor.glokala.net\/she2\/2014\/02\/input-crowdfunding-high-heaven\/\">Input: Crowdfunding High Heaven<\/a><\/td>\n<td align=\"LEFT\"><\/td>\n<td style=\"border-left: 3px solid #ff6633;\" align=\"LEFT\"><\/td>\n<td align=\"LEFT\"><\/td>\n<td style=\"border-left: 3px solid #33a3a3;\" align=\"LEFT\"><\/td>\n<\/tr>\n<tr>\n<td align=\"LEFT\" height=\"17\">1-2 mars<\/td>\n<td align=\"LEFT\"><a title=\"Internat 1-2 mars i Stockholm\" href=\"http:\/\/samhallsentreprenor.glokala.net\/she2\/internat-1-2-mars-i-stockholm\/\"><strong>Internattr\u00e4ff<\/strong> i Stockholm<\/a><\/td>\n<td align=\"LEFT\"><\/td>\n<td align=\"LEFT\"><\/td>\n<td align=\"LEFT\"><\/td>\n<td style=\"border-left: 3px solid #33a3a3;\" align=\"LEFT\"><\/td>\n<\/tr>\n<tr>\n<td align=\"LEFT\" height=\"34\"><\/td>\n<td align=\"LEFT\"><\/td>\n<td align=\"LEFT\"><\/td>\n<td align=\"LEFT\"><\/td>\n<td align=\"LEFT\"><\/td>\n<td style=\"border-left: 3px solid #33a3a3;\" align=\"LEFT\"><\/td>\n<\/tr>\n<tr>\n<td align=\"LEFT\" height=\"17\"><\/td>\n<td align=\"LEFT\"><strong>MITT SAMMANHANG<\/strong><\/td>\n<td align=\"LEFT\"><\/td>\n<td align=\"LEFT\"><\/td>\n<td align=\"LEFT\"><\/td>\n<td style=\"border-left: 3px solid #33a3a3;\" align=\"LEFT\"><\/td>\n<\/tr>\n<tr>\n<td align=\"LEFT\" height=\"17\">3 mars<\/td>\n<td align=\"LEFT\"><em>L\u00e4gg in bokreflektion som inl\u00e4gg p\u00e5 plattformen (<a title=\"Inre Liv \u2013 del 2 &gt;&gt; Bokcirkel\" href=\"http:\/\/samhallsentreprenor.glokala.net\/she2\/2014\/01\/inre-liv-del-2\/\">se bokcirkeln<\/a>).<br \/>\n<\/em><\/td>\n<td align=\"LEFT\"><\/td>\n<td align=\"LEFT\"><\/td>\n<td align=\"LEFT\"><\/td>\n<td style=\"border-left: 3px solid #33a3a3;\" align=\"LEFT\"><\/td>\n<\/tr>\n<tr>\n<td align=\"LEFT\" height=\"17\">10 mars<\/td>\n<td align=\"LEFT\"><a title=\"Coachning under v\u00e5ren\" href=\"http:\/\/samhallsentreprenor.glokala.net\/she2\/2014\/03\/coachning-under-varen\/\" target=\"_blank\">Coachning under v\u00e5ren &#8211; tider<\/a><\/td>\n<td align=\"LEFT\"><\/td>\n<td align=\"LEFT\"><\/td>\n<td align=\"LEFT\"><\/td>\n<td style=\"border-left: 3px solid #33a3a3;\" align=\"LEFT\"><\/td>\n<\/tr>\n<tr>\n<td align=\"LEFT\" height=\"17\">17 mars<\/td>\n<td align=\"LEFT\"><a title=\"17 mars: Uppgift Personlig f\u00f6rdjupning\" href=\"http:\/\/samhallsentreprenor.glokala.net\/she2\/2014\/03\/17-mars-uppgift-personlig-fordjupning\/\">Uppgift: Personlig f\u00f6rdjupning<\/a>. Inl\u00e4mning 7 april.<\/td>\n<td align=\"LEFT\"><\/td>\n<td style=\"border-left: 3px solid #ff6633;\" align=\"LEFT\"><\/td>\n<td align=\"LEFT\"><\/td>\n<td style=\"border-left: 3px solid #33a3a3;\" align=\"LEFT\"><\/td>\n<\/tr>\n<tr>\n<td align=\"LEFT\" height=\"17\">24 mars<\/td>\n<td align=\"LEFT\"><\/td>\n<td align=\"LEFT\"><\/td>\n<td style=\"border-left: 3px solid #ff6633;\" align=\"LEFT\"><\/td>\n<td align=\"LEFT\"><\/td>\n<td style=\"border-left: 3px solid #33a3a3;\" align=\"LEFT\"><\/td>\n<\/tr>\n<tr>\n<td align=\"LEFT\" height=\"17\">31 mars<\/td>\n<td align=\"LEFT\">Input: <a title=\"31 mars: Systemic thinking\" href=\"http:\/\/samhallsentreprenor.glokala.net\/she2\/2014\/03\/31-mars-systemic-thinking\/\">Systemic thinking<\/a><\/td>\n<td align=\"LEFT\"><\/td>\n<td style=\"border-left: 3px solid #ff6633;\" align=\"LEFT\"><\/td>\n<td align=\"LEFT\"><\/td>\n<td style=\"border-left: 3px solid #33a3a3;\" align=\"LEFT\"><\/td>\n<\/tr>\n<tr>\n<td align=\"LEFT\" height=\"17\"><\/td>\n<td align=\"LEFT\"><\/td>\n<td align=\"LEFT\"><\/td>\n<td style=\"border-left: 3px solid #ff6633;\" align=\"LEFT\"><\/td>\n<td align=\"LEFT\"><\/td>\n<td style=\"border-left: 3px solid #33a3a3;\" align=\"LEFT\"><\/td>\n<\/tr>\n<tr>\n<td align=\"LEFT\" height=\"17\"><\/td>\n<td align=\"LEFT\"><a title=\"Utblick och Framtid\" href=\"http:\/\/samhallsentreprenor.glokala.net\/she2\/2014\/04\/utblick-och-framtid\/\"><strong>UTBLICK &amp; FRAMTID<\/strong><\/a><\/td>\n<td align=\"LEFT\"><\/td>\n<td style=\"border-left: 3px solid #ff6633;\" align=\"LEFT\"><\/td>\n<td align=\"LEFT\"><\/td>\n<td style=\"border-left: 3px solid #33a3a3;\" align=\"LEFT\"><\/td>\n<\/tr>\n<tr>\n<td align=\"LEFT\" height=\"17\">7 april<\/td>\n<td align=\"LEFT\">&#8211; Inl\u00e4mning och feedback: <a title=\"17 mars: Uppgift Personlig f\u00f6rdjupning\" href=\"http:\/\/samhallsentreprenor.glokala.net\/she2\/2014\/03\/17-mars-uppgift-personlig-fordjupning\/\">Personlig f\u00f6rdjupning<\/a>.<\/p>\n<p>&#8211; <a href=\"http:\/\/samhallsentreprenor.glokala.net\/she2\/groups\/framtidsuppgift\/forum\/\">Framtidsuppgift<\/a>\u00a0inl\u00e4mning 28 maj<\/td>\n<td align=\"LEFT\"><\/td>\n<td style=\"border-left: 3px solid #ff6633;\" align=\"LEFT\"><\/td>\n<td align=\"LEFT\"><\/td>\n<td style=\"border-left: 3px solid #33a3a3;\" align=\"LEFT\"><\/td>\n<\/tr>\n<tr>\n<td align=\"LEFT\" height=\"17\">14 april<\/td>\n<td align=\"LEFT\"><a title=\"Uppgift: Text \u2013 Gemensam skrift\" href=\"http:\/\/samhallsentreprenor.glokala.net\/she2\/uppgift-text-gemensam-skrift\/\">Uppgift: Text till gemensam skrift<\/a><\/td>\n<td align=\"LEFT\"><\/td>\n<td style=\"border-left: 3px solid #ff6633;\" align=\"LEFT\"><\/td>\n<td align=\"LEFT\"><\/td>\n<td style=\"border-left: 3px solid #33a3a3;\" align=\"LEFT\"><\/td>\n<\/tr>\n<tr>\n<td align=\"LEFT\" height=\"17\">21 april<\/td>\n<td align=\"LEFT\"><\/td>\n<td align=\"LEFT\"><\/td>\n<td style=\"border-left: 3px solid #ff6633;\" align=\"LEFT\"><\/td>\n<td align=\"LEFT\"><\/td>\n<td style=\"border-left: 3px solid #33a3a3;\" align=\"LEFT\"><\/td>\n<\/tr>\n<tr>\n<td align=\"LEFT\" height=\"17\">28 april<\/td>\n<td align=\"LEFT\"><a title=\"Distanstr\u00e4ff 3 maj \u2013 Redaktionsworkshop\" href=\"http:\/\/samhallsentreprenor.glokala.net\/she2\/distanstraff-3-maj-redaktionsworkshop\/\">Internat i Malm\u00f6 3-4 maj<\/a>Inl\u00e4mning av\u00a0<a href=\"http:\/\/samhallsentreprenor.glokala.net\/she2\/groups\/framtidsuppgift\/forum\/\">Framtidsuppgift<\/a><\/td>\n<td align=\"LEFT\"><\/td>\n<td style=\"border-left: 3px solid #ff6633;\" align=\"LEFT\"><\/td>\n<td align=\"LEFT\"><\/td>\n<td style=\"border-left: 3px solid #33a3a3;\" align=\"LEFT\"><\/td>\n<\/tr>\n<tr>\n<td align=\"LEFT\" height=\"17\">5 maj<\/td>\n<td align=\"LEFT\"><\/td>\n<td align=\"LEFT\"><\/td>\n<td align=\"LEFT\"><\/td>\n<td align=\"LEFT\"><\/td>\n<td style=\"border-left: 3px solid #33a3a3;\" align=\"LEFT\"><\/td>\n<\/tr>\n<tr>\n<td align=\"LEFT\" height=\"17\">12 maj<\/td>\n<td align=\"LEFT\"><a title=\"Kursens avslutning: Utv\u00e4rdering och fr\u00e5gor till profil\" href=\"http:\/\/samhallsentreprenor.glokala.net\/she2\/kursens-avslutning-utvardering-och-fragor-till-profil\/\">Avslutning: Utv\u00e4rdering &amp; fr\u00e5gor till profil<\/a><\/td>\n<td align=\"LEFT\"><\/td>\n<td align=\"LEFT\"><\/td>\n<td align=\"LEFT\"><\/td>\n<td style=\"border-left: 3px solid #33a3a3;\" align=\"LEFT\"><\/td>\n<\/tr>\n<\/tbody>\n<\/table>\n","protected":false},"excerpt":{"rendered":"<p>Tids\u00f6versikt f\u00f6r \u00e5ret 2013-2014. Uppdateras l\u00f6pande med teman och uppgifter. Uppstart och planering: 12 augusti &#8211; 15 september F\u00f6rsta tr\u00e4ff i Malm\u00f6: 7-8 september Vecka \/ datum Tema \/ uppgifter Litteraturl\u00e4sning Coachning &#8211; m\u00f6jlighet UPPSTART &amp; PLANERING 12 aug &#8211; 15 sept Uppstart med intro\/inspiration 7-8 sept Internattr\u00e4ff i Malm\u00f6 &#8211; kursplanering 16 sept INRE [&hellip;]<\/p>\n","protected":false},"author":1001021,"featured_media":0,"parent":0,"menu_order":0,"comment_status":"open","ping_status":"open","template":"","meta":{"_bbp_topic_count":0,"_bbp_reply_count":0,"_bbp_total_topic_count":0,"_bbp_total_reply_count":0,"_bbp_voice_count":0,"_bbp_anonymous_reply_count":0,"_bbp_topic_count_hidden":0,"_bbp_reply_count_hidden":0,"_bbp_forum_subforum_count":0,"footnotes":""},"class_list":["post-2017","page","type-page","status-publish","hentry"],"jetpack_sharing_enabled":true,"_links":{"self":[{"href":"https:\/\/samhallsentreprenor.glokala.net\/she2\/wp-json\/wp\/v2\/pages\/2017","targetHints":{"allow":["GET"]}}],"collection":[{"href":"https:\/\/samhallsentreprenor.glokala.net\/she2\/wp-json\/wp\/v2\/pages"}],"about":[{"href":"https:\/\/samhallsentreprenor.glokala.net\/she2\/wp-json\/wp\/v2\/types\/page"}],"author":[{"embeddable":true,"href":"https:\/\/samhallsentreprenor.glokala.net\/she2\/wp-json\/wp\/v2\/users\/1001021"}],"replies":[{"embeddable":true,"href":"https:\/\/samhallsentreprenor.glokala.net\/she2\/wp-json\/wp\/v2\/comments?post=2017"}],"version-history":[{"count":32,"href":"https:\/\/samhallsentreprenor.glokala.net\/she2\/wp-json\/wp\/v2\/pages\/2017\/revisions"}],"predecessor-version":[{"id":2698,"href":"https:\/\/samhallsentreprenor.glokala.net\/she2\/wp-json\/wp\/v2\/pages\/2017\/revisions\/2698"}],"wp:attachment":[{"href":"https:\/\/samhallsentreprenor.glokala.net\/she2\/wp-json\/wp\/v2\/media?parent=2017"}],"curies":[{"name":"wp","href":"https:\/\/api.w.org\/{rel}","templated":true}]}}