{"id":2447,"date":"2014-02-10T15:35:10","date_gmt":"2014-02-10T14:35:10","guid":{"rendered":"http:\/\/she2.glokala.se\/?page_id=2447"},"modified":"2014-02-28T21:46:54","modified_gmt":"2014-02-28T20:46:54","slug":"internat-1-2-mars-i-stockholm","status":"publish","type":"page","link":"https:\/\/samhallsentreprenor.glokala.net\/she2\/internat-1-2-mars-i-stockholm\/","title":{"rendered":"Internat 1-2 mars i Stockholm"},"content":{"rendered":"<p>Vi planerar f\u00f6r tv\u00e5 dagar i Stockholm f\u00f6rsta helgen i mars!<\/p>\n<h2>Program 1-2 mars i Stockholm<\/h2>\n<h3 dir=\"ltr\" id=\"docs-internal-guid-5de01c06-7a3d-679b-31c4-2c372ec04575\">L\u00f6rdag<\/h3>\n<p dir=\"ltr\"><strong>12.30 &#8211; 14.30 Lunch &#8211; Stockholms Stadsmission \/ Grillska Huset i Gamla stan<\/strong><br \/>\nMed inbjudna g\u00e4ster:<br \/>\n&#8211; Nathalie Ahlstedt Mantel, Ashoka Scandinavia<br \/>\n&#8211; Efva Hansson (kursdeltagare 2011-2012)<\/p>\n<p dir=\"ltr\">Inledning f\u00f6r dagarna med soppa hos Stockholms stadsmission, som har caf\u00e9\/restaurang p\u00e5 Stortorget i Gamla stan.<\/p>\n<p dir=\"ltr\">Plats: Grillska huset \/ Stockholms stadsmission, Stortorget, Gamla stan (Tunnelbanestation Gamla stan)<a href=\"http:\/\/stadsmissionen.se\/Matochkonferens\/Cafe--Lunch\/\"> http:\/\/stadsmissionen.se\/Matochkonferens\/Cafe&#8211;Lunch\/<br \/>\n<\/a>Karta:<a href=\"http:\/\/goo.gl\/maps\/I1SfZ\"> http:\/\/goo.gl\/maps\/I1SfZ<\/a><\/p>\n<p dir=\"ltr\">Nathalie Ahlstedt Mantel \u00e4r en del av<a href=\"http:\/\/scandinavia.ashoka.org\/\"> Ashokas Skandinavienteam,<\/a> som \u00e4r en av de st\u00f6rsta internationella organisationerna f\u00f6r att st\u00f6tta samh\u00e4llsentrepren\u00f6rer. Vi vill passa p\u00e5 att fr\u00e5ga Nathalie om hennes roll i Ashoka och h\u00f6ra mer om hur organisationen ser p\u00e5 behovet av st\u00f6djande processer i samh\u00e4llet f\u00f6r engagemang.<\/p>\n<p dir=\"ltr\">Efva Hansson tidigare deltagare och arbetar med kulturprojekt, bl a har hon nyligen producerat en dokument\u00e4r om verksamheten Framtidsk\u00f6ren i Stockholm.<\/p>\n<p dir=\"ltr\">14.30 &#8211; 15.15 Tunnelbana fr\u00e5n Gamla stan till H\u00f6gdalen och promenad till Cyklopen<\/p>\n<p dir=\"ltr\"><strong>15.15 &#8211; 17.00 Studiebes\u00f6k: Cyklopen \u201cEn plats. Ett \u00e4ventyr. En r\u00f6relse.\u201d<\/strong><br \/>\nGuidning och f\u00f6redrag om kulturhuset som har utvecklats \u00f6ver en period av 10 \u00e5r. Fr\u00e5n ockupation p\u00e5 \u00d6stermalm, kamp f\u00f6r bygglov, ett nedbr\u00e4nt bygge och nu ett helt nytt hus som fylls med verksamhet.<a href=\"http:\/\/www.cyklopen.se\/\"> http:\/\/www.cyklopen.se\/<\/a><\/p>\n<p dir=\"ltr\"><strong>17.00 &#8211; Middag &amp; Bokcirkel<\/strong><\/p>\n<p>Frivillig forts\u00e4ttning:<br \/>\nF\u00f6rest\u00e4llningen<a href=\"http:\/\/turteatern.se\/kalender\/revenge-2\/\"> Revenge<\/a> p\u00e5 Turteatern i K\u00e4rrtorp, 19:00.<br \/>\n\u201cRevenge \u00e4r ett unders\u00f6kande i antirasistisk scenkonst med utg\u00e5ngspunkt i perspektivet \u201dden andre\u201d. En monologf\u00f6rest\u00e4llning av och med Francine Agbodjalou.\u201d<br \/>\nhttp:\/\/turteatern.se\/2014\/02\/17\/konstkapsel\/<\/p>\n<h3 dir=\"ltr\">S\u00f6ndag<\/h3>\n<p dir=\"ltr\"><strong>10:00 \u2013 12:00 Studiebes\u00f6k: Vi \u00e4r Farsta p\u00e5 Impact Hub<\/strong><br \/>\nPlats: Riddargatan 17D, 3tr (T-station: \u00d6stermalmstorg)<\/p>\n<p dir=\"ltr\">\u2018<a href=\"http:\/\/viarfarsta.se\/\">Vi \u00e4r Farsta<\/a>\u2019 \u00e4r ett projekt fr\u00e5n<a href=\"http:\/\/stockholm.impacthub.net\/\"> Impact Hub Stockholm<\/a> som str\u00e4var efter att finna l\u00f6sningar som kan bidra till att \u00f6ka k\u00e4nslan av samh\u00f6righet i Farsta med f\u00f6rhoppningen att \u00e4ven inspirera andra svenska f\u00f6rorter. De arbetar bl.a. med en hemsida d\u00e4r ber\u00e4ttelser och inspirerande personer fr\u00e5n Farsta presenteras. Vi kommer att tr\u00e4ffa Kathleen Asjes, en av initiativtagarna till Vi \u00e4r Farsta, som \u00e4ven kommer att ber\u00e4tta om sin arbetsplats p\u00e5 Impact Hub.<\/p>\n<p dir=\"ltr\">12:00 \u2013 13:30 Lunch<\/p>\n<p dir=\"ltr\"><strong>13:30 &#8211; Studiebes\u00f6k: P\u00e5 sp\u00e5ret (ligger vid Skanstull)<\/strong><\/p>\n<p dir=\"ltr\">P\u00e5 Sp\u00e5ret \u00e4r en stadsodling med caf\u00e9 och bibliotek. S\u00e5h\u00e4r beskriver de sig sj\u00e4lva p\u00e5 hemsidan:<\/p>\n<p dir=\"ltr\">\u201cV\u00e5r tr\u00e4dg\u00e5rd ligger p\u00e5 ett gammalt j\u00e4rnv\u00e4gsomr\u00e5de p\u00e5 S\u00f6dermalm i Stockholm. V\u00e5r id\u00e9 \u00e4r att f\u00f6rvandla den bortgl\u00f6mda och \u00f6vergivna platsen till en gr\u00f6n och levande del av stan. Vi har st\u00e4dat platsen och byggt mobila odlingsl\u00e5dor av lastpallar och pallkragar d\u00e4r vi planterar framf\u00f6rallt gr\u00f6n- och andra \u00e4tbara saker. M\u00e5let \u00e4r inte att bli sj\u00e4lvf\u00f6rs\u00f6rjande utan snarare att kunna uppleva hur livsmedel v\u00e4xer. \u201dVi\u201d, det \u00e4r den ideella f\u00f6reningen \u201dTr\u00e4dg\u00e5rd p\u00e5 Sp\u00e5ret\u201d.\u201d<\/p>\n<p dir=\"ltr\"><strong>14.30 -16:00 Planering f\u00f6r v\u00e5ren med kursen<\/strong><\/p>\n<p dir=\"ltr\">Avslutning f\u00f6r dagarna<\/p>\n<h3>Praktiskt<\/h3>\n<p><em>Glokala ger ers\u00e4ttning f\u00f6r resor, lokala resor i Stockholm och boende upp till 750 kr, mot kvitton\/biljetter.<\/em><br \/>\n<em> Information om biljetter i lokaltrafiken finns h\u00e4r: <a href=\"http:\/\/sl.se\/sv\/Resenar\/Valja-biljett\/\" target=\"_blank\">http:\/\/sl.se\/sv\/Resenar\/Valja-biljett\/<\/a><\/em><\/p>\n<p><em>Mat under dagarna: Vi siktar p\u00e5 att integrera lunch och Glokala st\u00e5r d\u00e5 f\u00f6r den. Fika under l\u00f6rdag\/s\u00f6ndag st\u00e5r var och en sj\u00e4lv f\u00f6r.<\/em><\/p>\n<figure style=\"width: 773px\" class=\"wp-caption alignnone\"><a href=\"http:\/\/commons.wikimedia.org\/wiki\/File:Skeppsbron_1860_Carl_Johan_Billmark.jpg\" target=\"_blank\"><img loading=\"lazy\" decoding=\"async\" alt=\"\" src=\"http:\/\/upload.wikimedia.org\/wikipedia\/commons\/0\/0c\/Skeppsbron_1860_Carl_Johan_Billmark.jpg\" width=\"773\" height=\"521\" \/><\/a><figcaption class=\"wp-caption-text\"><em>Skeppsbron i Stockholm anno 1860<\/em><\/figcaption><\/figure>\n","protected":false},"excerpt":{"rendered":"<p>Vi planerar f\u00f6r tv\u00e5 dagar i Stockholm f\u00f6rsta helgen i mars! Program 1-2 mars i Stockholm L\u00f6rdag 12.30 &#8211; 14.30 Lunch &#8211; Stockholms Stadsmission \/ Grillska Huset i Gamla stan Med inbjudna g\u00e4ster: &#8211; Nathalie Ahlstedt Mantel, Ashoka Scandinavia &#8211; Efva Hansson (kursdeltagare 2011-2012) Inledning f\u00f6r dagarna med soppa hos Stockholms stadsmission, som har caf\u00e9\/restaurang [&hellip;]<\/p>\n","protected":false},"author":1001021,"featured_media":0,"parent":0,"menu_order":0,"comment_status":"open","ping_status":"open","template":"","meta":{"_bbp_topic_count":0,"_bbp_reply_count":0,"_bbp_total_topic_count":0,"_bbp_total_reply_count":0,"_bbp_voice_count":0,"_bbp_anonymous_reply_count":0,"_bbp_topic_count_hidden":0,"_bbp_reply_count_hidden":0,"_bbp_forum_subforum_count":0,"footnotes":""},"class_list":["post-2447","page","type-page","status-publish","hentry"],"jetpack_sharing_enabled":true,"_links":{"self":[{"href":"https:\/\/samhallsentreprenor.glokala.net\/she2\/wp-json\/wp\/v2\/pages\/2447","targetHints":{"allow":["GET"]}}],"collection":[{"href":"https:\/\/samhallsentreprenor.glokala.net\/she2\/wp-json\/wp\/v2\/pages"}],"about":[{"href":"https:\/\/samhallsentreprenor.glokala.net\/she2\/wp-json\/wp\/v2\/types\/page"}],"author":[{"embeddable":true,"href":"https:\/\/samhallsentreprenor.glokala.net\/she2\/wp-json\/wp\/v2\/users\/1001021"}],"replies":[{"embeddable":true,"href":"https:\/\/samhallsentreprenor.glokala.net\/she2\/wp-json\/wp\/v2\/comments?post=2447"}],"version-history":[{"count":3,"href":"https:\/\/samhallsentreprenor.glokala.net\/she2\/wp-json\/wp\/v2\/pages\/2447\/revisions"}],"predecessor-version":[{"id":2501,"href":"https:\/\/samhallsentreprenor.glokala.net\/she2\/wp-json\/wp\/v2\/pages\/2447\/revisions\/2501"}],"wp:attachment":[{"href":"https:\/\/samhallsentreprenor.glokala.net\/she2\/wp-json\/wp\/v2\/media?parent=2447"}],"curies":[{"name":"wp","href":"https:\/\/api.w.org\/{rel}","templated":true}]}}