{"id":2794,"date":"2014-09-02T10:00:08","date_gmt":"2014-09-02T08:00:08","guid":{"rendered":"http:\/\/she2.glokala.se\/?page_id=2794"},"modified":"2014-09-10T10:04:01","modified_gmt":"2014-09-10T08:04:01","slug":"internat-i-malmo-6-7-september","status":"publish","type":"page","link":"https:\/\/samhallsentreprenor.glokala.net\/she2\/internat-i-malmo-6-7-september\/","title":{"rendered":"Internat i Malm\u00f6 6-7 september"},"content":{"rendered":"<p>Hej,<\/p>\n<p>nu b\u00f6rjar vi n\u00e4rma oss kursens f\u00f6rsta internat-helg!<\/p>\n<p>Vi ser v\u00e4ldigt mycket fram emot att f\u00e5 tr\u00e4ffa er och spendera tid tillsammans f\u00f6r att l\u00e4ra k\u00e4nna varandra. Vi kommer att arbeta en hel del med kursuppl\u00e4gget f\u00f6r att gemensamt komma fram till en sp\u00e4nnande \u00e5rsplanering. Dessutom kommer vi att medverka p\u00e5 en l\u00e4ngre workshop och f\u00f6rel\u00e4sning kring olika sorters f\u00f6rtryck i samh\u00e4llet. Det utf\u00f6rliga programmet f\u00f6ljer nedan.<\/p>\n<p>Vi bjuder p\u00e5 lunch p\u00e5 l\u00f6rdag och fika till b\u00e5da dagarna. Fika p\u00e5 l\u00f6rdag eftermiddag samt all \u00f6vrig mat st\u00e5r du sj\u00e4lv f\u00f6r. H\u00f6r av dig om du \u00e4nnu inte har l\u00f6st \u00f6vernattningen och beh\u00f6ver tips p\u00e5 hostel.<\/p>\n<p>Ni som inte kan medverka p\u00e5 plats i Malm\u00f6 har chansen att delta via skype under tv\u00e5 separata tillf\u00e4llen under helgen (de \u00e4r markerade p\u00e5 schemat). Vi hoppas att ni har m\u00f6jlighet att delta f\u00f6r att p\u00e5 s\u00e5 s\u00e4tt ocks\u00e5 kunna p\u00e5verka kursens inneh\u00e5ll och f\u00e5 en f\u00f6rsta kontakt med de \u00f6vriga deltagarna.<\/p>\n<p>Tveka inte att h\u00f6ra av dig om du undrar n\u00e5got inf\u00f6r helgen.<\/p>\n<p>Vi ses snart!<br \/>\nHannah, August och Towe<\/p>\n<p>::::::::::::::::::::::::::::::::::::::::::::::::::::::::::::::::::::::::::::::::::::::::::::::::::::::::::::::::::::::::::::::::::::::::::::::::::<\/p>\n<h2>Program: Internat 6-7 sept, Malm\u00f6<\/h2>\n<p>Plats: Underverket, Hasselgatan 8. <a href=\"https:\/\/goo.gl\/maps\/OG0E6\" target=\"_blank\">https:\/\/goo.gl\/maps\/OG0E6<\/a><br \/>\nG\u00e5 ner f\u00f6r den l\u00e5nga k\u00e4llarnedfarten som ligger mitt emot pizzerian i korsningen Hasselgatan och Bokgatan<\/p>\n<p><strong>L\u00f6rdag 6\/9:<\/strong><\/p>\n<p>11.00 Introduktion &amp; lunch<br \/>\nVi inleder dagen med att bjuda p\u00e5 en gemensam lunch.<\/p>\n<p>12.30 \u201cVad handlar samh\u00e4llsentrepren\u00f6rskap om?\u201d<br \/>\nSamtalsrunda med f\u00f6rel\u00e4sningsdel kring n\u00e5gra olika definitioner och f\u00f6rst\u00e5elser av bregreppet samh\u00e4llsentrepren\u00f6rskap.<\/p>\n<p>13.30 Kursplanering: Inneh\u00e5ll<\/p>\n<p>Gemensam brainstorming kring kursens inneh\u00e5ll. Kom f\u00f6reberedd med id\u00e9er p\u00e5 vad du vill att \u00e5ret ska inneh\u00e5lla.<br \/>\n<span style=\"text-decoration: underline;\">M\u00f6jlighet att delta via skype!<\/span><\/p>\n<p>14.30 (ca) Paus<br \/>\nPromenad bort till Sofielunds Folkets Hus och fika p\u00e5 caf\u00e9 Maril\u00f9.<\/p>\n<p>15.30 \u201cJ\u00e4mlikhet, j\u00e4mst\u00e4lldhet och r\u00e4ttvisa f\u00f6r alla!\u201d<br \/>\n\u201cEn workshop kombinerat med korta f\u00f6rel\u00e4sningar f\u00f6r att reflektera kring olika f\u00f6rtryck i v\u00e5rt samh\u00e4lle. Fr\u00e5gor som tas upp \u00e4r Afrofobi- rasism, Antiziganism- rasism, romsk-svensk historia och strukturell rasism. Hbtqi fr\u00e5gor f\u00f6r asyls\u00f6kande. Disability\/crip theory- funktionshinder som kan ge upphov till f\u00f6rtryck och vad som inte anses tillh\u00f6ra &#8221;normen&#8221;. Verkliga historier fr\u00e5n folkhemmet och ber\u00e4ttelse om m\u00e4nniskor ur v\u00e5r samtid. feminism och sexism- vad \u00e4r det? Kort sammanfattning av intersektionalitet. Avrundas med ber\u00e4ttelser fr\u00e5n verkligheten. Praktiska \u00f6vningar som sammanfattning av workshopen.\u201d<br \/>\nMedverkande: Anna Valsamidis fr\u00e5n Maz\u00ed, tillsammans med LIQA, RIKC, AFR, Fridens Hus.<\/p>\n<p>Workshopen \u00e4r en av flera programpunkter p\u00e5 <a href=\"http:\/\/ettenatmalmo.se\/\" target=\"_blank\">Sommarakademin<\/a> som arrangeras av Ett Enat Malm\u00f6.<\/p>\n<p>18.30 Avslutning<\/p>\n<p>::::::::::::::::::::::::::::::::::::::::::::::::::::::::::::::::::::::::::::::::::::::::::::::::::::::::::::::::::::::::::::::::::::::::::::::<\/p>\n<p><strong>S\u00f6ndag 7\/9:<\/strong><\/p>\n<p>9:00 Samling i Underverket<br \/>\nKaffe\/te p\u00e5 plats<br \/>\n\u201cVar befinner jag mig just nu?\u201c<br \/>\nReflektions\u00f6vning f\u00f6r att utv\u00e4rdera sitt sammanhang<\/p>\n<p>9.45 Kursplanering (forts.): Formen &amp; \u00e5rets indelning.<br \/>\nArbete kring formerna i kursen, reflektion kring ens eget l\u00e4rande samt indelning av \u00e5ret &amp; kommande datum.<\/p>\n<p>11:30 Lunchpaus + bokm\u00e4ssa<br \/>\nSnabb-presentation av intressant (kurs-)litteratur\/film f\u00f6r inspiration.<br \/>\nTa g\u00e4rna med egna f\u00f6rslag!<\/p>\n<p>12:30 Id\u00e9er i gruppen\/projektbeskrivning med feedback<br \/>\n\u00d6vning kring att skissa upp sitt projekt\/sin id\u00e9. Efterf\u00f6ljande presentation inf\u00f6r gruppen och gemensam feedback.<br \/>\nVar g\u00e4rna f\u00f6rberedd p\u00e5 vilken id\u00e9 du vill beskriva och forts\u00e4tta arbeta med under \u00e5ret.<br \/>\n<span style=\"text-decoration: underline;\">M\u00f6jlighet att delta via skype!<\/span><\/p>\n<p>14:30 Check-out<\/p>\n","protected":false},"excerpt":{"rendered":"<p>Hej, nu b\u00f6rjar vi n\u00e4rma oss kursens f\u00f6rsta internat-helg! Vi ser v\u00e4ldigt mycket fram emot att f\u00e5 tr\u00e4ffa er och spendera tid tillsammans f\u00f6r att l\u00e4ra k\u00e4nna varandra. Vi kommer att arbeta en hel del med kursuppl\u00e4gget f\u00f6r att gemensamt komma fram till en sp\u00e4nnande \u00e5rsplanering. Dessutom kommer vi att medverka p\u00e5 en l\u00e4ngre workshop [&hellip;]<\/p>\n","protected":false},"author":1001021,"featured_media":0,"parent":0,"menu_order":0,"comment_status":"open","ping_status":"open","template":"","meta":{"_bbp_topic_count":0,"_bbp_reply_count":0,"_bbp_total_topic_count":0,"_bbp_total_reply_count":0,"_bbp_voice_count":0,"_bbp_anonymous_reply_count":0,"_bbp_topic_count_hidden":0,"_bbp_reply_count_hidden":0,"_bbp_forum_subforum_count":0,"footnotes":""},"class_list":["post-2794","page","type-page","status-publish","hentry"],"jetpack_sharing_enabled":true,"_links":{"self":[{"href":"https:\/\/samhallsentreprenor.glokala.net\/she2\/wp-json\/wp\/v2\/pages\/2794","targetHints":{"allow":["GET"]}}],"collection":[{"href":"https:\/\/samhallsentreprenor.glokala.net\/she2\/wp-json\/wp\/v2\/pages"}],"about":[{"href":"https:\/\/samhallsentreprenor.glokala.net\/she2\/wp-json\/wp\/v2\/types\/page"}],"author":[{"embeddable":true,"href":"https:\/\/samhallsentreprenor.glokala.net\/she2\/wp-json\/wp\/v2\/users\/1001021"}],"replies":[{"embeddable":true,"href":"https:\/\/samhallsentreprenor.glokala.net\/she2\/wp-json\/wp\/v2\/comments?post=2794"}],"version-history":[{"count":1,"href":"https:\/\/samhallsentreprenor.glokala.net\/she2\/wp-json\/wp\/v2\/pages\/2794\/revisions"}],"predecessor-version":[{"id":2795,"href":"https:\/\/samhallsentreprenor.glokala.net\/she2\/wp-json\/wp\/v2\/pages\/2794\/revisions\/2795"}],"wp:attachment":[{"href":"https:\/\/samhallsentreprenor.glokala.net\/she2\/wp-json\/wp\/v2\/media?parent=2794"}],"curies":[{"name":"wp","href":"https:\/\/api.w.org\/{rel}","templated":true}]}}