{"id":3578,"date":"2015-04-13T20:36:30","date_gmt":"2015-04-13T18:36:30","guid":{"rendered":"http:\/\/she2.glokala.se\/?page_id=3578"},"modified":"2015-04-13T20:42:35","modified_gmt":"2015-04-13T18:42:35","slug":"uppgift-personlig-reflektion","status":"publish","type":"page","link":"https:\/\/samhallsentreprenor.glokala.net\/she2\/uppgift-personlig-reflektion\/","title":{"rendered":"Uppgift; Personlig reflektion"},"content":{"rendered":"<p style=\"text-align: center;\"><a href=\"https:\/\/i0.wp.com\/samhallsentreprenor.glokala.net\/she2\/wp-content\/uploads\/2015\/04\/naturbild-Bettan-Sundberg.jpg\"><img data-recalc-dims=\"1\" loading=\"lazy\" decoding=\"async\" class=\"alignnone size-medium wp-image-3579\" src=\"https:\/\/i0.wp.com\/samhallsentreprenor.glokala.net\/she2\/wp-content\/uploads\/2015\/04\/naturbild-Bettan-Sundberg-400x265.jpg?resize=400%2C265\" alt=\"naturbild Bettan Sundberg\" width=\"400\" height=\"265\" srcset=\"https:\/\/i0.wp.com\/samhallsentreprenor.glokala.net\/she2\/wp-content\/uploads\/2015\/04\/naturbild-Bettan-Sundberg.jpg?resize=400%2C265&amp;ssl=1 400w, https:\/\/i0.wp.com\/samhallsentreprenor.glokala.net\/she2\/wp-content\/uploads\/2015\/04\/naturbild-Bettan-Sundberg.jpg?resize=1024%2C679&amp;ssl=1 1024w, https:\/\/i0.wp.com\/samhallsentreprenor.glokala.net\/she2\/wp-content\/uploads\/2015\/04\/naturbild-Bettan-Sundberg.jpg?resize=750%2C497&amp;ssl=1 750w, https:\/\/i0.wp.com\/samhallsentreprenor.glokala.net\/she2\/wp-content\/uploads\/2015\/04\/naturbild-Bettan-Sundberg.jpg?resize=1300%2C862&amp;ssl=1 1300w, https:\/\/i0.wp.com\/samhallsentreprenor.glokala.net\/she2\/wp-content\/uploads\/2015\/04\/naturbild-Bettan-Sundberg.jpg?resize=624%2C414&amp;ssl=1 624w, https:\/\/i0.wp.com\/samhallsentreprenor.glokala.net\/she2\/wp-content\/uploads\/2015\/04\/naturbild-Bettan-Sundberg.jpg?w=2000&amp;ssl=1 2000w\" sizes=\"auto, (max-width: 400px) 100vw, 400px\" \/><\/a><\/p>\n<p style=\"text-align: center;\">Foto: Bettan Sundberg<\/p>\n<p>Denna uppgift handlar om att du reflekterar \u00f6ver ditt personliga ledarskap under kurs\u00e5ret som g\u00e5tt samt blickar fram\u00e5t och s\u00e4tter upp en m\u00e5lbild.<\/p>\n<p><strong>En process&#8230;<\/strong><\/p>\n<p>T\u00e4nk p\u00e5 att vara \u00e4rlig mot dig sj\u00e4lv samtidigt som du ska undvika att fastna i d\u00f6mande. Se det hela som en process d\u00e4r du l\u00e4r dig, oavsett om det blev s\u00e5som du \u00f6nskade eller inte \u00f6nskade. Genom reflektion s\u00e5 kan vi f\u00e5 en tydligare bild av hur vi fungerar och hur vi \u00f6nskar ha det. Genom att reflektera s\u00e5 har vi st\u00f6rre m\u00f6jlighet att i framtiden g\u00f6ra \u00e4nnu b\u00e4ttre av det som var bra, och mindre av det som var mindre bra.<\/p>\n<p>&nbsp;<\/p>\n<p><strong>Vad \u00e4r f\u00f6rdelarna med att ha en m\u00e5lbild?<\/strong><\/p>\n<p>Att s\u00e4tta upp tydliga m\u00e5l som vi g\u00f6r konkreta ger oss st\u00f6rre m\u00f6jlighet att veta vart\u00e5t vi \u00e4r p\u00e5 v\u00e4g. Sedan kan m\u00e5len f\u00f6rst\u00e5ss f\u00f6r\u00e4ndras p\u00e5 v\u00e4gen, men om vi inte har tagit ut n\u00e5gon konkret riktning i b\u00f6rjan s\u00e5 \u00e4r det l\u00e4tt att f\u00f6rvirra sig i alla m\u00f6jligheter och hinder som \u00e4r om\u00f6jliga att inte st\u00f6ta p\u00e5 under resans g\u00e5ng. F\u00f6r att orka vandra hela v\u00e4gen n\u00e4r det ibland bl\u00e5ser motvind s\u00e5 \u00e4r det viktigt att klarg\u00f6ra varf\u00f6r vi vill detta, vad det \u00e4r som motiverar oss och var vi kan finna st\u00f6d.<\/p>\n<p>Ta dig d\u00e4rf\u00f6r tid att svara p\u00e5 f\u00f6ljande fr\u00e5gor s\u00e5 gott du kan;<\/p>\n<p>&nbsp;<\/p>\n<p><strong>Reflektion \u00f6ver kurs\u00e5ret;<\/strong><\/p>\n<p>1. Vad \u00e4r det som jag \u00e4r mest stolt \u00f6ver under detta kurs\u00e5r genom de projekt och den process jag befunnit mig i relaterat till kursen? (beskriv g\u00e4rna flera saker om du vill, det kan vara sm\u00e5 eller st\u00f6rre saker, situationer, uppgifter, egenskaper, f\u00f6r\u00e4ndringar, handlingar&#8230;)<\/p>\n<p>2. Finns det n\u00e5got jag skulle ha kunnat g\u00f6ra p\u00e5 annat s\u00e4tt? Om ja, p\u00e5 vilket s\u00e4tt?<\/p>\n<p>&nbsp;<\/p>\n<p><strong>Fram\u00e5tblick;<\/strong><\/p>\n<p>1. Vilka tre saker skulle jag vilja lova mig sj\u00e4lv att g\u00f6ra inom ett \u00e5r?<\/p>\n<p>2. Vilka tre egenskaper vill jag jobba med att utveckla inom ett \u00e5r?<\/p>\n<p>3. Under vilka omst\u00e4ndigheter skulle jag vilja arbeta?<\/p>\n<p>4. Vad \u00e4r det som tar f\u00f6r mycket av min tid idag som jag vill \u00e4ndra p\u00e5?<\/p>\n<p>5. Vad vill jag \u00e4gna mer tid \u00e5t?<\/p>\n<p>6. Vad vill jag l\u00e4ra mig mer om?<\/p>\n<p>7. Vilka \u201d m\u00e5sten\u201d vill jag sluta med?<\/p>\n<p>&nbsp;<\/p>\n<p><strong>M\u00e5lbild;<\/strong><\/p>\n<p>1. Var vill jag befinna mig om ett \u00e5r? Hur ser m\u00e5lbilden ut?<\/p>\n<p>2. Varf\u00f6r vill jag n\u00e5 detta m\u00e5l? Vad ger det mig? Vad ger det andra?<\/p>\n<p>3. Vilka delm\u00e5l kr\u00e4vs det att jag tar f\u00f6r att n\u00e5 dit?<\/p>\n<p>4. Vad \u00e4r det minsta och f\u00f6rsta steg jag kan t\u00e4nka mig att ta idag\/ imorgon\/denna vecka f\u00f6r att n\u00e4rma mig det m\u00e5let?<\/p>\n<p>5. Hur ska jag finna motivation att jobba mot mitt m\u00e5l ifall jag tappar motivationen?<\/p>\n<p>6. Var kan jag finna st\u00f6d i min process?<\/p>\n<p>&nbsp;<\/p>\n<p><strong>Inl\u00e4mning:<\/strong>\u00a0senast den 7 maj. Detta kommer vi att anv\u00e4nda som ett diskussionsunderlag under en del av internatet.<\/p>\n<p><strong>Var:<\/strong>\u00a0i din projekttr\u00e5d i kursforumet\u00a0<a href=\"http:\/\/samhallsentreprenor.glokala.net\/she2\/groups\/mitt-projekt\/\">http:\/\/samhallsentreprenor.glokala.net\/she2\/groups\/mitt-projekt\/<\/a><\/p>\n<p><strong>Hur;<\/strong> Frivillig inl\u00e4mnings\u00e4tt; f\u00f6rklara med tolkning t.ex. genom ett ljudklipp, filmklipp, text, bild, foto, collage, dans&#8230;.<\/p>\n<p>&nbsp;<\/p>\n<p>Tveka inte att h\u00f6ra av dig om du har fr\u00e5gor eller beh\u00f6ver st\u00f6d i uppgiften!<\/p>\n","protected":false},"excerpt":{"rendered":"<p>Foto: Bettan Sundberg Denna uppgift handlar om att du reflekterar \u00f6ver ditt personliga ledarskap under kurs\u00e5ret som g\u00e5tt samt blickar fram\u00e5t och s\u00e4tter upp en m\u00e5lbild. En process&#8230; T\u00e4nk p\u00e5 att vara \u00e4rlig mot dig sj\u00e4lv samtidigt som du ska undvika att fastna i d\u00f6mande. Se det hela som en process d\u00e4r du l\u00e4r dig, [&hellip;]<\/p>\n","protected":false},"author":17,"featured_media":0,"parent":0,"menu_order":0,"comment_status":"open","ping_status":"open","template":"","meta":{"_bbp_topic_count":0,"_bbp_reply_count":0,"_bbp_total_topic_count":0,"_bbp_total_reply_count":0,"_bbp_voice_count":0,"_bbp_anonymous_reply_count":0,"_bbp_topic_count_hidden":0,"_bbp_reply_count_hidden":0,"_bbp_forum_subforum_count":0,"footnotes":""},"class_list":["post-3578","page","type-page","status-publish","hentry"],"jetpack_sharing_enabled":true,"_links":{"self":[{"href":"https:\/\/samhallsentreprenor.glokala.net\/she2\/wp-json\/wp\/v2\/pages\/3578","targetHints":{"allow":["GET"]}}],"collection":[{"href":"https:\/\/samhallsentreprenor.glokala.net\/she2\/wp-json\/wp\/v2\/pages"}],"about":[{"href":"https:\/\/samhallsentreprenor.glokala.net\/she2\/wp-json\/wp\/v2\/types\/page"}],"author":[{"embeddable":true,"href":"https:\/\/samhallsentreprenor.glokala.net\/she2\/wp-json\/wp\/v2\/users\/17"}],"replies":[{"embeddable":true,"href":"https:\/\/samhallsentreprenor.glokala.net\/she2\/wp-json\/wp\/v2\/comments?post=3578"}],"version-history":[{"count":3,"href":"https:\/\/samhallsentreprenor.glokala.net\/she2\/wp-json\/wp\/v2\/pages\/3578\/revisions"}],"predecessor-version":[{"id":3583,"href":"https:\/\/samhallsentreprenor.glokala.net\/she2\/wp-json\/wp\/v2\/pages\/3578\/revisions\/3583"}],"wp:attachment":[{"href":"https:\/\/samhallsentreprenor.glokala.net\/she2\/wp-json\/wp\/v2\/media?parent=3578"}],"curies":[{"name":"wp","href":"https:\/\/api.w.org\/{rel}","templated":true}]}}