{"id":5284,"date":"2017-08-15T14:18:39","date_gmt":"2017-08-15T12:18:39","guid":{"rendered":"http:\/\/samhallsentreprenor.glokala.net\/she2\/?page_id=5284"},"modified":"2017-09-24T15:53:00","modified_gmt":"2017-09-24T13:53:00","slug":"kurstraff-i-malmo-16-17-sept","status":"publish","type":"page","link":"https:\/\/samhallsentreprenor.glokala.net\/she2\/kurstraff-i-malmo-16-17-sept\/","title":{"rendered":"Kurstr\u00e4ff i Malm\u00f6 16-17 sept"},"content":{"rendered":"<p>Hej!<\/p>\n<p>Helgen 16-17 september s\u00e5gs n\u00e5gra av oss i Malm\u00f6. Vi sp\u00e5nade och planerade inf\u00f6r kurs\u00e5ret, diskuterade projektid\u00e9er, \u00e5t god mat och bes\u00f6kte Sofielunds Kollektivhus. P\u00e5 l\u00f6rdagen deltog vi \u00e4ven i workshopen &#8221;Id\u00e9 till action!&#8221; som resulterade i spridande av olika budskap p\u00e5 Malm\u00f6s gator (vilket var ov\u00e4ntat roligt!). Och p\u00e5 s\u00f6ndagen deltog vi p\u00e5 Framtidsfestivalen och lyssnade p\u00e5 flera intressanta f\u00f6rel\u00e4sningar och seminarier kring h\u00e5llbarhet.<\/p>\n<p>Tack till alla som var med! H\u00e4r kommer n\u00e5gra bilder fr\u00e5n helgen:<\/p>\n<div class=\"tiled-gallery type-rectangular tiled-gallery-unresized\" data-original-width=\"500\" data-carousel-extra='null' itemscope itemtype=\"http:\/\/schema.org\/ImageGallery\" > <div class=\"gallery-row\" style=\"width: 500px; height: 353px;\" data-original-width=\"500\" data-original-height=\"353\" > <div class=\"gallery-group images-2\" style=\"width: 234px; height: 353px;\" data-original-width=\"234\" data-original-height=\"353\" > <div class=\"tiled-gallery-item tiled-gallery-item-small\" itemprop=\"associatedMedia\" itemscope itemtype=\"http:\/\/schema.org\/ImageObject\"> <a href=\"https:\/\/samhallsentreprenor.glokala.net\/she2\/kurstraff-i-malmo-16-17-sept\/fil-005\/\" border=\"0\" itemprop=\"url\"> <meta itemprop=\"width\" content=\"230\"> <meta itemprop=\"height\" content=\"173\"> <img decoding=\"async\" class=\"\" data-attachment-id=\"5454\" data-orig-file=\"https:\/\/samhallsentreprenor.glokala.net\/she2\/wp-content\/uploads\/2017\/08\/Fil-005.jpeg\" data-orig-size=\"3264,2448\" data-comments-opened=\"1\" data-image-meta=\"{&quot;aperture&quot;:&quot;2.2&quot;,&quot;credit&quot;:&quot;&quot;,&quot;camera&quot;:&quot;iPhone 6&quot;,&quot;caption&quot;:&quot;&quot;,&quot;created_timestamp&quot;:&quot;1505579505&quot;,&quot;copyright&quot;:&quot;&quot;,&quot;focal_length&quot;:&quot;4.15&quot;,&quot;iso&quot;:&quot;80&quot;,&quot;shutter_speed&quot;:&quot;0.03030303030303&quot;,&quot;title&quot;:&quot;&quot;,&quot;orientation&quot;:&quot;1&quot;}\" data-image-title=\"Fil 005\" data-image-description=\"\" data-medium-file=\"https:\/\/i0.wp.com\/samhallsentreprenor.glokala.net\/she2\/wp-content\/uploads\/2017\/08\/Fil-005.jpeg?fit=400%2C300&#038;ssl=1\" data-large-file=\"https:\/\/i0.wp.com\/samhallsentreprenor.glokala.net\/she2\/wp-content\/uploads\/2017\/08\/Fil-005.jpeg?fit=1024%2C768&#038;ssl=1\" src=\"https:\/\/i0.wp.com\/samhallsentreprenor.glokala.net\/she2\/wp-content\/uploads\/2017\/08\/Fil-005.jpeg?w=230&#038;h=173&#038;ssl=1\" srcset=\"https:\/\/i0.wp.com\/samhallsentreprenor.glokala.net\/she2\/wp-content\/uploads\/2017\/08\/Fil-005.jpeg?w=3264&amp;ssl=1 3264w, https:\/\/i0.wp.com\/samhallsentreprenor.glokala.net\/she2\/wp-content\/uploads\/2017\/08\/Fil-005.jpeg?resize=400%2C300&amp;ssl=1 400w, https:\/\/i0.wp.com\/samhallsentreprenor.glokala.net\/she2\/wp-content\/uploads\/2017\/08\/Fil-005.jpeg?resize=768%2C576&amp;ssl=1 768w, https:\/\/i0.wp.com\/samhallsentreprenor.glokala.net\/she2\/wp-content\/uploads\/2017\/08\/Fil-005.jpeg?resize=1024%2C768&amp;ssl=1 1024w, https:\/\/i0.wp.com\/samhallsentreprenor.glokala.net\/she2\/wp-content\/uploads\/2017\/08\/Fil-005.jpeg?resize=624%2C468&amp;ssl=1 624w, https:\/\/i0.wp.com\/samhallsentreprenor.glokala.net\/she2\/wp-content\/uploads\/2017\/08\/Fil-005.jpeg?resize=750%2C563&amp;ssl=1 750w, https:\/\/i0.wp.com\/samhallsentreprenor.glokala.net\/she2\/wp-content\/uploads\/2017\/08\/Fil-005.jpeg?resize=2048%2C1536&amp;ssl=1 2048w, https:\/\/i0.wp.com\/samhallsentreprenor.glokala.net\/she2\/wp-content\/uploads\/2017\/08\/Fil-005.jpeg?w=3000&amp;ssl=1 3000w\" width=\"230\" height=\"173\" loading=\"lazy\" data-original-width=\"230\" data-original-height=\"173\" itemprop=\"http:\/\/schema.org\/image\" title=\"Fil 005\" alt=\"Fil 005\" style=\"width: 230px; height: 173px;\" \/> <\/a> <\/div> <div class=\"tiled-gallery-item tiled-gallery-item-small\" itemprop=\"associatedMedia\" itemscope itemtype=\"http:\/\/schema.org\/ImageObject\"> <a href=\"https:\/\/samhallsentreprenor.glokala.net\/she2\/kurstraff-i-malmo-16-17-sept\/img_0885\/\" border=\"0\" itemprop=\"url\"> <meta itemprop=\"width\" content=\"230\"> <meta itemprop=\"height\" content=\"172\"> <img decoding=\"async\" class=\"\" data-attachment-id=\"5457\" data-orig-file=\"https:\/\/samhallsentreprenor.glokala.net\/she2\/wp-content\/uploads\/2017\/08\/IMG_0885.jpg\" data-orig-size=\"3264,2448\" data-comments-opened=\"1\" data-image-meta=\"{&quot;aperture&quot;:&quot;2.2&quot;,&quot;credit&quot;:&quot;&quot;,&quot;camera&quot;:&quot;iPhone 6&quot;,&quot;caption&quot;:&quot;&quot;,&quot;created_timestamp&quot;:&quot;1505565857&quot;,&quot;copyright&quot;:&quot;&quot;,&quot;focal_length&quot;:&quot;4.15&quot;,&quot;iso&quot;:&quot;100&quot;,&quot;shutter_speed&quot;:&quot;0.03030303030303&quot;,&quot;title&quot;:&quot;&quot;,&quot;orientation&quot;:&quot;1&quot;}\" data-image-title=\"IMG_0885\" data-image-description=\"\" data-medium-file=\"https:\/\/i0.wp.com\/samhallsentreprenor.glokala.net\/she2\/wp-content\/uploads\/2017\/08\/IMG_0885.jpg?fit=400%2C300&#038;ssl=1\" data-large-file=\"https:\/\/i0.wp.com\/samhallsentreprenor.glokala.net\/she2\/wp-content\/uploads\/2017\/08\/IMG_0885.jpg?fit=1024%2C768&#038;ssl=1\" src=\"https:\/\/i0.wp.com\/samhallsentreprenor.glokala.net\/she2\/wp-content\/uploads\/2017\/08\/IMG_0885.jpg?w=230&#038;h=172&#038;ssl=1\" srcset=\"https:\/\/i0.wp.com\/samhallsentreprenor.glokala.net\/she2\/wp-content\/uploads\/2017\/08\/IMG_0885.jpg?w=3264&amp;ssl=1 3264w, https:\/\/i0.wp.com\/samhallsentreprenor.glokala.net\/she2\/wp-content\/uploads\/2017\/08\/IMG_0885.jpg?resize=400%2C300&amp;ssl=1 400w, https:\/\/i0.wp.com\/samhallsentreprenor.glokala.net\/she2\/wp-content\/uploads\/2017\/08\/IMG_0885.jpg?resize=768%2C576&amp;ssl=1 768w, https:\/\/i0.wp.com\/samhallsentreprenor.glokala.net\/she2\/wp-content\/uploads\/2017\/08\/IMG_0885.jpg?resize=1024%2C768&amp;ssl=1 1024w, https:\/\/i0.wp.com\/samhallsentreprenor.glokala.net\/she2\/wp-content\/uploads\/2017\/08\/IMG_0885.jpg?resize=624%2C468&amp;ssl=1 624w, https:\/\/i0.wp.com\/samhallsentreprenor.glokala.net\/she2\/wp-content\/uploads\/2017\/08\/IMG_0885.jpg?resize=750%2C563&amp;ssl=1 750w, https:\/\/i0.wp.com\/samhallsentreprenor.glokala.net\/she2\/wp-content\/uploads\/2017\/08\/IMG_0885.jpg?resize=2048%2C1536&amp;ssl=1 2048w, https:\/\/i0.wp.com\/samhallsentreprenor.glokala.net\/she2\/wp-content\/uploads\/2017\/08\/IMG_0885.jpg?w=3000&amp;ssl=1 3000w\" width=\"230\" height=\"172\" loading=\"lazy\" data-original-width=\"230\" data-original-height=\"172\" itemprop=\"http:\/\/schema.org\/image\" title=\"IMG_0885\" alt=\"IMG_0885\" style=\"width: 230px; height: 172px;\" \/> <\/a> <\/div> <\/div> <!-- close group --> <div class=\"gallery-group images-1\" style=\"width: 266px; height: 353px;\" data-original-width=\"266\" data-original-height=\"353\" > <div class=\"tiled-gallery-item tiled-gallery-item-large\" itemprop=\"associatedMedia\" itemscope itemtype=\"http:\/\/schema.org\/ImageObject\"> <a href=\"https:\/\/samhallsentreprenor.glokala.net\/she2\/kurstraff-i-malmo-16-17-sept\/img_0887\/\" border=\"0\" itemprop=\"url\"> <meta itemprop=\"width\" content=\"262\"> <meta itemprop=\"height\" content=\"349\"> <img decoding=\"async\" class=\"\" data-attachment-id=\"5458\" data-orig-file=\"https:\/\/samhallsentreprenor.glokala.net\/she2\/wp-content\/uploads\/2017\/08\/IMG_0887-e1506245390139.jpg\" data-orig-size=\"2448,3264\" data-comments-opened=\"1\" data-image-meta=\"{&quot;aperture&quot;:&quot;2.2&quot;,&quot;credit&quot;:&quot;&quot;,&quot;camera&quot;:&quot;iPhone 6&quot;,&quot;caption&quot;:&quot;&quot;,&quot;created_timestamp&quot;:&quot;1505569292&quot;,&quot;copyright&quot;:&quot;&quot;,&quot;focal_length&quot;:&quot;4.15&quot;,&quot;iso&quot;:&quot;32&quot;,&quot;shutter_speed&quot;:&quot;0.0019455252918288&quot;,&quot;title&quot;:&quot;&quot;,&quot;orientation&quot;:&quot;6&quot;}\" data-image-title=\"IMG_0887\" data-image-description=\"\" data-medium-file=\"https:\/\/i0.wp.com\/samhallsentreprenor.glokala.net\/she2\/wp-content\/uploads\/2017\/08\/IMG_0887-e1506245390139.jpg?fit=300%2C400&#038;ssl=1\" data-large-file=\"https:\/\/i0.wp.com\/samhallsentreprenor.glokala.net\/she2\/wp-content\/uploads\/2017\/08\/IMG_0887-e1506245390139.jpg?fit=768%2C1024&#038;ssl=1\" src=\"https:\/\/i0.wp.com\/samhallsentreprenor.glokala.net\/she2\/wp-content\/uploads\/2017\/08\/IMG_0887-e1506245390139.jpg?w=262&#038;h=349&#038;ssl=1\" srcset=\"https:\/\/i0.wp.com\/samhallsentreprenor.glokala.net\/she2\/wp-content\/uploads\/2017\/08\/IMG_0887-e1506245390139.jpg?w=2448&amp;ssl=1 2448w, https:\/\/i0.wp.com\/samhallsentreprenor.glokala.net\/she2\/wp-content\/uploads\/2017\/08\/IMG_0887-e1506245390139.jpg?resize=300%2C400&amp;ssl=1 300w, https:\/\/i0.wp.com\/samhallsentreprenor.glokala.net\/she2\/wp-content\/uploads\/2017\/08\/IMG_0887-e1506245390139.jpg?resize=768%2C1024&amp;ssl=1 768w, https:\/\/i0.wp.com\/samhallsentreprenor.glokala.net\/she2\/wp-content\/uploads\/2017\/08\/IMG_0887-e1506245390139.jpg?resize=624%2C832&amp;ssl=1 624w, https:\/\/i0.wp.com\/samhallsentreprenor.glokala.net\/she2\/wp-content\/uploads\/2017\/08\/IMG_0887-e1506245390139.jpg?resize=750%2C1000&amp;ssl=1 750w, https:\/\/i0.wp.com\/samhallsentreprenor.glokala.net\/she2\/wp-content\/uploads\/2017\/08\/IMG_0887-e1506245390139.jpg?resize=1536%2C2048&amp;ssl=1 1536w, https:\/\/i0.wp.com\/samhallsentreprenor.glokala.net\/she2\/wp-content\/uploads\/2017\/08\/IMG_0887-e1506245390139.jpg?w=2000&amp;ssl=1 2000w\" width=\"262\" height=\"349\" loading=\"lazy\" data-original-width=\"262\" data-original-height=\"349\" itemprop=\"http:\/\/schema.org\/image\" title=\"IMG_0887\" alt=\"Sofielunds kollektivhus\" style=\"width: 262px; height: 349px;\" \/> <\/a> <div class=\"tiled-gallery-caption\" itemprop=\"caption description\"> Sofielunds kollektivhus <\/div> <\/div> <\/div> <!-- close group --> <\/div> <!-- close row --> <div class=\"gallery-row\" style=\"width: 500px; height: 419px;\" data-original-width=\"500\" data-original-height=\"419\" > <div class=\"gallery-group images-3\" style=\"width: 185px; height: 419px;\" data-original-width=\"185\" data-original-height=\"419\" > <div class=\"tiled-gallery-item tiled-gallery-item-small\" itemprop=\"associatedMedia\" itemscope itemtype=\"http:\/\/schema.org\/ImageObject\"> <a href=\"https:\/\/samhallsentreprenor.glokala.net\/she2\/kurstraff-i-malmo-16-17-sept\/img_0890\/\" border=\"0\" itemprop=\"url\"> <meta itemprop=\"width\" content=\"181\"> <meta itemprop=\"height\" content=\"136\"> <img decoding=\"async\" class=\"\" data-attachment-id=\"5460\" data-orig-file=\"https:\/\/samhallsentreprenor.glokala.net\/she2\/wp-content\/uploads\/2017\/08\/IMG_0890.jpg\" data-orig-size=\"3264,2448\" data-comments-opened=\"1\" data-image-meta=\"{&quot;aperture&quot;:&quot;2.2&quot;,&quot;credit&quot;:&quot;&quot;,&quot;camera&quot;:&quot;iPhone 6&quot;,&quot;caption&quot;:&quot;&quot;,&quot;created_timestamp&quot;:&quot;1505569653&quot;,&quot;copyright&quot;:&quot;&quot;,&quot;focal_length&quot;:&quot;4.15&quot;,&quot;iso&quot;:&quot;32&quot;,&quot;shutter_speed&quot;:&quot;0.00065703022339028&quot;,&quot;title&quot;:&quot;&quot;,&quot;orientation&quot;:&quot;1&quot;}\" data-image-title=\"IMG_0890\" data-image-description=\"\" data-medium-file=\"https:\/\/i0.wp.com\/samhallsentreprenor.glokala.net\/she2\/wp-content\/uploads\/2017\/08\/IMG_0890.jpg?fit=400%2C300&#038;ssl=1\" data-large-file=\"https:\/\/i0.wp.com\/samhallsentreprenor.glokala.net\/she2\/wp-content\/uploads\/2017\/08\/IMG_0890.jpg?fit=1024%2C768&#038;ssl=1\" src=\"https:\/\/i0.wp.com\/samhallsentreprenor.glokala.net\/she2\/wp-content\/uploads\/2017\/08\/IMG_0890.jpg?w=181&#038;h=136&#038;ssl=1\" srcset=\"https:\/\/i0.wp.com\/samhallsentreprenor.glokala.net\/she2\/wp-content\/uploads\/2017\/08\/IMG_0890.jpg?w=3264&amp;ssl=1 3264w, https:\/\/i0.wp.com\/samhallsentreprenor.glokala.net\/she2\/wp-content\/uploads\/2017\/08\/IMG_0890.jpg?resize=400%2C300&amp;ssl=1 400w, https:\/\/i0.wp.com\/samhallsentreprenor.glokala.net\/she2\/wp-content\/uploads\/2017\/08\/IMG_0890.jpg?resize=768%2C576&amp;ssl=1 768w, https:\/\/i0.wp.com\/samhallsentreprenor.glokala.net\/she2\/wp-content\/uploads\/2017\/08\/IMG_0890.jpg?resize=1024%2C768&amp;ssl=1 1024w, https:\/\/i0.wp.com\/samhallsentreprenor.glokala.net\/she2\/wp-content\/uploads\/2017\/08\/IMG_0890.jpg?resize=624%2C468&amp;ssl=1 624w, https:\/\/i0.wp.com\/samhallsentreprenor.glokala.net\/she2\/wp-content\/uploads\/2017\/08\/IMG_0890.jpg?resize=750%2C563&amp;ssl=1 750w, https:\/\/i0.wp.com\/samhallsentreprenor.glokala.net\/she2\/wp-content\/uploads\/2017\/08\/IMG_0890.jpg?resize=2048%2C1536&amp;ssl=1 2048w, https:\/\/i0.wp.com\/samhallsentreprenor.glokala.net\/she2\/wp-content\/uploads\/2017\/08\/IMG_0890.jpg?w=3000&amp;ssl=1 3000w\" width=\"181\" height=\"136\" loading=\"lazy\" data-original-width=\"181\" data-original-height=\"136\" itemprop=\"http:\/\/schema.org\/image\" title=\"IMG_0890\" alt=\"Sofielunds kollektivhus\" style=\"width: 181px; height: 136px;\" \/> <\/a> <div class=\"tiled-gallery-caption\" itemprop=\"caption description\"> Sofielunds kollektivhus <\/div> <\/div> <div class=\"tiled-gallery-item tiled-gallery-item-small\" itemprop=\"associatedMedia\" itemscope itemtype=\"http:\/\/schema.org\/ImageObject\"> <a href=\"https:\/\/samhallsentreprenor.glokala.net\/she2\/kurstraff-i-malmo-16-17-sept\/fil-006\/\" border=\"0\" itemprop=\"url\"> <meta itemprop=\"width\" content=\"181\"> <meta itemprop=\"height\" content=\"136\"> <img decoding=\"async\" class=\"\" data-attachment-id=\"5455\" data-orig-file=\"https:\/\/samhallsentreprenor.glokala.net\/she2\/wp-content\/uploads\/2017\/08\/Fil-006.jpeg\" data-orig-size=\"3264,2448\" data-comments-opened=\"1\" data-image-meta=\"{&quot;aperture&quot;:&quot;2.2&quot;,&quot;credit&quot;:&quot;&quot;,&quot;camera&quot;:&quot;iPhone 6&quot;,&quot;caption&quot;:&quot;&quot;,&quot;created_timestamp&quot;:&quot;1505579450&quot;,&quot;copyright&quot;:&quot;&quot;,&quot;focal_length&quot;:&quot;4.15&quot;,&quot;iso&quot;:&quot;100&quot;,&quot;shutter_speed&quot;:&quot;0.03030303030303&quot;,&quot;title&quot;:&quot;&quot;,&quot;orientation&quot;:&quot;1&quot;}\" data-image-title=\"Fil 006\" data-image-description=\"\" data-medium-file=\"https:\/\/i0.wp.com\/samhallsentreprenor.glokala.net\/she2\/wp-content\/uploads\/2017\/08\/Fil-006.jpeg?fit=400%2C300&#038;ssl=1\" data-large-file=\"https:\/\/i0.wp.com\/samhallsentreprenor.glokala.net\/she2\/wp-content\/uploads\/2017\/08\/Fil-006.jpeg?fit=1024%2C768&#038;ssl=1\" src=\"https:\/\/i0.wp.com\/samhallsentreprenor.glokala.net\/she2\/wp-content\/uploads\/2017\/08\/Fil-006.jpeg?w=181&#038;h=136&#038;ssl=1\" srcset=\"https:\/\/i0.wp.com\/samhallsentreprenor.glokala.net\/she2\/wp-content\/uploads\/2017\/08\/Fil-006.jpeg?w=3264&amp;ssl=1 3264w, https:\/\/i0.wp.com\/samhallsentreprenor.glokala.net\/she2\/wp-content\/uploads\/2017\/08\/Fil-006.jpeg?resize=400%2C300&amp;ssl=1 400w, https:\/\/i0.wp.com\/samhallsentreprenor.glokala.net\/she2\/wp-content\/uploads\/2017\/08\/Fil-006.jpeg?resize=768%2C576&amp;ssl=1 768w, https:\/\/i0.wp.com\/samhallsentreprenor.glokala.net\/she2\/wp-content\/uploads\/2017\/08\/Fil-006.jpeg?resize=1024%2C768&amp;ssl=1 1024w, https:\/\/i0.wp.com\/samhallsentreprenor.glokala.net\/she2\/wp-content\/uploads\/2017\/08\/Fil-006.jpeg?resize=624%2C468&amp;ssl=1 624w, https:\/\/i0.wp.com\/samhallsentreprenor.glokala.net\/she2\/wp-content\/uploads\/2017\/08\/Fil-006.jpeg?resize=750%2C563&amp;ssl=1 750w, https:\/\/i0.wp.com\/samhallsentreprenor.glokala.net\/she2\/wp-content\/uploads\/2017\/08\/Fil-006.jpeg?resize=2048%2C1536&amp;ssl=1 2048w, https:\/\/i0.wp.com\/samhallsentreprenor.glokala.net\/she2\/wp-content\/uploads\/2017\/08\/Fil-006.jpeg?w=3000&amp;ssl=1 3000w\" width=\"181\" height=\"136\" loading=\"lazy\" data-original-width=\"181\" data-original-height=\"136\" itemprop=\"http:\/\/schema.org\/image\" title=\"Fil 006\" alt=\"Fr\u00e5n workshopen id\u00e9 till action\" style=\"width: 181px; height: 136px;\" \/> <\/a> <div class=\"tiled-gallery-caption\" itemprop=\"caption description\"> Fr\u00e5n workshopen id\u00e9 till action <\/div> <\/div> <div class=\"tiled-gallery-item tiled-gallery-item-small\" itemprop=\"associatedMedia\" itemscope itemtype=\"http:\/\/schema.org\/ImageObject\"> <a href=\"https:\/\/samhallsentreprenor.glokala.net\/she2\/kurstraff-i-malmo-16-17-sept\/fil-007\/\" border=\"0\" itemprop=\"url\"> <meta itemprop=\"width\" content=\"181\"> <meta itemprop=\"height\" content=\"135\"> <img decoding=\"async\" class=\"\" data-attachment-id=\"5456\" data-orig-file=\"https:\/\/samhallsentreprenor.glokala.net\/she2\/wp-content\/uploads\/2017\/08\/Fil-007.jpeg\" data-orig-size=\"3264,2448\" data-comments-opened=\"1\" data-image-meta=\"{&quot;aperture&quot;:&quot;2.2&quot;,&quot;credit&quot;:&quot;&quot;,&quot;camera&quot;:&quot;iPhone 6&quot;,&quot;caption&quot;:&quot;&quot;,&quot;created_timestamp&quot;:&quot;1505579442&quot;,&quot;copyright&quot;:&quot;&quot;,&quot;focal_length&quot;:&quot;4.15&quot;,&quot;iso&quot;:&quot;64&quot;,&quot;shutter_speed&quot;:&quot;0.03030303030303&quot;,&quot;title&quot;:&quot;&quot;,&quot;orientation&quot;:&quot;1&quot;}\" data-image-title=\"Fil 007\" data-image-description=\"\" data-medium-file=\"https:\/\/i0.wp.com\/samhallsentreprenor.glokala.net\/she2\/wp-content\/uploads\/2017\/08\/Fil-007.jpeg?fit=400%2C300&#038;ssl=1\" data-large-file=\"https:\/\/i0.wp.com\/samhallsentreprenor.glokala.net\/she2\/wp-content\/uploads\/2017\/08\/Fil-007.jpeg?fit=1024%2C768&#038;ssl=1\" src=\"https:\/\/i0.wp.com\/samhallsentreprenor.glokala.net\/she2\/wp-content\/uploads\/2017\/08\/Fil-007.jpeg?w=181&#038;h=135&#038;ssl=1\" srcset=\"https:\/\/i0.wp.com\/samhallsentreprenor.glokala.net\/she2\/wp-content\/uploads\/2017\/08\/Fil-007.jpeg?w=3264&amp;ssl=1 3264w, https:\/\/i0.wp.com\/samhallsentreprenor.glokala.net\/she2\/wp-content\/uploads\/2017\/08\/Fil-007.jpeg?resize=400%2C300&amp;ssl=1 400w, https:\/\/i0.wp.com\/samhallsentreprenor.glokala.net\/she2\/wp-content\/uploads\/2017\/08\/Fil-007.jpeg?resize=768%2C576&amp;ssl=1 768w, https:\/\/i0.wp.com\/samhallsentreprenor.glokala.net\/she2\/wp-content\/uploads\/2017\/08\/Fil-007.jpeg?resize=1024%2C768&amp;ssl=1 1024w, https:\/\/i0.wp.com\/samhallsentreprenor.glokala.net\/she2\/wp-content\/uploads\/2017\/08\/Fil-007.jpeg?resize=624%2C468&amp;ssl=1 624w, https:\/\/i0.wp.com\/samhallsentreprenor.glokala.net\/she2\/wp-content\/uploads\/2017\/08\/Fil-007.jpeg?resize=750%2C563&amp;ssl=1 750w, https:\/\/i0.wp.com\/samhallsentreprenor.glokala.net\/she2\/wp-content\/uploads\/2017\/08\/Fil-007.jpeg?resize=2048%2C1536&amp;ssl=1 2048w, https:\/\/i0.wp.com\/samhallsentreprenor.glokala.net\/she2\/wp-content\/uploads\/2017\/08\/Fil-007.jpeg?w=3000&amp;ssl=1 3000w\" width=\"181\" height=\"135\" loading=\"lazy\" data-original-width=\"181\" data-original-height=\"135\" itemprop=\"http:\/\/schema.org\/image\" title=\"Fil 007\" alt=\"Fr\u00e5n workshopen id\u00e9 till action\" style=\"width: 181px; height: 135px;\" \/> <\/a> <div class=\"tiled-gallery-caption\" itemprop=\"caption description\"> Fr\u00e5n workshopen id\u00e9 till action <\/div> <\/div> <\/div> <!-- close group --> <div class=\"gallery-group images-1\" style=\"width: 315px; height: 419px;\" data-original-width=\"315\" data-original-height=\"419\" > <div class=\"tiled-gallery-item tiled-gallery-item-large\" itemprop=\"associatedMedia\" itemscope itemtype=\"http:\/\/schema.org\/ImageObject\"> <a href=\"https:\/\/samhallsentreprenor.glokala.net\/she2\/kurstraff-i-malmo-16-17-sept\/ide-t-action-16-sept-17-1\/\" border=\"0\" itemprop=\"url\"> <meta itemprop=\"width\" content=\"311\"> <meta itemprop=\"height\" content=\"415\"> <img decoding=\"async\" class=\"\" data-attachment-id=\"5461\" data-orig-file=\"https:\/\/samhallsentreprenor.glokala.net\/she2\/wp-content\/uploads\/2017\/08\/Ide\u0301-t-Action-16-sept-17.1-e1506245339864.jpg\" data-orig-size=\"2448,3264\" data-comments-opened=\"1\" data-image-meta=\"{&quot;aperture&quot;:&quot;0&quot;,&quot;credit&quot;:&quot;&quot;,&quot;camera&quot;:&quot;&quot;,&quot;caption&quot;:&quot;&quot;,&quot;created_timestamp&quot;:&quot;0&quot;,&quot;copyright&quot;:&quot;&quot;,&quot;focal_length&quot;:&quot;0&quot;,&quot;iso&quot;:&quot;0&quot;,&quot;shutter_speed&quot;:&quot;0&quot;,&quot;title&quot;:&quot;&quot;,&quot;orientation&quot;:&quot;6&quot;}\" data-image-title=\"Ide\u0301 t Action 16 sept-17.1\" data-image-description=\"\" data-medium-file=\"https:\/\/i0.wp.com\/samhallsentreprenor.glokala.net\/she2\/wp-content\/uploads\/2017\/08\/Ide%CC%81-t-Action-16-sept-17.1-e1506245339864.jpg?fit=300%2C400&#038;ssl=1\" data-large-file=\"https:\/\/i0.wp.com\/samhallsentreprenor.glokala.net\/she2\/wp-content\/uploads\/2017\/08\/Ide%CC%81-t-Action-16-sept-17.1-e1506245339864.jpg?fit=768%2C1024&#038;ssl=1\" src=\"https:\/\/i0.wp.com\/samhallsentreprenor.glokala.net\/she2\/wp-content\/uploads\/2017\/08\/Ide%CC%81-t-Action-16-sept-17.1-e1506245339864.jpg?w=311&#038;h=415&#038;ssl=1\" width=\"311\" height=\"415\" loading=\"lazy\" data-original-width=\"311\" data-original-height=\"415\" itemprop=\"http:\/\/schema.org\/image\" title=\"Ide\u0301 t Action 16 sept-17.1\" alt=\"Fr\u00e5n workshopen id\u00e9 till action\" style=\"width: 311px; height: 415px;\" \/> <\/a> <div class=\"tiled-gallery-caption\" itemprop=\"caption description\"> Fr\u00e5n workshopen id\u00e9 till action <\/div> <\/div> <\/div> <!-- close group --> <\/div> <!-- close row --> <div class=\"gallery-row\" style=\"width: 500px; height: 419px;\" data-original-width=\"500\" data-original-height=\"419\" > <div class=\"gallery-group images-1\" style=\"width: 315px; height: 419px;\" data-original-width=\"315\" data-original-height=\"419\" > <div class=\"tiled-gallery-item tiled-gallery-item-large\" itemprop=\"associatedMedia\" itemscope itemtype=\"http:\/\/schema.org\/ImageObject\"> <a href=\"https:\/\/samhallsentreprenor.glokala.net\/she2\/kurstraff-i-malmo-16-17-sept\/ide-t-action-16-sept-17-2\/\" border=\"0\" itemprop=\"url\"> <meta itemprop=\"width\" content=\"311\"> <meta itemprop=\"height\" content=\"415\"> <img decoding=\"async\" class=\"\" data-attachment-id=\"5463\" data-orig-file=\"https:\/\/samhallsentreprenor.glokala.net\/she2\/wp-content\/uploads\/2017\/08\/Ide\u0301-t-Action-16-sept-17.2-e1506245358830.jpg\" data-orig-size=\"2448,3264\" data-comments-opened=\"1\" data-image-meta=\"{&quot;aperture&quot;:&quot;0&quot;,&quot;credit&quot;:&quot;&quot;,&quot;camera&quot;:&quot;&quot;,&quot;caption&quot;:&quot;&quot;,&quot;created_timestamp&quot;:&quot;0&quot;,&quot;copyright&quot;:&quot;&quot;,&quot;focal_length&quot;:&quot;0&quot;,&quot;iso&quot;:&quot;0&quot;,&quot;shutter_speed&quot;:&quot;0&quot;,&quot;title&quot;:&quot;&quot;,&quot;orientation&quot;:&quot;6&quot;}\" data-image-title=\"Ide\u0301 t Action 16 sept-17.2\" data-image-description=\"\" data-medium-file=\"https:\/\/i0.wp.com\/samhallsentreprenor.glokala.net\/she2\/wp-content\/uploads\/2017\/08\/Ide%CC%81-t-Action-16-sept-17.2-e1506245358830.jpg?fit=300%2C400&#038;ssl=1\" data-large-file=\"https:\/\/i0.wp.com\/samhallsentreprenor.glokala.net\/she2\/wp-content\/uploads\/2017\/08\/Ide%CC%81-t-Action-16-sept-17.2-e1506245358830.jpg?fit=768%2C1024&#038;ssl=1\" src=\"https:\/\/i0.wp.com\/samhallsentreprenor.glokala.net\/she2\/wp-content\/uploads\/2017\/08\/Ide%CC%81-t-Action-16-sept-17.2-e1506245358830.jpg?w=311&#038;h=415&#038;ssl=1\" width=\"311\" height=\"415\" loading=\"lazy\" data-original-width=\"311\" data-original-height=\"415\" itemprop=\"http:\/\/schema.org\/image\" title=\"Ide\u0301 t Action 16 sept-17.2\" alt=\"Fr\u00e5n workshopen id\u00e9 till action\" style=\"width: 311px; height: 415px;\" \/> <\/a> <div class=\"tiled-gallery-caption\" itemprop=\"caption description\"> Fr\u00e5n workshopen id\u00e9 till action <\/div> <\/div> <\/div> <!-- close group --> <div class=\"gallery-group images-3\" style=\"width: 185px; height: 419px;\" data-original-width=\"185\" data-original-height=\"419\" > <div class=\"tiled-gallery-item tiled-gallery-item-small\" itemprop=\"associatedMedia\" itemscope itemtype=\"http:\/\/schema.org\/ImageObject\"> <a href=\"https:\/\/samhallsentreprenor.glokala.net\/she2\/kurstraff-i-malmo-16-17-sept\/ide-t-action-16-sept-17-6\/\" border=\"0\" itemprop=\"url\"> <meta itemprop=\"width\" content=\"181\"> <meta itemprop=\"height\" content=\"136\"> <img decoding=\"async\" class=\"\" data-attachment-id=\"5462\" data-orig-file=\"https:\/\/samhallsentreprenor.glokala.net\/she2\/wp-content\/uploads\/2017\/08\/Ide\u0301-t-Action-16-sept-17.6.jpg\" data-orig-size=\"3264,2448\" data-comments-opened=\"1\" data-image-meta=\"{&quot;aperture&quot;:&quot;0&quot;,&quot;credit&quot;:&quot;&quot;,&quot;camera&quot;:&quot;&quot;,&quot;caption&quot;:&quot;&quot;,&quot;created_timestamp&quot;:&quot;0&quot;,&quot;copyright&quot;:&quot;&quot;,&quot;focal_length&quot;:&quot;0&quot;,&quot;iso&quot;:&quot;0&quot;,&quot;shutter_speed&quot;:&quot;0&quot;,&quot;title&quot;:&quot;&quot;,&quot;orientation&quot;:&quot;1&quot;}\" data-image-title=\"Ide\u0301 t Action 16 sept-17.6\" data-image-description=\"\" data-medium-file=\"https:\/\/i0.wp.com\/samhallsentreprenor.glokala.net\/she2\/wp-content\/uploads\/2017\/08\/Ide%CC%81-t-Action-16-sept-17.6.jpg?fit=400%2C300&#038;ssl=1\" data-large-file=\"https:\/\/i0.wp.com\/samhallsentreprenor.glokala.net\/she2\/wp-content\/uploads\/2017\/08\/Ide%CC%81-t-Action-16-sept-17.6.jpg?fit=1024%2C768&#038;ssl=1\" src=\"https:\/\/i0.wp.com\/samhallsentreprenor.glokala.net\/she2\/wp-content\/uploads\/2017\/08\/Ide%CC%81-t-Action-16-sept-17.6.jpg?w=181&#038;h=136&#038;ssl=1\" width=\"181\" height=\"136\" loading=\"lazy\" data-original-width=\"181\" data-original-height=\"136\" itemprop=\"http:\/\/schema.org\/image\" title=\"Ide\u0301 t Action 16 sept-17.6\" alt=\"Fr\u00e5n workshopen id\u00e9 till action\" style=\"width: 181px; height: 136px;\" \/> <\/a> <div class=\"tiled-gallery-caption\" itemprop=\"caption description\"> Fr\u00e5n workshopen id\u00e9 till action <\/div> <\/div> <div class=\"tiled-gallery-item tiled-gallery-item-small\" itemprop=\"associatedMedia\" itemscope itemtype=\"http:\/\/schema.org\/ImageObject\"> <a href=\"https:\/\/samhallsentreprenor.glokala.net\/she2\/kurstraff-i-malmo-16-17-sept\/ide-t-action-16-sept-17-7\/\" border=\"0\" itemprop=\"url\"> <meta itemprop=\"width\" content=\"181\"> <meta itemprop=\"height\" content=\"136\"> <img decoding=\"async\" class=\"\" data-attachment-id=\"5464\" data-orig-file=\"https:\/\/samhallsentreprenor.glokala.net\/she2\/wp-content\/uploads\/2017\/08\/Ide\u0301-t-Action-16-sept-17.7.jpg\" data-orig-size=\"3264,2448\" data-comments-opened=\"1\" data-image-meta=\"{&quot;aperture&quot;:&quot;0&quot;,&quot;credit&quot;:&quot;&quot;,&quot;camera&quot;:&quot;&quot;,&quot;caption&quot;:&quot;&quot;,&quot;created_timestamp&quot;:&quot;0&quot;,&quot;copyright&quot;:&quot;&quot;,&quot;focal_length&quot;:&quot;0&quot;,&quot;iso&quot;:&quot;0&quot;,&quot;shutter_speed&quot;:&quot;0&quot;,&quot;title&quot;:&quot;&quot;,&quot;orientation&quot;:&quot;1&quot;}\" data-image-title=\"Ide\u0301 t Action 16 sept-17.7\" data-image-description=\"\" data-medium-file=\"https:\/\/i0.wp.com\/samhallsentreprenor.glokala.net\/she2\/wp-content\/uploads\/2017\/08\/Ide%CC%81-t-Action-16-sept-17.7.jpg?fit=400%2C300&#038;ssl=1\" data-large-file=\"https:\/\/i0.wp.com\/samhallsentreprenor.glokala.net\/she2\/wp-content\/uploads\/2017\/08\/Ide%CC%81-t-Action-16-sept-17.7.jpg?fit=1024%2C768&#038;ssl=1\" src=\"https:\/\/i0.wp.com\/samhallsentreprenor.glokala.net\/she2\/wp-content\/uploads\/2017\/08\/Ide%CC%81-t-Action-16-sept-17.7.jpg?w=181&#038;h=136&#038;ssl=1\" width=\"181\" height=\"136\" loading=\"lazy\" data-original-width=\"181\" data-original-height=\"136\" itemprop=\"http:\/\/schema.org\/image\" title=\"Ide\u0301 t Action 16 sept-17.7\" alt=\"Fr\u00e5n workshopen id\u00e9 till action\" style=\"width: 181px; height: 136px;\" \/> <\/a> <div class=\"tiled-gallery-caption\" itemprop=\"caption description\"> Fr\u00e5n workshopen id\u00e9 till action <\/div> <\/div> <div class=\"tiled-gallery-item tiled-gallery-item-small\" itemprop=\"associatedMedia\" itemscope itemtype=\"http:\/\/schema.org\/ImageObject\"> <a href=\"https:\/\/samhallsentreprenor.glokala.net\/she2\/kurstraff-i-malmo-16-17-sept\/fil-000\/\" border=\"0\" itemprop=\"url\"> <meta itemprop=\"width\" content=\"181\"> <meta itemprop=\"height\" content=\"135\"> <img decoding=\"async\" class=\"\" data-attachment-id=\"5448\" data-orig-file=\"https:\/\/samhallsentreprenor.glokala.net\/she2\/wp-content\/uploads\/2017\/08\/Fil-000.jpeg\" data-orig-size=\"3264,2448\" data-comments-opened=\"1\" data-image-meta=\"{&quot;aperture&quot;:&quot;2.2&quot;,&quot;credit&quot;:&quot;&quot;,&quot;camera&quot;:&quot;iPhone 6&quot;,&quot;caption&quot;:&quot;&quot;,&quot;created_timestamp&quot;:&quot;1505653204&quot;,&quot;copyright&quot;:&quot;&quot;,&quot;focal_length&quot;:&quot;4.15&quot;,&quot;iso&quot;:&quot;100&quot;,&quot;shutter_speed&quot;:&quot;0.03030303030303&quot;,&quot;title&quot;:&quot;&quot;,&quot;orientation&quot;:&quot;1&quot;}\" data-image-title=\"Fil 000\" data-image-description=\"\" data-medium-file=\"https:\/\/i0.wp.com\/samhallsentreprenor.glokala.net\/she2\/wp-content\/uploads\/2017\/08\/Fil-000.jpeg?fit=400%2C300&#038;ssl=1\" data-large-file=\"https:\/\/i0.wp.com\/samhallsentreprenor.glokala.net\/she2\/wp-content\/uploads\/2017\/08\/Fil-000.jpeg?fit=1024%2C768&#038;ssl=1\" src=\"https:\/\/i0.wp.com\/samhallsentreprenor.glokala.net\/she2\/wp-content\/uploads\/2017\/08\/Fil-000.jpeg?w=181&#038;h=135&#038;ssl=1\" srcset=\"https:\/\/i0.wp.com\/samhallsentreprenor.glokala.net\/she2\/wp-content\/uploads\/2017\/08\/Fil-000.jpeg?w=3264&amp;ssl=1 3264w, https:\/\/i0.wp.com\/samhallsentreprenor.glokala.net\/she2\/wp-content\/uploads\/2017\/08\/Fil-000.jpeg?resize=400%2C300&amp;ssl=1 400w, https:\/\/i0.wp.com\/samhallsentreprenor.glokala.net\/she2\/wp-content\/uploads\/2017\/08\/Fil-000.jpeg?resize=768%2C576&amp;ssl=1 768w, https:\/\/i0.wp.com\/samhallsentreprenor.glokala.net\/she2\/wp-content\/uploads\/2017\/08\/Fil-000.jpeg?resize=1024%2C768&amp;ssl=1 1024w, https:\/\/i0.wp.com\/samhallsentreprenor.glokala.net\/she2\/wp-content\/uploads\/2017\/08\/Fil-000.jpeg?resize=624%2C468&amp;ssl=1 624w, https:\/\/i0.wp.com\/samhallsentreprenor.glokala.net\/she2\/wp-content\/uploads\/2017\/08\/Fil-000.jpeg?resize=750%2C563&amp;ssl=1 750w, https:\/\/i0.wp.com\/samhallsentreprenor.glokala.net\/she2\/wp-content\/uploads\/2017\/08\/Fil-000.jpeg?resize=2048%2C1536&amp;ssl=1 2048w, https:\/\/i0.wp.com\/samhallsentreprenor.glokala.net\/she2\/wp-content\/uploads\/2017\/08\/Fil-000.jpeg?w=3000&amp;ssl=1 3000w\" width=\"181\" height=\"135\" loading=\"lazy\" data-original-width=\"181\" data-original-height=\"135\" itemprop=\"http:\/\/schema.org\/image\" title=\"Fil 000\" alt=\"Falafel!\" style=\"width: 181px; height: 135px;\" \/> <\/a> <div class=\"tiled-gallery-caption\" itemprop=\"caption description\"> Falafel! <\/div> <\/div> <\/div> <!-- close group --> <\/div> <!-- close row --> <div class=\"gallery-row\" style=\"width: 500px; height: 251px;\" data-original-width=\"500\" data-original-height=\"251\" > <div class=\"gallery-group images-1\" style=\"width: 334px; height: 251px;\" data-original-width=\"334\" data-original-height=\"251\" > <div class=\"tiled-gallery-item tiled-gallery-item-large\" itemprop=\"associatedMedia\" itemscope itemtype=\"http:\/\/schema.org\/ImageObject\"> <a href=\"https:\/\/samhallsentreprenor.glokala.net\/she2\/kurstraff-i-malmo-16-17-sept\/fil-0001\/\" border=\"0\" itemprop=\"url\"> <meta itemprop=\"width\" content=\"330\"> <meta itemprop=\"height\" content=\"247\"> <img decoding=\"async\" class=\"\" data-attachment-id=\"5449\" data-orig-file=\"https:\/\/samhallsentreprenor.glokala.net\/she2\/wp-content\/uploads\/2017\/08\/Fil-0001-e1506245115197.jpeg\" data-orig-size=\"1280,960\" data-comments-opened=\"1\" data-image-meta=\"{&quot;aperture&quot;:&quot;2.2&quot;,&quot;credit&quot;:&quot;&quot;,&quot;camera&quot;:&quot;iPhone 6&quot;,&quot;caption&quot;:&quot;&quot;,&quot;created_timestamp&quot;:&quot;1505653217&quot;,&quot;copyright&quot;:&quot;&quot;,&quot;focal_length&quot;:&quot;2.65&quot;,&quot;iso&quot;:&quot;125&quot;,&quot;shutter_speed&quot;:&quot;0.03030303030303&quot;,&quot;title&quot;:&quot;&quot;,&quot;orientation&quot;:&quot;3&quot;}\" data-image-title=\"Fil 000(1)\" data-image-description=\"\" data-medium-file=\"https:\/\/i0.wp.com\/samhallsentreprenor.glokala.net\/she2\/wp-content\/uploads\/2017\/08\/Fil-0001-e1506245115197.jpeg?fit=400%2C300&#038;ssl=1\" data-large-file=\"https:\/\/i0.wp.com\/samhallsentreprenor.glokala.net\/she2\/wp-content\/uploads\/2017\/08\/Fil-0001-e1506245115197.jpeg?fit=1024%2C768&#038;ssl=1\" src=\"https:\/\/i0.wp.com\/samhallsentreprenor.glokala.net\/she2\/wp-content\/uploads\/2017\/08\/Fil-0001-e1506245115197.jpeg?w=330&#038;h=247&#038;ssl=1\" srcset=\"https:\/\/i0.wp.com\/samhallsentreprenor.glokala.net\/she2\/wp-content\/uploads\/2017\/08\/Fil-0001-e1506245115197.jpeg?w=1280&amp;ssl=1 1280w, https:\/\/i0.wp.com\/samhallsentreprenor.glokala.net\/she2\/wp-content\/uploads\/2017\/08\/Fil-0001-e1506245115197.jpeg?resize=400%2C300&amp;ssl=1 400w, https:\/\/i0.wp.com\/samhallsentreprenor.glokala.net\/she2\/wp-content\/uploads\/2017\/08\/Fil-0001-e1506245115197.jpeg?resize=768%2C576&amp;ssl=1 768w, https:\/\/i0.wp.com\/samhallsentreprenor.glokala.net\/she2\/wp-content\/uploads\/2017\/08\/Fil-0001-e1506245115197.jpeg?resize=1024%2C768&amp;ssl=1 1024w, https:\/\/i0.wp.com\/samhallsentreprenor.glokala.net\/she2\/wp-content\/uploads\/2017\/08\/Fil-0001-e1506245115197.jpeg?resize=624%2C468&amp;ssl=1 624w, https:\/\/i0.wp.com\/samhallsentreprenor.glokala.net\/she2\/wp-content\/uploads\/2017\/08\/Fil-0001-e1506245115197.jpeg?resize=750%2C563&amp;ssl=1 750w\" width=\"330\" height=\"247\" loading=\"lazy\" data-original-width=\"330\" data-original-height=\"247\" itemprop=\"http:\/\/schema.org\/image\" title=\"Fil 000(1)\" alt=\"Falafel!\" style=\"width: 330px; height: 247px;\" \/> <\/a> <div class=\"tiled-gallery-caption\" itemprop=\"caption description\"> Falafel! <\/div> <\/div> <\/div> <!-- close group --> <div class=\"gallery-group images-2\" style=\"width: 166px; height: 251px;\" data-original-width=\"166\" data-original-height=\"251\" > <div class=\"tiled-gallery-item tiled-gallery-item-small\" itemprop=\"associatedMedia\" itemscope itemtype=\"http:\/\/schema.org\/ImageObject\"> <a href=\"https:\/\/samhallsentreprenor.glokala.net\/she2\/kurstraff-i-malmo-16-17-sept\/fil-002\/\" border=\"0\" itemprop=\"url\"> <meta itemprop=\"width\" content=\"162\"> <meta itemprop=\"height\" content=\"122\"> <img decoding=\"async\" class=\"\" data-attachment-id=\"5452\" data-orig-file=\"https:\/\/samhallsentreprenor.glokala.net\/she2\/wp-content\/uploads\/2017\/08\/Fil-002.jpeg\" data-orig-size=\"3264,2448\" data-comments-opened=\"1\" data-image-meta=\"{&quot;aperture&quot;:&quot;2.2&quot;,&quot;credit&quot;:&quot;&quot;,&quot;camera&quot;:&quot;iPhone 6&quot;,&quot;caption&quot;:&quot;&quot;,&quot;created_timestamp&quot;:&quot;1505648076&quot;,&quot;copyright&quot;:&quot;&quot;,&quot;focal_length&quot;:&quot;4.15&quot;,&quot;iso&quot;:&quot;160&quot;,&quot;shutter_speed&quot;:&quot;0.03030303030303&quot;,&quot;title&quot;:&quot;&quot;,&quot;orientation&quot;:&quot;1&quot;}\" data-image-title=\"Fil 002\" data-image-description=\"\" data-medium-file=\"https:\/\/i0.wp.com\/samhallsentreprenor.glokala.net\/she2\/wp-content\/uploads\/2017\/08\/Fil-002.jpeg?fit=400%2C300&#038;ssl=1\" data-large-file=\"https:\/\/i0.wp.com\/samhallsentreprenor.glokala.net\/she2\/wp-content\/uploads\/2017\/08\/Fil-002.jpeg?fit=1024%2C768&#038;ssl=1\" src=\"https:\/\/i0.wp.com\/samhallsentreprenor.glokala.net\/she2\/wp-content\/uploads\/2017\/08\/Fil-002.jpeg?w=162&#038;h=122&#038;ssl=1\" srcset=\"https:\/\/i0.wp.com\/samhallsentreprenor.glokala.net\/she2\/wp-content\/uploads\/2017\/08\/Fil-002.jpeg?w=3264&amp;ssl=1 3264w, https:\/\/i0.wp.com\/samhallsentreprenor.glokala.net\/she2\/wp-content\/uploads\/2017\/08\/Fil-002.jpeg?resize=400%2C300&amp;ssl=1 400w, https:\/\/i0.wp.com\/samhallsentreprenor.glokala.net\/she2\/wp-content\/uploads\/2017\/08\/Fil-002.jpeg?resize=768%2C576&amp;ssl=1 768w, https:\/\/i0.wp.com\/samhallsentreprenor.glokala.net\/she2\/wp-content\/uploads\/2017\/08\/Fil-002.jpeg?resize=1024%2C768&amp;ssl=1 1024w, https:\/\/i0.wp.com\/samhallsentreprenor.glokala.net\/she2\/wp-content\/uploads\/2017\/08\/Fil-002.jpeg?resize=624%2C468&amp;ssl=1 624w, https:\/\/i0.wp.com\/samhallsentreprenor.glokala.net\/she2\/wp-content\/uploads\/2017\/08\/Fil-002.jpeg?resize=750%2C563&amp;ssl=1 750w, https:\/\/i0.wp.com\/samhallsentreprenor.glokala.net\/she2\/wp-content\/uploads\/2017\/08\/Fil-002.jpeg?resize=2048%2C1536&amp;ssl=1 2048w, https:\/\/i0.wp.com\/samhallsentreprenor.glokala.net\/she2\/wp-content\/uploads\/2017\/08\/Fil-002.jpeg?w=3000&amp;ssl=1 3000w\" width=\"162\" height=\"122\" loading=\"lazy\" data-original-width=\"162\" data-original-height=\"122\" itemprop=\"http:\/\/schema.org\/image\" title=\"Fil 002\" alt=\"Framtidsfestivalen\" style=\"width: 162px; height: 122px;\" \/> <\/a> <div class=\"tiled-gallery-caption\" itemprop=\"caption description\"> Framtidsfestivalen <\/div> <\/div> <div class=\"tiled-gallery-item tiled-gallery-item-small\" itemprop=\"associatedMedia\" itemscope itemtype=\"http:\/\/schema.org\/ImageObject\"> <a href=\"https:\/\/samhallsentreprenor.glokala.net\/she2\/kurstraff-i-malmo-16-17-sept\/fil-001\/\" border=\"0\" itemprop=\"url\"> <meta itemprop=\"width\" content=\"162\"> <meta itemprop=\"height\" content=\"121\"> <img decoding=\"async\" class=\"\" data-attachment-id=\"5451\" data-orig-file=\"https:\/\/samhallsentreprenor.glokala.net\/she2\/wp-content\/uploads\/2017\/08\/Fil-001.jpeg\" data-orig-size=\"3264,2448\" data-comments-opened=\"1\" data-image-meta=\"{&quot;aperture&quot;:&quot;2.2&quot;,&quot;credit&quot;:&quot;&quot;,&quot;camera&quot;:&quot;iPhone 6&quot;,&quot;caption&quot;:&quot;&quot;,&quot;created_timestamp&quot;:&quot;1505645713&quot;,&quot;copyright&quot;:&quot;&quot;,&quot;focal_length&quot;:&quot;4.15&quot;,&quot;iso&quot;:&quot;250&quot;,&quot;shutter_speed&quot;:&quot;0.05&quot;,&quot;title&quot;:&quot;&quot;,&quot;orientation&quot;:&quot;1&quot;}\" data-image-title=\"Fil 001\" data-image-description=\"\" data-medium-file=\"https:\/\/i0.wp.com\/samhallsentreprenor.glokala.net\/she2\/wp-content\/uploads\/2017\/08\/Fil-001.jpeg?fit=400%2C300&#038;ssl=1\" data-large-file=\"https:\/\/i0.wp.com\/samhallsentreprenor.glokala.net\/she2\/wp-content\/uploads\/2017\/08\/Fil-001.jpeg?fit=1024%2C768&#038;ssl=1\" src=\"https:\/\/i0.wp.com\/samhallsentreprenor.glokala.net\/she2\/wp-content\/uploads\/2017\/08\/Fil-001.jpeg?w=162&#038;h=121&#038;ssl=1\" srcset=\"https:\/\/i0.wp.com\/samhallsentreprenor.glokala.net\/she2\/wp-content\/uploads\/2017\/08\/Fil-001.jpeg?w=3264&amp;ssl=1 3264w, https:\/\/i0.wp.com\/samhallsentreprenor.glokala.net\/she2\/wp-content\/uploads\/2017\/08\/Fil-001.jpeg?resize=400%2C300&amp;ssl=1 400w, https:\/\/i0.wp.com\/samhallsentreprenor.glokala.net\/she2\/wp-content\/uploads\/2017\/08\/Fil-001.jpeg?resize=768%2C576&amp;ssl=1 768w, https:\/\/i0.wp.com\/samhallsentreprenor.glokala.net\/she2\/wp-content\/uploads\/2017\/08\/Fil-001.jpeg?resize=1024%2C768&amp;ssl=1 1024w, https:\/\/i0.wp.com\/samhallsentreprenor.glokala.net\/she2\/wp-content\/uploads\/2017\/08\/Fil-001.jpeg?resize=624%2C468&amp;ssl=1 624w, https:\/\/i0.wp.com\/samhallsentreprenor.glokala.net\/she2\/wp-content\/uploads\/2017\/08\/Fil-001.jpeg?resize=750%2C563&amp;ssl=1 750w, https:\/\/i0.wp.com\/samhallsentreprenor.glokala.net\/she2\/wp-content\/uploads\/2017\/08\/Fil-001.jpeg?resize=2048%2C1536&amp;ssl=1 2048w, https:\/\/i0.wp.com\/samhallsentreprenor.glokala.net\/she2\/wp-content\/uploads\/2017\/08\/Fil-001.jpeg?w=3000&amp;ssl=1 3000w\" width=\"162\" height=\"121\" loading=\"lazy\" data-original-width=\"162\" data-original-height=\"121\" itemprop=\"http:\/\/schema.org\/image\" title=\"Fil 001\" alt=\"Framtidsfestivalen\" style=\"width: 162px; height: 121px;\" \/> <\/a> <div class=\"tiled-gallery-caption\" itemprop=\"caption description\"> Framtidsfestivalen <\/div> <\/div> <\/div> <!-- close group --> <\/div> <!-- close row --> <div class=\"gallery-row\" style=\"width: 500px; height: 376px;\" data-original-width=\"500\" data-original-height=\"376\" > <div class=\"gallery-group images-1\" style=\"width: 500px; height: 376px;\" data-original-width=\"500\" data-original-height=\"376\" > <div class=\"tiled-gallery-item tiled-gallery-item-large\" itemprop=\"associatedMedia\" itemscope itemtype=\"http:\/\/schema.org\/ImageObject\"> <a href=\"https:\/\/samhallsentreprenor.glokala.net\/she2\/kurstraff-i-malmo-16-17-sept\/fil-003\/\" border=\"0\" itemprop=\"url\"> <meta itemprop=\"width\" content=\"496\"> <meta itemprop=\"height\" content=\"372\"> <img decoding=\"async\" class=\"\" data-attachment-id=\"5453\" data-orig-file=\"https:\/\/samhallsentreprenor.glokala.net\/she2\/wp-content\/uploads\/2017\/08\/Fil-003.jpeg\" data-orig-size=\"3264,2448\" data-comments-opened=\"1\" data-image-meta=\"{&quot;aperture&quot;:&quot;2.2&quot;,&quot;credit&quot;:&quot;&quot;,&quot;camera&quot;:&quot;iPhone 6&quot;,&quot;caption&quot;:&quot;&quot;,&quot;created_timestamp&quot;:&quot;1505645793&quot;,&quot;copyright&quot;:&quot;&quot;,&quot;focal_length&quot;:&quot;4.15&quot;,&quot;iso&quot;:&quot;1600&quot;,&quot;shutter_speed&quot;:&quot;0.058823529411765&quot;,&quot;title&quot;:&quot;&quot;,&quot;orientation&quot;:&quot;1&quot;}\" data-image-title=\"Fil 003\" data-image-description=\"\" data-medium-file=\"https:\/\/i0.wp.com\/samhallsentreprenor.glokala.net\/she2\/wp-content\/uploads\/2017\/08\/Fil-003.jpeg?fit=400%2C300&#038;ssl=1\" data-large-file=\"https:\/\/i0.wp.com\/samhallsentreprenor.glokala.net\/she2\/wp-content\/uploads\/2017\/08\/Fil-003.jpeg?fit=1024%2C768&#038;ssl=1\" src=\"https:\/\/i0.wp.com\/samhallsentreprenor.glokala.net\/she2\/wp-content\/uploads\/2017\/08\/Fil-003.jpeg?w=496&#038;h=372&#038;ssl=1\" srcset=\"https:\/\/i0.wp.com\/samhallsentreprenor.glokala.net\/she2\/wp-content\/uploads\/2017\/08\/Fil-003.jpeg?w=3264&amp;ssl=1 3264w, https:\/\/i0.wp.com\/samhallsentreprenor.glokala.net\/she2\/wp-content\/uploads\/2017\/08\/Fil-003.jpeg?resize=400%2C300&amp;ssl=1 400w, https:\/\/i0.wp.com\/samhallsentreprenor.glokala.net\/she2\/wp-content\/uploads\/2017\/08\/Fil-003.jpeg?resize=768%2C576&amp;ssl=1 768w, https:\/\/i0.wp.com\/samhallsentreprenor.glokala.net\/she2\/wp-content\/uploads\/2017\/08\/Fil-003.jpeg?resize=1024%2C768&amp;ssl=1 1024w, https:\/\/i0.wp.com\/samhallsentreprenor.glokala.net\/she2\/wp-content\/uploads\/2017\/08\/Fil-003.jpeg?resize=624%2C468&amp;ssl=1 624w, https:\/\/i0.wp.com\/samhallsentreprenor.glokala.net\/she2\/wp-content\/uploads\/2017\/08\/Fil-003.jpeg?resize=750%2C563&amp;ssl=1 750w, https:\/\/i0.wp.com\/samhallsentreprenor.glokala.net\/she2\/wp-content\/uploads\/2017\/08\/Fil-003.jpeg?resize=2048%2C1536&amp;ssl=1 2048w, https:\/\/i0.wp.com\/samhallsentreprenor.glokala.net\/she2\/wp-content\/uploads\/2017\/08\/Fil-003.jpeg?w=3000&amp;ssl=1 3000w\" width=\"496\" height=\"372\" loading=\"lazy\" data-original-width=\"496\" data-original-height=\"372\" itemprop=\"http:\/\/schema.org\/image\" title=\"Fil 003\" alt=\"Framtidsfestivalen\" style=\"width: 496px; height: 372px;\" \/> <\/a> <div class=\"tiled-gallery-caption\" itemprop=\"caption description\"> Framtidsfestivalen <\/div> <\/div> <\/div> <!-- close group --> <\/div> <!-- close row --> <\/div>\n<p>&nbsp;<\/p>\n<p>Planering inf\u00f6r helgen:<\/p>\n<p>Under helgen kommer vi att l\u00e4ra k\u00e4nna varandra och f\u00e5 lufta v\u00e5ra projektid\u00e9er. Vi kommer \u00e4ven att planera f\u00f6r kursens inneh\u00e5ll och arbetsformer, f\u00f6r att gemensamt komma fram till en sp\u00e4nnande \u00e5rsplanering. Den st\u00f6rre delen av tiden kommer vi att delta i Framtidsfestivalens programpunkter.<\/p>\n<p>Tidsramarna \u00e4r:<br \/>\n<span style=\"font-size: 1rem;\">l\u00f6rdag 16 sept 11:30-18:00 och<br \/>\ns\u00f6ndag 17 sept 9:30-17:00<br \/>\nBeh\u00f6ver du g\u00e5 tidigare p\u00e5 s\u00f6ndagen f\u00f6r att hinna med ett t\u00e5g g\u00e5r det bra (meddela Emma eller Annika).\u00a0<\/span><\/p>\n<p>P\u00e5 l\u00f6rdagen bjuder vi p\u00e5 lunch och fika. P\u00e5 s\u00f6ndagen st\u00e5r var och en sj\u00e4lv f\u00f6r lunch och fika. I n\u00e4rheten av festivalen finns flera restaurangalternativ.<\/p>\n<p><strong>Resa<\/strong> till Malm\u00f6: F\u00f6r l\u00e4ngre resor ger vi ett st\u00f6d f\u00f6r kostnader upp till 750 kr, mot kvitto\/biljetter.<br \/>\n<strong>Boende:<\/strong> H\u00f6r av dig till oss om du beh\u00f6ver tips f\u00f6r \u00f6vernattning s\u00e5 \u00e5terkommer vi med n\u00e5gra vandrarhem som finns i n\u00e4rheten.<\/p>\n<p>Tveka inte att h\u00f6ra av dig om du undrar n\u00e5got inf\u00f6r helgen!<\/p>\n<h2>Program 16-17 september<\/h2>\n<h4>L\u00f6rdag 16 september, 11.30-18.00: Id\u00e9 till Action och kursplanering<\/h4>\n<p><img data-recalc-dims=\"1\" loading=\"lazy\" decoding=\"async\" class=\"alignright wp-image-5287\" src=\"https:\/\/i0.wp.com\/samhallsentreprenor.glokala.net\/she2\/wp-content\/uploads\/2017\/08\/Underverketprofile-375x400.jpg?resize=116%2C124\" alt=\"\" width=\"116\" height=\"124\" srcset=\"https:\/\/i0.wp.com\/samhallsentreprenor.glokala.net\/she2\/wp-content\/uploads\/2017\/08\/Underverketprofile.jpg?resize=375%2C400&amp;ssl=1 375w, https:\/\/i0.wp.com\/samhallsentreprenor.glokala.net\/she2\/wp-content\/uploads\/2017\/08\/Underverketprofile.jpg?resize=768%2C819&amp;ssl=1 768w, https:\/\/i0.wp.com\/samhallsentreprenor.glokala.net\/she2\/wp-content\/uploads\/2017\/08\/Underverketprofile.jpg?resize=960%2C1024&amp;ssl=1 960w, https:\/\/i0.wp.com\/samhallsentreprenor.glokala.net\/she2\/wp-content\/uploads\/2017\/08\/Underverketprofile.jpg?resize=624%2C666&amp;ssl=1 624w, https:\/\/i0.wp.com\/samhallsentreprenor.glokala.net\/she2\/wp-content\/uploads\/2017\/08\/Underverketprofile.jpg?resize=750%2C800&amp;ssl=1 750w, https:\/\/i0.wp.com\/samhallsentreprenor.glokala.net\/she2\/wp-content\/uploads\/2017\/08\/Underverketprofile.jpg?resize=1920%2C2048&amp;ssl=1 1920w, https:\/\/i0.wp.com\/samhallsentreprenor.glokala.net\/she2\/wp-content\/uploads\/2017\/08\/Underverketprofile.jpg?w=2000&amp;ssl=1 2000w\" sizes=\"auto, (max-width: 116px) 100vw, 116px\" \/><\/p>\n<p><span style=\"font-weight: 400;\"><strong>11:30-12:30\u00a0Hej, om kursen, id\u00e9er i gruppen\u00a0<\/strong><br \/>\n<\/span><span style=\"font-size: 1rem;\">Vi m\u00f6ts i Glokalas lokal\u00a0<a href=\"https:\/\/www.facebook.com\/groups\/1527036610877344\/?ref=ts&amp;fref=ts\" target=\"_blank\" rel=\"noopener\">Underverket<\/a>, Hasselgatan 8, k\u00e4llarv\u00e5ningen. Du hittar in via garagenedfarten i korsningenhasselgatan\/bokgatan. Karta:\u00a0<a href=\"https:\/\/goo.gl\/maps\/zMBTssj5rvv\" target=\"_blank\" rel=\"noopener\">https:\/\/goo.gl\/maps\/zMBTssj5rvv<\/a><\/span><\/p>\n<p><span style=\"font-weight: 400;\"><strong>12:30-13:15 Lunch i Sofielunds Kollektivhus<\/strong><br \/>\nVi \u00e4ter lunch tillsammans med Glokalas andra distanskurs <a href=\"http:\/\/tankesmedjan.glokala.net\/2017-2018\/\" target=\"_blank\" rel=\"noopener\">Glokala tankesmedjan<\/a><em>\u00a0<\/em>som ocks\u00e5 har kurstr\u00e4ff denna helg. Vi h\u00e5ller till i <a href=\"http:\/\/www.sofielundskollektivhus.se\/\" target=\"_blank\" rel=\"noopener\">Sofielunds kollektivhus<\/a> matsal: Sofielundsv\u00e4gen 71.\u00a0<\/span><\/p>\n<p><span style=\"font-weight: 400;\"><strong>13:15 &#8211; 14:30 Kursplanering<\/strong><br \/>\n<\/span>Gemensam brainstorming kring kursens inneh\u00e5ll, form och uppl\u00e4gg. Vi presenterar f\u00f6rslag p\u00e5 ramar. Kom f\u00f6rberedd med id\u00e9er p\u00e5 vad du vill att \u00e5ret ska inneh\u00e5lla och hur du b\u00e4st tar till dig nya l\u00e4rdomar.<\/p>\n<p><strong>14:30-15:00 Paus<br \/>\n<\/strong>Vi tar paus och g\u00e5r tillbaka till Underverket.<\/p>\n<p><span style=\"font-weight: 400;\"><strong>15:00-18:00 Id\u00e9 till Action<br \/>\n<\/strong><\/span><span style=\"font-size: 1rem;\">Tillsammans med deltagarna i kursen Glokala Tankesmedjan och andra framtidsfestivalbes\u00f6kare deltar vi i workshopen <em>Id\u00e9 till Action<\/em>. Workshopen \u00e4r t\u00e4nkt att ge energi, inspiration och uppslag p\u00e5 metoder att n\u00e5 ut med ett budskap. Vi jobbar i grupper. Fikapaus ing\u00e5r.\u00a0<\/span><\/p>\n<blockquote>\n<div><i>Har du en id\u00e9 eller en \u00e5sikt som du vill n\u00e5 ut med? Kom\u00a0<span class=\"il\">till<\/span>\u00a0workshopen d\u00e4r vi genom energifyllda metoder snabbt leder dig fr\u00e5n id\u00e9\u00a0<span class=\"il\">till<\/span>\u00a0verklig handling och spridning av ditt budskap.\u00a0<\/i><\/div>\n<div><i>\u00a0<\/i><\/div>\n<div><i>Vi startar med en gemensam id\u00e9verkstad f\u00f6r att sedan g\u00e5 ut i verkligheten med v\u00e5ra budskap. Workshopen kr\u00e4ver ingen f\u00f6rberedelse eller f\u00f6rkunskap &#8211; vi jobbar tillsammans med id\u00e9erna.<\/i><\/div>\n<div><img data-recalc-dims=\"1\" loading=\"lazy\" decoding=\"async\" class=\" wp-image-5281 aligncenter\" src=\"https:\/\/i0.wp.com\/samhallsentreprenor.glokala.net\/she2\/wp-content\/uploads\/2017\/08\/IDE-TILL-ACTION-ikon2-400x180.png?resize=258%2C116\" alt=\"\" width=\"258\" height=\"116\" srcset=\"https:\/\/i0.wp.com\/samhallsentreprenor.glokala.net\/she2\/wp-content\/uploads\/2017\/08\/IDE-TILL-ACTION-ikon2.png?resize=400%2C180&amp;ssl=1 400w, https:\/\/i0.wp.com\/samhallsentreprenor.glokala.net\/she2\/wp-content\/uploads\/2017\/08\/IDE-TILL-ACTION-ikon2.png?resize=624%2C282&amp;ssl=1 624w, https:\/\/i0.wp.com\/samhallsentreprenor.glokala.net\/she2\/wp-content\/uploads\/2017\/08\/IDE-TILL-ACTION-ikon2.png?w=665&amp;ssl=1 665w\" sizes=\"auto, (max-width: 258px) 100vw, 258px\" \/><\/div>\n<\/blockquote>\n<p><strong style=\"font-size: 1rem;\">P\u00e5 l\u00f6rdagen bjuder skolan p\u00e5 lunch och fika.<br \/>\n<\/strong><\/p>\n<h4>S\u00f6ndagen 17 sept, 9.30-17.00: Framtidsfestivalen<\/h4>\n<p><span style=\"font-weight: 400;\"><strong>9:30 Samling i Folkets park<\/strong>, utanf\u00f6r Moriska paviljongen<br \/>\nKarta:\u00a0<a href=\"https:\/\/goo.gl\/maps\/UxhMaeYVqvn\" target=\"_blank\" rel=\"noopener\">https:\/\/goo.gl\/maps\/UxhMaeYVqvn<\/a><\/span><\/p>\n<p><span style=\"font-weight: 400;\"><strong>10:00-17:00 Framtidsfestivalen<\/strong><br \/>\nVi deltar i <a href=\"http:\/\/framtidsfestivalen.se\/\" target=\"_blank\" rel=\"noopener\">Framtidsfestivalen<\/a>s program i Folkets park. Du v\u00e4ljer sj\u00e4lv vilken av de parallella programpunkterna du vill g\u00e5 p\u00e5.<\/span><\/p>\n<p><span style=\"font-weight: 400;\">Programmet \u00e4r nu sl\u00e4ppt och h\u00e4r hittar du <a href=\"https:\/\/static1.squarespace.com\/static\/589cc3ea197aea0ba4b42ef4\/t\/59ad5142d55b41db66c92ea5\/1504530760648\/Framtidsfestivalen+2017+program.pdf\" target=\"_blank\" rel=\"noopener\">Framtidsfestivalens programmet f\u00f6r hela veckan<\/a>.\u00a0<\/span><\/p>\n<p><strong>S\u00f6ndagens program<\/strong> ser du h\u00e4r nedan. H\u00e4r hittar du <a href=\"https:\/\/framtidsfestivalen.se\/program-sndag\" target=\"_blank\" rel=\"noopener\">s\u00f6ndagens programpunkter beskrivna.<\/a><br \/>\n<img data-recalc-dims=\"1\" loading=\"lazy\" decoding=\"async\" class=\" wp-image-5390 aligncenter\" src=\"https:\/\/i0.wp.com\/samhallsentreprenor.glokala.net\/she2\/wp-content\/uploads\/2017\/08\/Ska%CC%88rmavbild-2017-09-06-kl.-11.30.21-400x241.png?resize=734%2C442\" alt=\"\" width=\"734\" height=\"442\" srcset=\"https:\/\/i0.wp.com\/samhallsentreprenor.glokala.net\/she2\/wp-content\/uploads\/2017\/08\/Ska%CC%88rmavbild-2017-09-06-kl.-11.30.21.png?resize=400%2C241&amp;ssl=1 400w, https:\/\/i0.wp.com\/samhallsentreprenor.glokala.net\/she2\/wp-content\/uploads\/2017\/08\/Ska%CC%88rmavbild-2017-09-06-kl.-11.30.21.png?resize=768%2C463&amp;ssl=1 768w, https:\/\/i0.wp.com\/samhallsentreprenor.glokala.net\/she2\/wp-content\/uploads\/2017\/08\/Ska%CC%88rmavbild-2017-09-06-kl.-11.30.21.png?resize=1024%2C618&amp;ssl=1 1024w, https:\/\/i0.wp.com\/samhallsentreprenor.glokala.net\/she2\/wp-content\/uploads\/2017\/08\/Ska%CC%88rmavbild-2017-09-06-kl.-11.30.21.png?resize=624%2C377&amp;ssl=1 624w, https:\/\/i0.wp.com\/samhallsentreprenor.glokala.net\/she2\/wp-content\/uploads\/2017\/08\/Ska%CC%88rmavbild-2017-09-06-kl.-11.30.21.png?resize=750%2C453&amp;ssl=1 750w, https:\/\/i0.wp.com\/samhallsentreprenor.glokala.net\/she2\/wp-content\/uploads\/2017\/08\/Ska%CC%88rmavbild-2017-09-06-kl.-11.30.21.png?w=1127&amp;ssl=1 1127w\" sizes=\"auto, (max-width: 734px) 100vw, 734px\" \/><\/p>\n<p><strong>P\u00e5 s\u00f6ndagen st\u00e5r du sj\u00e4lv f\u00f6r lunch. Flera restaurangm\u00f6jligheter finns i parken och i n\u00e4rheten.<\/strong><\/p>\n<p><a href=\"http:\/\/framtidsfestivalen.se\/\" target=\"_blank\" rel=\"noopener\"><img data-recalc-dims=\"1\" loading=\"lazy\" decoding=\"async\" class=\" wp-image-5286 aligncenter\" src=\"https:\/\/i0.wp.com\/samhallsentreprenor.glokala.net\/she2\/wp-content\/uploads\/2017\/08\/Ska%CC%88rmavbild-2017-08-15-kl.-14.14.10-400x149.png?resize=476%2C177\" alt=\"\" width=\"476\" height=\"177\" srcset=\"https:\/\/i0.wp.com\/samhallsentreprenor.glokala.net\/she2\/wp-content\/uploads\/2017\/08\/Ska%CC%88rmavbild-2017-08-15-kl.-14.14.10.png?resize=400%2C149&amp;ssl=1 400w, https:\/\/i0.wp.com\/samhallsentreprenor.glokala.net\/she2\/wp-content\/uploads\/2017\/08\/Ska%CC%88rmavbild-2017-08-15-kl.-14.14.10.png?resize=768%2C286&amp;ssl=1 768w, https:\/\/i0.wp.com\/samhallsentreprenor.glokala.net\/she2\/wp-content\/uploads\/2017\/08\/Ska%CC%88rmavbild-2017-08-15-kl.-14.14.10.png?resize=624%2C233&amp;ssl=1 624w, https:\/\/i0.wp.com\/samhallsentreprenor.glokala.net\/she2\/wp-content\/uploads\/2017\/08\/Ska%CC%88rmavbild-2017-08-15-kl.-14.14.10.png?resize=750%2C280&amp;ssl=1 750w, https:\/\/i0.wp.com\/samhallsentreprenor.glokala.net\/she2\/wp-content\/uploads\/2017\/08\/Ska%CC%88rmavbild-2017-08-15-kl.-14.14.10.png?w=968&amp;ssl=1 968w\" sizes=\"auto, (max-width: 476px) 100vw, 476px\" \/><\/a><\/p>\n","protected":false},"excerpt":{"rendered":"<p>Hej! Helgen 16-17 september s\u00e5gs n\u00e5gra av oss i Malm\u00f6. Vi sp\u00e5nade och planerade inf\u00f6r kurs\u00e5ret, diskuterade projektid\u00e9er, \u00e5t god mat och bes\u00f6kte Sofielunds Kollektivhus. P\u00e5 l\u00f6rdagen deltog vi \u00e4ven i workshopen &#8221;Id\u00e9 till action!&#8221; som resulterade i spridande av olika budskap p\u00e5 Malm\u00f6s gator (vilket var ov\u00e4ntat roligt!). Och p\u00e5 s\u00f6ndagen deltog vi p\u00e5 [&hellip;]<\/p>\n","protected":false},"author":1001020,"featured_media":0,"parent":0,"menu_order":0,"comment_status":"open","ping_status":"closed","template":"","meta":{"_bbp_topic_count":0,"_bbp_reply_count":0,"_bbp_total_topic_count":0,"_bbp_total_reply_count":0,"_bbp_voice_count":0,"_bbp_anonymous_reply_count":0,"_bbp_topic_count_hidden":0,"_bbp_reply_count_hidden":0,"_bbp_forum_subforum_count":0,"footnotes":""},"class_list":["post-5284","page","type-page","status-publish","hentry"],"jetpack_sharing_enabled":true,"_links":{"self":[{"href":"https:\/\/samhallsentreprenor.glokala.net\/she2\/wp-json\/wp\/v2\/pages\/5284","targetHints":{"allow":["GET"]}}],"collection":[{"href":"https:\/\/samhallsentreprenor.glokala.net\/she2\/wp-json\/wp\/v2\/pages"}],"about":[{"href":"https:\/\/samhallsentreprenor.glokala.net\/she2\/wp-json\/wp\/v2\/types\/page"}],"author":[{"embeddable":true,"href":"https:\/\/samhallsentreprenor.glokala.net\/she2\/wp-json\/wp\/v2\/users\/1001020"}],"replies":[{"embeddable":true,"href":"https:\/\/samhallsentreprenor.glokala.net\/she2\/wp-json\/wp\/v2\/comments?post=5284"}],"version-history":[{"count":11,"href":"https:\/\/samhallsentreprenor.glokala.net\/she2\/wp-json\/wp\/v2\/pages\/5284\/revisions"}],"predecessor-version":[{"id":5468,"href":"https:\/\/samhallsentreprenor.glokala.net\/she2\/wp-json\/wp\/v2\/pages\/5284\/revisions\/5468"}],"wp:attachment":[{"href":"https:\/\/samhallsentreprenor.glokala.net\/she2\/wp-json\/wp\/v2\/media?parent=5284"}],"curies":[{"name":"wp","href":"https:\/\/api.w.org\/{rel}","templated":true}]}}